{"id":937,"date":"2023-10-10T10:44:20","date_gmt":"2023-10-10T14:44:20","guid":{"rendered":"https:\/\/foyerdecaridad.cl\/site\/?page_id=937"},"modified":"2024-10-30T11:04:42","modified_gmt":"2024-10-30T15:04:42","slug":"editorial","status":"publish","type":"page","link":"https:\/\/foyerdecaridad.cl\/site\/editorial\/","title":{"rendered":"EDITORIAL"},"content":{"rendered":"\n<h2 class=\"wp-block-heading\">EDITORIAL<\/h2>\n\n\n\n<div style=\"height:50px\" aria-hidden=\"true\" class=\"wp-block-spacer\"><\/div>\n\n\n\n<ul class=\"wp-block-list\">\n<li style=\"text-transform:uppercase\" class=\"has-medium-font-size\"><strong>Libros de Catequesis<\/strong><\/li>\n<\/ul>\n\n\n\n<div style=\"height:50px\" aria-hidden=\"true\" class=\"wp-block-spacer\"><\/div>\n\n\n\n<div class=\"wp-block-columns is-layout-flex wp-container-core-columns-is-layout-9d6595d7 wp-block-columns-is-layout-flex\">\n<div class=\"wp-block-column is-layout-flow wp-block-column-is-layout-flow\"><div class=\"wp-block-image\">\n<figure class=\"aligncenter size-full is-resized\"><img data-recalc-dims=\"1\" loading=\"lazy\" decoding=\"async\" width=\"109\" height=\"161\" src=\"https:\/\/i0.wp.com\/foyerdecaridad.cl\/site\/wp-content\/uploads\/2023\/11\/Captura-de-pantalla-2023-11-07-a-las-08.30.17.png?resize=109%2C161&#038;ssl=1\" alt=\"\" class=\"wp-image-963\" style=\"aspect-ratio:0.6770186335403726;width:106px;height:auto\"\/><figcaption class=\"wp-element-caption\">Para Vivir con Nuestro Padre del Cielo (ni\u00f1os 1er a\u00f1o)<\/figcaption><\/figure>\n<\/div><\/div>\n\n\n\n<div class=\"wp-block-column is-layout-flow wp-block-column-is-layout-flow\"><div class=\"wp-block-image\">\n<figure class=\"aligncenter size-full\"><img data-recalc-dims=\"1\" loading=\"lazy\" decoding=\"async\" width=\"104\" height=\"158\" src=\"https:\/\/i0.wp.com\/foyerdecaridad.cl\/site\/wp-content\/uploads\/2023\/11\/Captura-de-pantalla-2023-11-07-a-las-08.39.36.png?resize=104%2C158&#038;ssl=1\" alt=\"\" class=\"wp-image-972\"\/><figcaption class=\"wp-element-caption\">Cuaderno de Profundizaci\u00f3n (ni\u00f1os 2do a\u00f1o)<\/figcaption><\/figure>\n<\/div><\/div>\n\n\n\n<div class=\"wp-block-column is-layout-flow wp-block-column-is-layout-flow\"><div class=\"wp-block-image\">\n<figure class=\"aligncenter size-full\"><img data-recalc-dims=\"1\" loading=\"lazy\" decoding=\"async\" width=\"102\" height=\"161\" src=\"https:\/\/i0.wp.com\/foyerdecaridad.cl\/site\/wp-content\/uploads\/2023\/11\/Captura-de-pantalla-2023-11-07-a-las-08.40.19.png?resize=102%2C161&#038;ssl=1\" alt=\"\" class=\"wp-image-973\"\/><figcaption class=\"wp-element-caption\">Nuestro Padre del Cielo: Padres y Monitores<\/figcaption><\/figure>\n<\/div><\/div>\n<\/div>\n\n\n\n<div class=\"wp-block-columns is-layout-flex wp-container-core-columns-is-layout-9d6595d7 wp-block-columns-is-layout-flex\">\n<div class=\"wp-block-column is-layout-flow wp-block-column-is-layout-flow\"><div class=\"wp-block-image\">\n<figure class=\"aligncenter size-full is-resized\"><img data-recalc-dims=\"1\" loading=\"lazy\" decoding=\"async\" width=\"106\" height=\"163\" src=\"https:\/\/i0.wp.com\/foyerdecaridad.cl\/site\/wp-content\/uploads\/2023\/11\/Captura-de-pantalla-2023-11-07-a-las-09.01.25.png?resize=106%2C163&#038;ssl=1\" alt=\"\" class=\"wp-image-984\" style=\"aspect-ratio:0.6770186335403726;width:106px;height:auto\"\/><figcaption class=\"wp-element-caption\">Ilumina mi Vida: Manual de Doctrina (Gu\u00edas)<\/figcaption><\/figure>\n<\/div><\/div>\n\n\n\n<div class=\"wp-block-column is-layout-flow wp-block-column-is-layout-flow\"><div class=\"wp-block-image\">\n<figure class=\"aligncenter size-full\"><img data-recalc-dims=\"1\" loading=\"lazy\" decoding=\"async\" width=\"103\" height=\"81\" src=\"https:\/\/i0.wp.com\/foyerdecaridad.cl\/site\/wp-content\/uploads\/2023\/11\/Captura-de-pantalla-2023-11-07-a-las-09.02.28.png?resize=103%2C81&#038;ssl=1\" alt=\"\" class=\"wp-image-985\"\/><figcaption class=\"wp-element-caption\">H\u00e1blame de Jes\u00fas (4-7 a\u00f1os para pintar)<\/figcaption><\/figure>\n<\/div><\/div>\n\n\n\n<div class=\"wp-block-column is-layout-flow wp-block-column-is-layout-flow\"><div class=\"wp-block-image\">\n<figure class=\"aligncenter size-full\"><img data-recalc-dims=\"1\" loading=\"lazy\" decoding=\"async\" width=\"103\" height=\"159\" src=\"https:\/\/i0.wp.com\/foyerdecaridad.cl\/site\/wp-content\/uploads\/2023\/11\/Captura-de-pantalla-2023-11-07-a-las-09.03.05.png?resize=103%2C159&#038;ssl=1\" alt=\"\" class=\"wp-image-986\"\/><figcaption class=\"wp-element-caption\">El Bautismo<\/figcaption><\/figure>\n<\/div><\/div>\n<\/div>\n\n\n\n<div class=\"wp-block-columns is-layout-flex wp-container-core-columns-is-layout-9d6595d7 wp-block-columns-is-layout-flex\">\n<div class=\"wp-block-column is-layout-flow wp-block-column-is-layout-flow\"><div class=\"wp-block-image\">\n<figure class=\"aligncenter size-full is-resized\"><img data-recalc-dims=\"1\" loading=\"lazy\" decoding=\"async\" width=\"102\" height=\"160\" src=\"https:\/\/i0.wp.com\/foyerdecaridad.cl\/site\/wp-content\/uploads\/2023\/11\/Captura-de-pantalla-2023-11-07-a-las-09.05.08.png?resize=102%2C160&#038;ssl=1\" alt=\"\" class=\"wp-image-989\" style=\"aspect-ratio:0.6770186335403726;width:106px;height:auto\"\/><figcaption class=\"wp-element-caption\">Resumen Nuevo Catecismo Cat\u00f3lico<\/figcaption><\/figure>\n<\/div><\/div>\n\n\n\n<div class=\"wp-block-column is-layout-flow wp-block-column-is-layout-flow\"><div class=\"wp-block-image\">\n<figure class=\"aligncenter size-full\"><img data-recalc-dims=\"1\" loading=\"lazy\" decoding=\"async\" width=\"107\" height=\"157\" src=\"https:\/\/i0.wp.com\/foyerdecaridad.cl\/site\/wp-content\/uploads\/2023\/11\/Captura-de-pantalla-2023-11-07-a-las-09.05.47.png?resize=107%2C157&#038;ssl=1\" alt=\"\" class=\"wp-image-990\"\/><figcaption class=\"wp-element-caption\">La Verdadera Grandeza y Dignidad de la Mujer<\/figcaption><\/figure>\n<\/div><\/div>\n\n\n\n<div class=\"wp-block-column is-layout-flow wp-block-column-is-layout-flow\"><\/div>\n<\/div>\n\n\n\n<div style=\"height:50px\" aria-hidden=\"true\" class=\"wp-block-spacer\"><\/div>\n\n\n\n<ul style=\"text-transform:uppercase\" class=\"wp-block-list\">\n<li class=\"has-medium-font-size\"><strong>Libros Marianos<\/strong><\/li>\n<\/ul>\n\n\n\n<div style=\"height:50px\" aria-hidden=\"true\" class=\"wp-block-spacer\"><\/div>\n\n\n\n<div class=\"wp-block-columns is-layout-flex wp-container-core-columns-is-layout-9d6595d7 wp-block-columns-is-layout-flex\">\n<div class=\"wp-block-column is-layout-flow wp-block-column-is-layout-flow\"><div class=\"wp-block-image\">\n<figure class=\"aligncenter size-full\"><img data-recalc-dims=\"1\" loading=\"lazy\" decoding=\"async\" width=\"92\" height=\"61\" src=\"https:\/\/i0.wp.com\/foyerdecaridad.cl\/site\/wp-content\/uploads\/2023\/11\/Captura-de-pantalla-2023-11-08-a-las-08.57.33.png?resize=92%2C61&#038;ssl=1\" alt=\"\" class=\"wp-image-1009\" style=\"aspect-ratio:0.6770186335403726;object-fit:contain\"\/><figcaption class=\"wp-element-caption\">La Toda Hermosa &#8211; Vida de Mar\u00eda<br>&nbsp;<\/figcaption><\/figure>\n<\/div><\/div>\n\n\n\n<div class=\"wp-block-column is-layout-flow wp-block-column-is-layout-flow\"><div class=\"wp-block-image\">\n<figure class=\"aligncenter size-full\"><img data-recalc-dims=\"1\" loading=\"lazy\" decoding=\"async\" width=\"106\" height=\"139\" src=\"https:\/\/i0.wp.com\/foyerdecaridad.cl\/site\/wp-content\/uploads\/2023\/11\/Captura-de-pantalla-2023-11-08-a-las-08.59.04.png?resize=106%2C139&#038;ssl=1\" alt=\"\" class=\"wp-image-1012\"\/><figcaption class=\"wp-element-caption\">Fiat &#8211; La Divina Voluntad<\/figcaption><\/figure>\n<\/div><\/div>\n\n\n\n<div class=\"wp-block-column is-layout-flow wp-block-column-is-layout-flow\"><div class=\"wp-block-image\">\n<figure class=\"aligncenter size-full\"><img data-recalc-dims=\"1\" loading=\"lazy\" decoding=\"async\" width=\"103\" height=\"166\" src=\"https:\/\/i0.wp.com\/foyerdecaridad.cl\/site\/wp-content\/uploads\/2023\/11\/Captura-de-pantalla-2023-11-08-a-las-08.59.50.png?resize=103%2C166&#038;ssl=1\" alt=\"\" class=\"wp-image-1013\"\/><figcaption class=\"wp-element-caption\">El Rosario Meditado Tomo I<\/figcaption><\/figure>\n<\/div><\/div>\n<\/div>\n\n\n\n<div class=\"wp-block-columns is-layout-flex wp-container-core-columns-is-layout-9d6595d7 wp-block-columns-is-layout-flex\">\n<div class=\"wp-block-column is-layout-flow wp-block-column-is-layout-flow\"><div class=\"wp-block-image\">\n<figure class=\"aligncenter size-full\"><img data-recalc-dims=\"1\" loading=\"lazy\" decoding=\"async\" width=\"110\" height=\"166\" src=\"https:\/\/i0.wp.com\/foyerdecaridad.cl\/site\/wp-content\/uploads\/2023\/11\/Captura-de-pantalla-2023-11-08-a-las-09.00.59.png?resize=110%2C166&#038;ssl=1\" alt=\"\" class=\"wp-image-1015\" style=\"aspect-ratio:0.6770186335403726;object-fit:contain\"\/><figcaption class=\"wp-element-caption\">El Rosario Meditado Tomo II<\/figcaption><\/figure>\n<\/div><\/div>\n\n\n\n<div class=\"wp-block-column is-layout-flow wp-block-column-is-layout-flow\"><div class=\"wp-block-image\">\n<figure class=\"aligncenter size-full\"><img data-recalc-dims=\"1\" loading=\"lazy\" decoding=\"async\" width=\"102\" height=\"161\" src=\"https:\/\/i0.wp.com\/foyerdecaridad.cl\/site\/wp-content\/uploads\/2023\/11\/Captura-de-pantalla-2023-11-08-a-las-09.01.29.png?resize=102%2C161&#038;ssl=1\" alt=\"\" class=\"wp-image-1017\"\/><figcaption class=\"wp-element-caption\">El Rosario Meditado Tomo III<\/figcaption><\/figure>\n<\/div><\/div>\n\n\n\n<div class=\"wp-block-column is-layout-flow wp-block-column-is-layout-flow\"><div class=\"wp-block-image\">\n<figure class=\"aligncenter size-full\"><img data-recalc-dims=\"1\" loading=\"lazy\" decoding=\"async\" width=\"102\" height=\"161\" src=\"https:\/\/i0.wp.com\/foyerdecaridad.cl\/site\/wp-content\/uploads\/2023\/11\/Captura-de-pantalla-2023-11-08-a-las-09.01.59.png?resize=102%2C161&#038;ssl=1\" alt=\"\" class=\"wp-image-1018\"\/><figcaption class=\"wp-element-caption\">Rosario Peque\u00f1os Misioneros (para ni\u00f1os)<br>(en espa\u00f1ol, ingl\u00e9s, franc\u00e9s, alem\u00e1n, italiano, ruso, portugu\u00e9s, taiwan\u00e9s)<\/figcaption><\/figure>\n<\/div><\/div>\n<\/div>\n\n\n\n<div class=\"wp-block-columns is-layout-flex wp-container-core-columns-is-layout-9d6595d7 wp-block-columns-is-layout-flex\">\n<div class=\"wp-block-column is-layout-flow wp-block-column-is-layout-flow\"><div class=\"wp-block-image\">\n<figure class=\"aligncenter size-full is-resized\"><img data-recalc-dims=\"1\" loading=\"lazy\" decoding=\"async\" width=\"54\" height=\"99\" src=\"https:\/\/i0.wp.com\/foyerdecaridad.cl\/site\/wp-content\/uploads\/2023\/11\/Captura-de-pantalla-2023-11-08-a-las-09.03.06.png?resize=54%2C99&#038;ssl=1\" alt=\"\" class=\"wp-image-1020\" style=\"aspect-ratio:0.6770186335403726;object-fit:contain;width:114px;height:auto\"\/><figcaption class=\"wp-element-caption\">Comentarios del Rosario con los 4 Misterios<\/figcaption><\/figure>\n<\/div><\/div>\n\n\n\n<div class=\"wp-block-column is-layout-flow wp-block-column-is-layout-flow\"><div class=\"wp-block-image\">\n<figure class=\"aligncenter size-full\"><img data-recalc-dims=\"1\" loading=\"lazy\" decoding=\"async\" width=\"106\" height=\"158\" src=\"https:\/\/i0.wp.com\/foyerdecaridad.cl\/site\/wp-content\/uploads\/2023\/11\/Captura-de-pantalla-2023-11-08-a-las-09.04.35.png?resize=106%2C158&#038;ssl=1\" alt=\"\" class=\"wp-image-1022\"\/><figcaption class=\"wp-element-caption\">La Sabidur\u00eda Eterna (Luis Mar\u00eda de Montfort)<\/figcaption><\/figure>\n<\/div><\/div>\n\n\n\n<div class=\"wp-block-column is-layout-flow wp-block-column-is-layout-flow\"><div class=\"wp-block-image\">\n<figure class=\"aligncenter size-full\"><img data-recalc-dims=\"1\" loading=\"lazy\" decoding=\"async\" width=\"99\" height=\"158\" src=\"https:\/\/i0.wp.com\/foyerdecaridad.cl\/site\/wp-content\/uploads\/2023\/11\/Captura-de-pantalla-2023-11-08-a-las-09.05.10.png?resize=99%2C158&#038;ssl=1\" alt=\"\" class=\"wp-image-1023\"\/><figcaption class=\"wp-element-caption\">Tratado Verdadera Devoci\u00f3n<\/figcaption><\/figure>\n<\/div><\/div>\n<\/div>\n\n\n\n<div class=\"wp-block-columns is-layout-flex wp-container-core-columns-is-layout-9d6595d7 wp-block-columns-is-layout-flex\">\n<div class=\"wp-block-column is-layout-flow wp-block-column-is-layout-flow\"><div class=\"wp-block-image\">\n<figure class=\"aligncenter size-full is-resized\"><img data-recalc-dims=\"1\" loading=\"lazy\" decoding=\"async\" width=\"105\" height=\"162\" src=\"https:\/\/i0.wp.com\/foyerdecaridad.cl\/site\/wp-content\/uploads\/2023\/11\/Captura-de-pantalla-2023-11-08-a-las-09.06.17.png?resize=105%2C162&#038;ssl=1\" alt=\"\" class=\"wp-image-1025\" style=\"aspect-ratio:0.6770186335403726;object-fit:contain;width:114px;height:auto\"\/><figcaption class=\"wp-element-caption\">Secreto Admirable del Sto. Rosario<\/figcaption><\/figure>\n<\/div><\/div>\n\n\n\n<div class=\"wp-block-column is-layout-flow wp-block-column-is-layout-flow\"><div class=\"wp-block-image\">\n<figure class=\"aligncenter size-full\"><img data-recalc-dims=\"1\" loading=\"lazy\" decoding=\"async\" width=\"113\" height=\"159\" src=\"https:\/\/i0.wp.com\/foyerdecaridad.cl\/site\/wp-content\/uploads\/2023\/11\/Captura-de-pantalla-2023-11-08-a-las-09.07.40.png?resize=113%2C159&#038;ssl=1\" alt=\"\" class=\"wp-image-1027\"\/><figcaption class=\"wp-element-caption\">El Secreto de Mar\u00eda<\/figcaption><\/figure>\n<\/div><\/div>\n\n\n\n<div class=\"wp-block-column is-layout-flow wp-block-column-is-layout-flow\"><div class=\"wp-block-image\">\n<figure class=\"aligncenter size-full\"><img data-recalc-dims=\"1\" loading=\"lazy\" decoding=\"async\" width=\"106\" height=\"165\" src=\"https:\/\/i0.wp.com\/foyerdecaridad.cl\/site\/wp-content\/uploads\/2023\/11\/Captura-de-pantalla-2023-11-08-a-las-09.08.08.png?resize=106%2C165&#038;ssl=1\" alt=\"\" class=\"wp-image-1028\"\/><figcaption class=\"wp-element-caption\">Las Glorias de Mar\u00eda Tomo I &#8211; 124 p\u00e1ginas Tama\u00f1o 21&#215;13 cm<\/figcaption><\/figure>\n<\/div><\/div>\n<\/div>\n\n\n\n<div class=\"wp-block-columns is-layout-flex wp-container-core-columns-is-layout-9d6595d7 wp-block-columns-is-layout-flex\">\n<div class=\"wp-block-column is-layout-flow wp-block-column-is-layout-flow\"><div class=\"wp-block-image\">\n<figure class=\"aligncenter size-full is-resized\"><img data-recalc-dims=\"1\" loading=\"lazy\" decoding=\"async\" width=\"104\" height=\"158\" src=\"https:\/\/i0.wp.com\/foyerdecaridad.cl\/site\/wp-content\/uploads\/2023\/11\/Captura-de-pantalla-2023-11-08-a-las-09.09.32.png?resize=104%2C158&#038;ssl=1\" alt=\"\" class=\"wp-image-1031\" style=\"aspect-ratio:0.6770186335403726;object-fit:contain;width:114px;height:auto\"\/><figcaption class=\"wp-element-caption\">Las Glorias de Mar\u00eda Tomo II &#8211; 128 p\u00e1ginas Tama\u00f1o 21&#215;13 cm<\/figcaption><\/figure>\n<\/div><\/div>\n\n\n\n<div class=\"wp-block-column is-layout-flow wp-block-column-is-layout-flow\"><div class=\"wp-block-image\">\n<figure class=\"aligncenter size-full\"><img data-recalc-dims=\"1\" loading=\"lazy\" decoding=\"async\" width=\"106\" height=\"152\" src=\"https:\/\/i0.wp.com\/foyerdecaridad.cl\/site\/wp-content\/uploads\/2023\/11\/Captura-de-pantalla-2023-11-08-a-las-09.10.05.png?resize=106%2C152&#038;ssl=1\" alt=\"\" class=\"wp-image-1032\"\/><figcaption class=\"wp-element-caption\">Un A\u00f1o con Mar\u00eda<\/figcaption><\/figure>\n<\/div><\/div>\n\n\n\n<div class=\"wp-block-column is-layout-flow wp-block-column-is-layout-flow\"><div class=\"wp-block-image\">\n<figure class=\"aligncenter size-full\"><img data-recalc-dims=\"1\" loading=\"lazy\" decoding=\"async\" width=\"104\" height=\"163\" src=\"https:\/\/i0.wp.com\/foyerdecaridad.cl\/site\/wp-content\/uploads\/2023\/11\/Captura-de-pantalla-2023-11-08-a-las-09.10.33.png?resize=104%2C163&#038;ssl=1\" alt=\"\" class=\"wp-image-1033\"\/><figcaption class=\"wp-element-caption\">Mensajes de la Virgen Mar\u00eda al Mundo<\/figcaption><\/figure>\n<\/div><\/div>\n<\/div>\n\n\n\n<div class=\"wp-block-columns is-layout-flex wp-container-core-columns-is-layout-9d6595d7 wp-block-columns-is-layout-flex\">\n<div class=\"wp-block-column is-layout-flow wp-block-column-is-layout-flow\"><div class=\"wp-block-image\">\n<figure class=\"aligncenter size-full is-resized\"><img data-recalc-dims=\"1\" loading=\"lazy\" decoding=\"async\" width=\"113\" height=\"164\" src=\"https:\/\/i0.wp.com\/foyerdecaridad.cl\/site\/wp-content\/uploads\/2023\/11\/Captura-de-pantalla-2023-11-08-a-las-09.11.20.png?resize=113%2C164&#038;ssl=1\" alt=\"\" class=\"wp-image-1037\" style=\"aspect-ratio:0.6770186335403726;object-fit:contain;width:114px;height:auto\"\/><figcaption class=\"wp-element-caption\">Medjugorge &#8211; El Triunfo del Coraz\u00f3n. Sor Emmanuel Maillard<\/figcaption><\/figure>\n<\/div><\/div>\n\n\n\n<div class=\"wp-block-column is-layout-flow wp-block-column-is-layout-flow\"><div class=\"wp-block-image\">\n<figure class=\"aligncenter size-full\"><img data-recalc-dims=\"1\" loading=\"lazy\" decoding=\"async\" width=\"105\" height=\"155\" src=\"https:\/\/i0.wp.com\/foyerdecaridad.cl\/site\/wp-content\/uploads\/2023\/11\/Captura-de-pantalla-2023-11-08-a-las-09.28.22.png?resize=105%2C155&#038;ssl=1\" alt=\"\" class=\"wp-image-1038\"\/><figcaption class=\"wp-element-caption\">Mar\u00eda Madre y Maestra<\/figcaption><\/figure>\n<\/div><\/div>\n\n\n\n<div class=\"wp-block-column is-layout-flow wp-block-column-is-layout-flow\"><div class=\"wp-block-image\">\n<figure class=\"aligncenter size-full\"><img data-recalc-dims=\"1\" loading=\"lazy\" decoding=\"async\" width=\"105\" height=\"161\" src=\"https:\/\/i0.wp.com\/foyerdecaridad.cl\/site\/wp-content\/uploads\/2023\/11\/Captura-de-pantalla-2023-11-08-a-las-09.28.53.png?resize=105%2C161&#038;ssl=1\" alt=\"\" class=\"wp-image-1039\"\/><figcaption class=\"wp-element-caption\">Mar\u00eda Reina y Madre<\/figcaption><\/figure>\n<\/div><\/div>\n<\/div>\n\n\n\n<div class=\"wp-block-columns is-layout-flex wp-container-core-columns-is-layout-9d6595d7 wp-block-columns-is-layout-flex\">\n<div class=\"wp-block-column is-layout-flow wp-block-column-is-layout-flow\"><div class=\"wp-block-image\">\n<figure class=\"aligncenter size-full is-resized\"><img data-recalc-dims=\"1\" loading=\"lazy\" decoding=\"async\" width=\"104\" height=\"152\" src=\"https:\/\/i0.wp.com\/foyerdecaridad.cl\/site\/wp-content\/uploads\/2023\/11\/Captura-de-pantalla-2023-11-08-a-las-09.29.20.png?resize=104%2C152&#038;ssl=1\" alt=\"\" class=\"wp-image-1040\" style=\"aspect-ratio:0.6770186335403726;object-fit:contain;width:114px;height:auto\"\/><figcaption class=\"wp-element-caption\">Mar\u00eda Puerta del Cielo, (en varios idiomas)<\/figcaption><\/figure>\n<\/div><\/div>\n\n\n\n<div class=\"wp-block-column is-layout-flow wp-block-column-is-layout-flow\"><div class=\"wp-block-image\">\n<figure class=\"aligncenter size-full\"><img data-recalc-dims=\"1\" loading=\"lazy\" decoding=\"async\" width=\"105\" height=\"173\" src=\"https:\/\/i0.wp.com\/foyerdecaridad.cl\/site\/wp-content\/uploads\/2023\/11\/Captura-de-pantalla-2023-11-08-a-las-09.30.05.png?resize=105%2C173&#038;ssl=1\" alt=\"\" class=\"wp-image-1041\"\/><figcaption class=\"wp-element-caption\">Mi Vida en Nazareth<\/figcaption><\/figure>\n<\/div><\/div>\n\n\n\n<div class=\"wp-block-column is-layout-flow wp-block-column-is-layout-flow\"><\/div>\n<\/div>\n\n\n\n<div style=\"height:50px\" aria-hidden=\"true\" class=\"wp-block-spacer\"><\/div>\n\n\n\n<ul class=\"wp-block-list\">\n<li class=\"has-medium-font-size\"><strong>NOVENAS<\/strong><\/li>\n<\/ul>\n\n\n\n<div style=\"height:50px\" aria-hidden=\"true\" class=\"wp-block-spacer\"><\/div>\n\n\n\n<div class=\"wp-block-columns is-layout-flex wp-container-core-columns-is-layout-9d6595d7 wp-block-columns-is-layout-flex\">\n<div class=\"wp-block-column is-layout-flow wp-block-column-is-layout-flow\"><div class=\"wp-block-image\">\n<figure class=\"aligncenter size-full is-resized\"><img data-recalc-dims=\"1\" loading=\"lazy\" decoding=\"async\" width=\"110\" height=\"159\" src=\"https:\/\/i0.wp.com\/foyerdecaridad.cl\/site\/wp-content\/uploads\/2023\/11\/Captura-de-pantalla-2023-11-09-a-las-09.44.30.png?resize=110%2C159&#038;ssl=1\" alt=\"\" class=\"wp-image-1045\" style=\"aspect-ratio:0.6770186335403726;object-fit:contain;width:114px;height:auto\"\/><figcaption class=\"wp-element-caption\">Novena a la Virgen del Carmen<\/figcaption><\/figure>\n<\/div><\/div>\n\n\n\n<div class=\"wp-block-column is-layout-flow wp-block-column-is-layout-flow\"><div class=\"wp-block-image\">\n<figure class=\"aligncenter size-full\"><img data-recalc-dims=\"1\" loading=\"lazy\" decoding=\"async\" width=\"104\" height=\"159\" src=\"https:\/\/i0.wp.com\/foyerdecaridad.cl\/site\/wp-content\/uploads\/2023\/11\/Captura-de-pantalla-2023-11-09-a-las-09.45.13.png?resize=104%2C159&#038;ssl=1\" alt=\"\" class=\"wp-image-1046\"\/><figcaption class=\"wp-element-caption\">Novena a N. Se\u00f1ora del Sagrado Coraz\u00f3n<\/figcaption><\/figure>\n<\/div><\/div>\n\n\n\n<div class=\"wp-block-column is-layout-flow wp-block-column-is-layout-flow\"><div class=\"wp-block-image\">\n<figure class=\"aligncenter size-full\"><img data-recalc-dims=\"1\" loading=\"lazy\" decoding=\"async\" width=\"105\" height=\"158\" src=\"https:\/\/i0.wp.com\/foyerdecaridad.cl\/site\/wp-content\/uploads\/2023\/11\/Captura-de-pantalla-2023-11-09-a-las-09.46.00.png?resize=105%2C158&#038;ssl=1\" alt=\"\" class=\"wp-image-1047\"\/><figcaption class=\"wp-element-caption\">Novena al Sagrado Coraz\u00f3n<\/figcaption><\/figure>\n<\/div><\/div>\n<\/div>\n\n\n\n<div class=\"wp-block-columns is-layout-flex wp-container-core-columns-is-layout-9d6595d7 wp-block-columns-is-layout-flex\">\n<div class=\"wp-block-column is-layout-flow wp-block-column-is-layout-flow\"><div class=\"wp-block-image\">\n<figure class=\"aligncenter size-full is-resized\"><img data-recalc-dims=\"1\" loading=\"lazy\" decoding=\"async\" width=\"111\" height=\"160\" src=\"https:\/\/i0.wp.com\/foyerdecaridad.cl\/site\/wp-content\/uploads\/2023\/11\/Captura-de-pantalla-2023-11-09-a-las-10.02.32.png?resize=111%2C160&#038;ssl=1\" alt=\"\" class=\"wp-image-1050\" style=\"aspect-ratio:0.6770186335403726;object-fit:contain;width:114px;height:auto\"\/><figcaption class=\"wp-element-caption\">Novena a San Miguel Arc\u00e1ngel<\/figcaption><\/figure>\n<\/div><\/div>\n\n\n\n<div class=\"wp-block-column is-layout-flow wp-block-column-is-layout-flow\"><div class=\"wp-block-image\">\n<figure class=\"aligncenter size-full\"><img data-recalc-dims=\"1\" loading=\"lazy\" decoding=\"async\" width=\"102\" height=\"158\" src=\"https:\/\/i0.wp.com\/foyerdecaridad.cl\/site\/wp-content\/uploads\/2023\/11\/Captura-de-pantalla-2023-11-09-a-las-10.03.05.png?resize=102%2C158&#038;ssl=1\" alt=\"\" class=\"wp-image-1051\"\/><figcaption class=\"wp-element-caption\">Exorcismo de San Miguel Arc\u00e1ngel<\/figcaption><\/figure>\n<\/div><\/div>\n\n\n\n<div class=\"wp-block-column is-layout-flow wp-block-column-is-layout-flow\"><div class=\"wp-block-image\">\n<figure class=\"aligncenter size-full\"><img data-recalc-dims=\"1\" loading=\"lazy\" decoding=\"async\" width=\"109\" height=\"155\" src=\"https:\/\/i0.wp.com\/foyerdecaridad.cl\/site\/wp-content\/uploads\/2023\/11\/Captura-de-pantalla-2023-11-09-a-las-10.03.45.png?resize=109%2C155&#038;ssl=1\" alt=\"\" class=\"wp-image-1052\"\/><figcaption class=\"wp-element-caption\">Novena a San Rafael Arc\u00e1ngel<\/figcaption><\/figure>\n<\/div><\/div>\n<\/div>\n\n\n\n<div class=\"wp-block-columns is-layout-flex wp-container-core-columns-is-layout-9d6595d7 wp-block-columns-is-layout-flex\">\n<div class=\"wp-block-column is-layout-flow wp-block-column-is-layout-flow\"><div class=\"wp-block-image\">\n<figure class=\"aligncenter size-full is-resized\"><img data-recalc-dims=\"1\" loading=\"lazy\" decoding=\"async\" width=\"106\" height=\"157\" src=\"https:\/\/i0.wp.com\/foyerdecaridad.cl\/site\/wp-content\/uploads\/2023\/11\/Captura-de-pantalla-2023-11-09-a-las-10.04.45.png?resize=106%2C157&#038;ssl=1\" alt=\"\" class=\"wp-image-1055\" style=\"aspect-ratio:0.6770186335403726;object-fit:contain;width:114px;height:auto\"\/><figcaption class=\"wp-element-caption\">Novena a la Divina Misericordia<\/figcaption><\/figure>\n<\/div><\/div>\n\n\n\n<div class=\"wp-block-column is-layout-flow wp-block-column-is-layout-flow\"><div class=\"wp-block-image\">\n<figure class=\"aligncenter size-full\"><img data-recalc-dims=\"1\" loading=\"lazy\" decoding=\"async\" width=\"109\" height=\"155\" src=\"https:\/\/i0.wp.com\/foyerdecaridad.cl\/site\/wp-content\/uploads\/2023\/11\/Captura-de-pantalla-2023-11-09-a-las-10.05.13.png?resize=109%2C155&#038;ssl=1\" alt=\"\" class=\"wp-image-1056\"\/><figcaption class=\"wp-element-caption\">Jes\u00fas, Rey de los M\u00e1rtires,<br>Ense\u00f1a a Santa Br\u00edgida la Devoci\u00f3n de las 15 Oraciones<\/figcaption><\/figure>\n<\/div><\/div>\n\n\n\n<div class=\"wp-block-column is-layout-flow wp-block-column-is-layout-flow\"><div class=\"wp-block-image\">\n<figure class=\"aligncenter size-full\"><img data-recalc-dims=\"1\" loading=\"lazy\" decoding=\"async\" width=\"105\" height=\"155\" src=\"https:\/\/i0.wp.com\/foyerdecaridad.cl\/site\/wp-content\/uploads\/2023\/11\/Captura-de-pantalla-2023-11-09-a-las-10.05.41.png?resize=105%2C155&#038;ssl=1\" alt=\"\" class=\"wp-image-1057\"\/><figcaption class=\"wp-element-caption\">Una Semana con Jes\u00fas Sacramentado<\/figcaption><\/figure>\n<\/div><\/div>\n<\/div>\n\n\n\n<div class=\"wp-block-columns is-layout-flex wp-container-core-columns-is-layout-9d6595d7 wp-block-columns-is-layout-flex\">\n<div class=\"wp-block-column is-layout-flow wp-block-column-is-layout-flow\"><div class=\"wp-block-image\">\n<figure class=\"aligncenter size-full is-resized\"><img data-recalc-dims=\"1\" loading=\"lazy\" decoding=\"async\" width=\"103\" height=\"164\" src=\"https:\/\/i0.wp.com\/foyerdecaridad.cl\/site\/wp-content\/uploads\/2023\/11\/Captura-de-pantalla-2023-11-09-a-las-10.08.36.png?resize=103%2C164&#038;ssl=1\" alt=\"\" class=\"wp-image-1060\" style=\"aspect-ratio:0.6770186335403726;object-fit:contain;width:114px;height:auto\"\/><figcaption class=\"wp-element-caption\">Novena a San Jos\u00e9<\/figcaption><\/figure>\n<\/div><\/div>\n\n\n\n<div class=\"wp-block-column is-layout-flow wp-block-column-is-layout-flow\"><div class=\"wp-block-image\">\n<figure class=\"aligncenter size-full\"><img data-recalc-dims=\"1\" loading=\"lazy\" decoding=\"async\" width=\"106\" height=\"155\" src=\"https:\/\/i0.wp.com\/foyerdecaridad.cl\/site\/wp-content\/uploads\/2023\/11\/Captura-de-pantalla-2023-11-09-a-las-10.09.02.png?resize=106%2C155&#038;ssl=1\" alt=\"\" class=\"wp-image-1061\"\/><figcaption class=\"wp-element-caption\">Devoci\u00f3n a las 3 Avemar\u00edas<\/figcaption><\/figure>\n<\/div><\/div>\n\n\n\n<div class=\"wp-block-column is-layout-flow wp-block-column-is-layout-flow\"><div class=\"wp-block-image\">\n<figure class=\"aligncenter size-full\"><img data-recalc-dims=\"1\" loading=\"lazy\" decoding=\"async\" width=\"105\" height=\"159\" src=\"https:\/\/i0.wp.com\/foyerdecaridad.cl\/site\/wp-content\/uploads\/2023\/11\/Captura-de-pantalla-2023-11-09-a-las-10.09.29.png?resize=105%2C159&#038;ssl=1\" alt=\"\" class=\"wp-image-1062\"\/><figcaption class=\"wp-element-caption\">Novena a la Virgen de Lo V\u00e1squez<\/figcaption><\/figure>\n<\/div><\/div>\n<\/div>\n\n\n\n<div class=\"wp-block-columns is-layout-flex wp-container-core-columns-is-layout-9d6595d7 wp-block-columns-is-layout-flex\">\n<div class=\"wp-block-column is-layout-flow wp-block-column-is-layout-flow\"><div class=\"wp-block-image\">\n<figure class=\"aligncenter size-full is-resized\"><img data-recalc-dims=\"1\" loading=\"lazy\" decoding=\"async\" width=\"102\" height=\"157\" src=\"https:\/\/i0.wp.com\/foyerdecaridad.cl\/site\/wp-content\/uploads\/2023\/11\/Captura-de-pantalla-2023-11-09-a-las-10.19.04.png?resize=102%2C157&#038;ssl=1\" alt=\"\" class=\"wp-image-1065\" style=\"aspect-ratio:0.6770186335403726;object-fit:contain;width:114px;height:auto\"\/><figcaption class=\"wp-element-caption\">Novena a San Gabriel Arc\u00e1ngel<\/figcaption><\/figure>\n<\/div><\/div>\n\n\n\n<div class=\"wp-block-column is-layout-flow wp-block-column-is-layout-flow\"><div class=\"wp-block-image\">\n<figure class=\"aligncenter size-full\"><img data-recalc-dims=\"1\" loading=\"lazy\" decoding=\"async\" width=\"102\" height=\"157\" src=\"https:\/\/i0.wp.com\/foyerdecaridad.cl\/site\/wp-content\/uploads\/2023\/11\/Captura-de-pantalla-2023-11-09-a-las-10.19.37.png?resize=102%2C157&#038;ssl=1\" alt=\"\" class=\"wp-image-1066\"\/><figcaption class=\"wp-element-caption\">Novena a San Judas Tadeo<\/figcaption><\/figure>\n<\/div><\/div>\n\n\n\n<div class=\"wp-block-column is-layout-flow wp-block-column-is-layout-flow\"><div class=\"wp-block-image\">\n<figure class=\"aligncenter size-full\"><img data-recalc-dims=\"1\" loading=\"lazy\" decoding=\"async\" width=\"107\" height=\"157\" src=\"https:\/\/i0.wp.com\/foyerdecaridad.cl\/site\/wp-content\/uploads\/2023\/11\/Captura-de-pantalla-2023-11-09-a-las-10.20.04.png?resize=107%2C157&#038;ssl=1\" alt=\"\" class=\"wp-image-1067\"\/><figcaption class=\"wp-element-caption\">Novena al Padre P\u00edo<\/figcaption><\/figure>\n<\/div><\/div>\n<\/div>\n\n\n\n<div class=\"wp-block-columns is-layout-flex wp-container-core-columns-is-layout-9d6595d7 wp-block-columns-is-layout-flex\">\n<div class=\"wp-block-column is-layout-flow wp-block-column-is-layout-flow\"><div class=\"wp-block-image\">\n<figure class=\"aligncenter size-full is-resized\"><img data-recalc-dims=\"1\" loading=\"lazy\" decoding=\"async\" width=\"107\" height=\"155\" src=\"https:\/\/i0.wp.com\/foyerdecaridad.cl\/site\/wp-content\/uploads\/2023\/11\/Captura-de-pantalla-2023-11-09-a-las-10.20.43.png?resize=107%2C155&#038;ssl=1\" alt=\"\" class=\"wp-image-1070\" style=\"aspect-ratio:0.6770186335403726;object-fit:contain;width:114px;height:auto\"\/><figcaption class=\"wp-element-caption\">Novena a las Almas del Purgatorio<\/figcaption><\/figure>\n<\/div><\/div>\n\n\n\n<div class=\"wp-block-column is-layout-flow wp-block-column-is-layout-flow\"><div class=\"wp-block-image\">\n<figure class=\"aligncenter size-full\"><img data-recalc-dims=\"1\" loading=\"lazy\" decoding=\"async\" width=\"101\" height=\"151\" src=\"https:\/\/i0.wp.com\/foyerdecaridad.cl\/site\/wp-content\/uploads\/2023\/11\/Captura-de-pantalla-2023-11-09-a-las-10.21.10.png?resize=101%2C151&#038;ssl=1\" alt=\"\" class=\"wp-image-1071\"\/><figcaption class=\"wp-element-caption\">La Reina del Rosario de Pompeya y Bartolo Longo<\/figcaption><\/figure>\n<\/div><\/div>\n\n\n\n<div class=\"wp-block-column is-layout-flow wp-block-column-is-layout-flow\"><div class=\"wp-block-image\">\n<figure class=\"aligncenter size-full\"><img data-recalc-dims=\"1\" loading=\"lazy\" decoding=\"async\" width=\"108\" height=\"154\" src=\"https:\/\/i0.wp.com\/foyerdecaridad.cl\/site\/wp-content\/uploads\/2023\/11\/Captura-de-pantalla-2023-11-09-a-las-10.21.37.png?resize=108%2C154&#038;ssl=1\" alt=\"\" class=\"wp-image-1072\"\/><figcaption class=\"wp-element-caption\">Novena a San Expedito<\/figcaption><\/figure>\n<\/div><\/div>\n<\/div>\n\n\n\n<div class=\"wp-block-columns is-layout-flex wp-container-core-columns-is-layout-9d6595d7 wp-block-columns-is-layout-flex\">\n<div class=\"wp-block-column is-layout-flow wp-block-column-is-layout-flow\"><div class=\"wp-block-image\">\n<figure class=\"aligncenter size-full is-resized\"><img data-recalc-dims=\"1\" loading=\"lazy\" decoding=\"async\" width=\"108\" height=\"152\" src=\"https:\/\/i0.wp.com\/foyerdecaridad.cl\/site\/wp-content\/uploads\/2023\/11\/Captura-de-pantalla-2023-11-09-a-las-10.22.31.png?resize=108%2C152&#038;ssl=1\" alt=\"\" class=\"wp-image-1074\" style=\"aspect-ratio:0.6770186335403726;object-fit:contain;width:114px;height:auto\"\/><figcaption class=\"wp-element-caption\">Santa Misa<\/figcaption><\/figure>\n<\/div><\/div>\n\n\n\n<div class=\"wp-block-column is-layout-flow wp-block-column-is-layout-flow\"><div class=\"wp-block-image\">\n<figure class=\"aligncenter size-full\"><img data-recalc-dims=\"1\" loading=\"lazy\" decoding=\"async\" width=\"105\" height=\"154\" src=\"https:\/\/i0.wp.com\/foyerdecaridad.cl\/site\/wp-content\/uploads\/2023\/11\/Captura-de-pantalla-2023-11-09-a-las-10.29.28.png?resize=105%2C154&#038;ssl=1\" alt=\"\" class=\"wp-image-1076\"\/><figcaption class=\"wp-element-caption\">Novena a la Virgen de Lourdes<\/figcaption><\/figure>\n<\/div><\/div>\n\n\n\n<div class=\"wp-block-column is-layout-flow wp-block-column-is-layout-flow\"><div class=\"wp-block-image\">\n<figure class=\"aligncenter size-full\"><img data-recalc-dims=\"1\" loading=\"lazy\" decoding=\"async\" width=\"105\" height=\"151\" src=\"https:\/\/i0.wp.com\/foyerdecaridad.cl\/site\/wp-content\/uploads\/2023\/11\/Captura-de-pantalla-2023-11-09-a-las-10.29.58.png?resize=105%2C151&#038;ssl=1\" alt=\"\" class=\"wp-image-1077\"\/><figcaption class=\"wp-element-caption\">Novena a la Virgen Desatanudos<\/figcaption><\/figure>\n<\/div><\/div>\n<\/div>\n\n\n\n<div class=\"wp-block-columns is-layout-flex wp-container-core-columns-is-layout-9d6595d7 wp-block-columns-is-layout-flex\">\n<div class=\"wp-block-column is-layout-flow wp-block-column-is-layout-flow\"><div class=\"wp-block-image\">\n<figure class=\"aligncenter size-full is-resized\"><img data-recalc-dims=\"1\" loading=\"lazy\" decoding=\"async\" width=\"107\" height=\"159\" src=\"https:\/\/i0.wp.com\/foyerdecaridad.cl\/site\/wp-content\/uploads\/2023\/11\/Captura-de-pantalla-2023-11-09-a-las-10.31.54.png?resize=107%2C159&#038;ssl=1\" alt=\"\" class=\"wp-image-1080\" style=\"aspect-ratio:0.6770186335403726;object-fit:contain;width:114px;height:auto\"\/><figcaption class=\"wp-element-caption\">Novena al Esp\u00edritu Santo<\/figcaption><\/figure>\n<\/div><\/div>\n\n\n\n<div class=\"wp-block-column is-layout-flow wp-block-column-is-layout-flow\"><div class=\"wp-block-image\">\n<figure class=\"aligncenter size-full\"><img data-recalc-dims=\"1\" loading=\"lazy\" decoding=\"async\" width=\"106\" height=\"161\" src=\"https:\/\/i0.wp.com\/foyerdecaridad.cl\/site\/wp-content\/uploads\/2023\/11\/Captura-de-pantalla-2023-11-09-a-las-10.39.56.png?resize=106%2C161&#038;ssl=1\" alt=\"\" class=\"wp-image-1081\"\/><figcaption class=\"wp-element-caption\">Novena Ni\u00f1o Jes\u00fas de Praga<\/figcaption><\/figure>\n<\/div><\/div>\n\n\n\n<div class=\"wp-block-column is-layout-flow wp-block-column-is-layout-flow\"><div class=\"wp-block-image\">\n<figure class=\"aligncenter size-full\"><img data-recalc-dims=\"1\" loading=\"lazy\" decoding=\"async\" width=\"103\" height=\"163\" src=\"https:\/\/i0.wp.com\/foyerdecaridad.cl\/site\/wp-content\/uploads\/2023\/11\/Captura-de-pantalla-2023-11-09-a-las-10.40.47.png?resize=103%2C163&#038;ssl=1\" alt=\"\" class=\"wp-image-1082\"\/><figcaption class=\"wp-element-caption\">Novena al Ni\u00f1o Jes\u00fas. Especial para Ni\u00f1os- Preparando Navidad<\/figcaption><\/figure>\n<\/div><\/div>\n<\/div>\n\n\n\n<div class=\"wp-block-columns is-layout-flex wp-container-core-columns-is-layout-9d6595d7 wp-block-columns-is-layout-flex\">\n<div class=\"wp-block-column is-layout-flow wp-block-column-is-layout-flow\"><div class=\"wp-block-image\">\n<figure class=\"aligncenter size-full is-resized\"><img data-recalc-dims=\"1\" loading=\"lazy\" decoding=\"async\" width=\"107\" height=\"156\" src=\"https:\/\/i0.wp.com\/foyerdecaridad.cl\/site\/wp-content\/uploads\/2023\/11\/Captura-de-pantalla-2023-11-09-a-las-10.42.17.png?resize=107%2C156&#038;ssl=1\" alt=\"\" class=\"wp-image-1083\" style=\"aspect-ratio:0.6770186335403726;object-fit:contain;width:114px;height:auto\"\/><figcaption class=\"wp-element-caption\">Novena a San Pedro<\/figcaption><\/figure>\n<\/div><\/div>\n\n\n\n<div class=\"wp-block-column is-layout-flow wp-block-column-is-layout-flow\"><div class=\"wp-block-image\">\n<figure class=\"aligncenter size-full\"><img data-recalc-dims=\"1\" loading=\"lazy\" decoding=\"async\" width=\"107\" height=\"160\" src=\"https:\/\/i0.wp.com\/foyerdecaridad.cl\/site\/wp-content\/uploads\/2023\/11\/Captura-de-pantalla-2023-11-09-a-las-10.42.42.png?resize=107%2C160&#038;ssl=1\" alt=\"\" class=\"wp-image-1084\"\/><figcaption class=\"wp-element-caption\">Novena a Santa Rita<\/figcaption><\/figure>\n<\/div><\/div>\n\n\n\n<div class=\"wp-block-column is-layout-flow wp-block-column-is-layout-flow\">\n<div class=\"wp-block-group\"><div class=\"wp-block-group__inner-container is-layout-constrained wp-block-group-is-layout-constrained\"><div class=\"wp-block-image\">\n<figure class=\"aligncenter size-full\"><img data-recalc-dims=\"1\" loading=\"lazy\" decoding=\"async\" width=\"108\" height=\"155\" src=\"https:\/\/i0.wp.com\/foyerdecaridad.cl\/site\/wp-content\/uploads\/2023\/11\/Captura-de-pantalla-2023-11-09-a-las-10.43.15.png?resize=108%2C155&#038;ssl=1\" alt=\"\" class=\"wp-image-1085\"\/><figcaption class=\"wp-element-caption\">Examen de Conciencia para J\u00f3venes<\/figcaption><\/figure>\n<\/div><\/div><\/div>\n<\/div>\n<\/div>\n\n\n\n<div style=\"height:50px\" aria-hidden=\"true\" class=\"wp-block-spacer\"><\/div>\n\n\n\n<ul class=\"wp-block-list\">\n<li class=\"has-medium-font-size\"><strong>COLECCI\u00d3N \u00bfPOR QU\u00c9?<\/strong><\/li>\n<\/ul>\n\n\n\n<div style=\"height:50px\" aria-hidden=\"true\" class=\"wp-block-spacer\"><\/div>\n\n\n\n<div class=\"wp-block-columns is-layout-flex wp-container-core-columns-is-layout-9d6595d7 wp-block-columns-is-layout-flex\">\n<div class=\"wp-block-column is-layout-flow wp-block-column-is-layout-flow\"><div class=\"wp-block-image\">\n<figure class=\"aligncenter size-full is-resized\"><img data-recalc-dims=\"1\" loading=\"lazy\" decoding=\"async\" width=\"105\" height=\"153\" src=\"https:\/\/i0.wp.com\/foyerdecaridad.cl\/site\/wp-content\/uploads\/2023\/11\/Captura-de-pantalla-2023-11-20-a-las-09.13.11.png?resize=105%2C153&#038;ssl=1\" alt=\"\" class=\"wp-image-1098\" style=\"aspect-ratio:0.6770186335403726;object-fit:contain;width:114px;height:auto\"\/><figcaption class=\"wp-element-caption\">\u00bfPor Qu\u00e9 Mar\u00eda Reina de los Profetas hoy?<br><a href=\"https:\/\/foyerdecaridad.cl\/Descargas\/MariaReinadelosProfetas.pdf\" target=\"_blank\" rel=\"noreferrer noopener\">Descargar: \u00bfPor Qu\u00e9 Mar\u00eda Reina de los Profetas hoy?(.pdf 913 Kb)<\/a><\/figcaption><\/figure>\n<\/div><\/div>\n\n\n\n<div class=\"wp-block-column is-layout-flow wp-block-column-is-layout-flow\"><div class=\"wp-block-image\">\n<figure class=\"aligncenter size-full\"><img data-recalc-dims=\"1\" loading=\"lazy\" decoding=\"async\" width=\"108\" height=\"152\" src=\"https:\/\/i0.wp.com\/foyerdecaridad.cl\/site\/wp-content\/uploads\/2023\/11\/Captura-de-pantalla-2023-11-20-a-las-09.13.50.png?resize=108%2C152&#038;ssl=1\" alt=\"\" class=\"wp-image-1099\"\/><figcaption class=\"wp-element-caption\">\u00bfPor Qu\u00e9 los \u00c1ngeles?<\/figcaption><\/figure>\n<\/div><\/div>\n\n\n\n<div class=\"wp-block-column is-layout-flow wp-block-column-is-layout-flow\"><div class=\"wp-block-image\">\n<figure class=\"aligncenter size-full\"><img data-recalc-dims=\"1\" loading=\"lazy\" decoding=\"async\" width=\"107\" height=\"153\" src=\"https:\/\/i0.wp.com\/foyerdecaridad.cl\/site\/wp-content\/uploads\/2023\/11\/Captura-de-pantalla-2023-11-20-a-las-09.14.33.png?resize=107%2C153&#038;ssl=1\" alt=\"\" class=\"wp-image-1100\"\/><figcaption class=\"wp-element-caption\">\u00bfPor Qu\u00e9 el Rock es Peligroso?<\/figcaption><\/figure>\n<\/div><\/div>\n<\/div>\n\n\n\n<div class=\"wp-block-columns is-layout-flex wp-container-core-columns-is-layout-9d6595d7 wp-block-columns-is-layout-flex\">\n<div class=\"wp-block-column is-layout-flow wp-block-column-is-layout-flow\"><div class=\"wp-block-image\">\n<figure class=\"aligncenter size-full is-resized\"><img data-recalc-dims=\"1\" loading=\"lazy\" decoding=\"async\" width=\"108\" height=\"155\" src=\"https:\/\/i0.wp.com\/foyerdecaridad.cl\/site\/wp-content\/uploads\/2023\/11\/Captura-de-pantalla-2023-11-20-a-las-09.18.32.png?resize=108%2C155&#038;ssl=1\" alt=\"\" class=\"wp-image-1103\" style=\"aspect-ratio:0.6770186335403726;object-fit:contain;width:114px;height:auto\"\/><figcaption class=\"wp-element-caption\">\u00bfPor Qu\u00e9 el Amor no es un juego?<\/figcaption><\/figure>\n<\/div><\/div>\n\n\n\n<div class=\"wp-block-column is-layout-flow wp-block-column-is-layout-flow\"><div class=\"wp-block-image\">\n<figure class=\"aligncenter size-full\"><img data-recalc-dims=\"1\" loading=\"lazy\" decoding=\"async\" width=\"106\" height=\"149\" src=\"https:\/\/i0.wp.com\/foyerdecaridad.cl\/site\/wp-content\/uploads\/2023\/11\/Captura-de-pantalla-2023-11-20-a-las-09.19.03.png?resize=106%2C149&#038;ssl=1\" alt=\"\" class=\"wp-image-1104\"\/><figcaption class=\"wp-element-caption\">\u00bfPor Qu\u00e9 lo Primordial es la Educaci\u00f3n?<\/figcaption><\/figure>\n<\/div><\/div>\n\n\n\n<div class=\"wp-block-column is-layout-flow wp-block-column-is-layout-flow\"><div class=\"wp-block-image\">\n<figure class=\"aligncenter size-full\"><img data-recalc-dims=\"1\" loading=\"lazy\" decoding=\"async\" width=\"108\" height=\"151\" src=\"https:\/\/i0.wp.com\/foyerdecaridad.cl\/site\/wp-content\/uploads\/2023\/11\/Captura-de-pantalla-2023-11-20-a-las-09.19.36.png?resize=108%2C151&#038;ssl=1\" alt=\"\" class=\"wp-image-1105\"\/><figcaption class=\"wp-element-caption\">\u00bfPor Qu\u00e9 a Misa los Domingos?<\/figcaption><\/figure>\n<\/div><\/div>\n<\/div>\n\n\n\n<div class=\"wp-block-columns is-layout-flex wp-container-core-columns-is-layout-9d6595d7 wp-block-columns-is-layout-flex\">\n<div class=\"wp-block-column is-layout-flow wp-block-column-is-layout-flow\"><div class=\"wp-block-image\">\n<figure class=\"aligncenter size-full is-resized\"><img data-recalc-dims=\"1\" loading=\"lazy\" decoding=\"async\" width=\"107\" height=\"156\" src=\"https:\/\/i0.wp.com\/foyerdecaridad.cl\/site\/wp-content\/uploads\/2023\/11\/Captura-de-pantalla-2023-11-20-a-las-09.20.34.png?resize=107%2C156&#038;ssl=1\" alt=\"\" class=\"wp-image-1108\" style=\"aspect-ratio:0.6770186335403726;object-fit:contain;width:114px;height:auto\"\/><figcaption class=\"wp-element-caption\">\u00bfPor Qu\u00e9 Daniela se Separ\u00f3?<\/figcaption><\/figure>\n<\/div><\/div>\n\n\n\n<div class=\"wp-block-column is-layout-flow wp-block-column-is-layout-flow\"><div class=\"wp-block-image\">\n<figure class=\"aligncenter size-full\"><img data-recalc-dims=\"1\" loading=\"lazy\" decoding=\"async\" width=\"105\" height=\"152\" src=\"https:\/\/i0.wp.com\/foyerdecaridad.cl\/site\/wp-content\/uploads\/2023\/11\/Captura-de-pantalla-2023-11-20-a-las-09.21.05.png?resize=105%2C152&#038;ssl=1\" alt=\"\" class=\"wp-image-1109\"\/><figcaption class=\"wp-element-caption\">\u00bfPor Qu\u00e9 Hijos Felices e Hijos Fracasados?<\/figcaption><\/figure>\n<\/div><\/div>\n\n\n\n<div class=\"wp-block-column is-layout-flow wp-block-column-is-layout-flow\"><div class=\"wp-block-image\">\n<figure class=\"aligncenter size-full\"><img data-recalc-dims=\"1\" loading=\"lazy\" decoding=\"async\" width=\"107\" height=\"160\" src=\"https:\/\/i0.wp.com\/foyerdecaridad.cl\/site\/wp-content\/uploads\/2023\/11\/Captura-de-pantalla-2023-11-20-a-las-09.21.30.png?resize=107%2C160&#038;ssl=1\" alt=\"\" class=\"wp-image-1110\"\/><figcaption class=\"wp-element-caption\">\u00bfPor Qu\u00e9 Vale la Mujer?<\/figcaption><\/figure>\n<\/div><\/div>\n<\/div>\n\n\n\n<div class=\"wp-block-columns is-layout-flex wp-container-core-columns-is-layout-9d6595d7 wp-block-columns-is-layout-flex\">\n<div class=\"wp-block-column is-layout-flow wp-block-column-is-layout-flow\"><div class=\"wp-block-image\">\n<figure class=\"aligncenter size-full is-resized\"><img data-recalc-dims=\"1\" loading=\"lazy\" decoding=\"async\" width=\"110\" height=\"163\" src=\"https:\/\/i0.wp.com\/foyerdecaridad.cl\/site\/wp-content\/uploads\/2023\/11\/Captura-de-pantalla-2023-11-20-a-las-09.22.12.png?resize=110%2C163&#038;ssl=1\" alt=\"\" class=\"wp-image-1112\" style=\"aspect-ratio:0.6770186335403726;object-fit:contain;width:114px;height:auto\"\/><figcaption class=\"wp-element-caption\">\u00bfPor Qu\u00e9 No al Amor Libre?<\/figcaption><\/figure>\n<\/div><\/div>\n\n\n\n<div class=\"wp-block-column is-layout-flow wp-block-column-is-layout-flow\"><div class=\"wp-block-image\">\n<figure class=\"aligncenter size-full\"><img data-recalc-dims=\"1\" loading=\"lazy\" decoding=\"async\" width=\"110\" height=\"153\" src=\"https:\/\/i0.wp.com\/foyerdecaridad.cl\/site\/wp-content\/uploads\/2023\/11\/Captura-de-pantalla-2023-11-20-a-las-09.22.52.png?resize=110%2C153&#038;ssl=1\" alt=\"\" class=\"wp-image-1113\"\/><figcaption class=\"wp-element-caption\">\u00bfPor Qu\u00e9 Dios Permite el Dolor?<\/figcaption><\/figure>\n<\/div><\/div>\n\n\n\n<div class=\"wp-block-column is-layout-flow wp-block-column-is-layout-flow\"><div class=\"wp-block-image\">\n<figure class=\"aligncenter size-full\"><img data-recalc-dims=\"1\" loading=\"lazy\" decoding=\"async\" width=\"106\" height=\"158\" src=\"https:\/\/i0.wp.com\/foyerdecaridad.cl\/site\/wp-content\/uploads\/2023\/11\/Captura-de-pantalla-2023-11-20-a-las-09.23.18.png?resize=106%2C158&#038;ssl=1\" alt=\"\" class=\"wp-image-1115\"\/><figcaption class=\"wp-element-caption\">\u00bfPor Qu\u00e9 el Ocultismo Atrae?<\/figcaption><\/figure>\n<\/div><\/div>\n<\/div>\n\n\n\n<div class=\"wp-block-columns is-layout-flex wp-container-core-columns-is-layout-9d6595d7 wp-block-columns-is-layout-flex\">\n<div class=\"wp-block-column is-layout-flow wp-block-column-is-layout-flow\"><div class=\"wp-block-image\">\n<figure class=\"aligncenter size-full is-resized\"><img data-recalc-dims=\"1\" loading=\"lazy\" decoding=\"async\" width=\"107\" height=\"158\" src=\"https:\/\/i0.wp.com\/foyerdecaridad.cl\/site\/wp-content\/uploads\/2023\/11\/Captura-de-pantalla-2023-11-20-a-las-09.24.13.png?resize=107%2C158&#038;ssl=1\" alt=\"\" class=\"wp-image-1116\" style=\"aspect-ratio:0.6770186335403726;object-fit:contain;width:114px;height:auto\"\/><figcaption class=\"wp-element-caption\">\u00bfPor Qu\u00e9 Novios Felices y Novios Fracasados?<\/figcaption><\/figure>\n<\/div><\/div>\n\n\n\n<div class=\"wp-block-column is-layout-flow wp-block-column-is-layout-flow\"><div class=\"wp-block-image\">\n<figure class=\"aligncenter size-full\"><img data-recalc-dims=\"1\" loading=\"lazy\" decoding=\"async\" width=\"105\" height=\"152\" src=\"https:\/\/i0.wp.com\/foyerdecaridad.cl\/site\/wp-content\/uploads\/2023\/11\/Captura-de-pantalla-2023-11-20-a-las-09.24.39.png?resize=105%2C152&#038;ssl=1\" alt=\"\" class=\"wp-image-1117\"\/><figcaption class=\"wp-element-caption\">\u00bfPor Qu\u00e9 No Soy Feliz?<\/figcaption><\/figure>\n<\/div><\/div>\n\n\n\n<div class=\"wp-block-column is-layout-flow wp-block-column-is-layout-flow\"><div class=\"wp-block-image\">\n<figure class=\"aligncenter size-full\"><img data-recalc-dims=\"1\" loading=\"lazy\" decoding=\"async\" width=\"105\" height=\"153\" src=\"https:\/\/i0.wp.com\/foyerdecaridad.cl\/site\/wp-content\/uploads\/2023\/11\/Captura-de-pantalla-2023-11-20-a-las-09.25.08.png?resize=105%2C153&#038;ssl=1\" alt=\"\" class=\"wp-image-1118\"\/><figcaption class=\"wp-element-caption\">\u00bfPor Qu\u00e9 No al Divorcio?<\/figcaption><\/figure>\n<\/div><\/div>\n<\/div>\n\n\n\n<div class=\"wp-block-columns is-layout-flex wp-container-core-columns-is-layout-9d6595d7 wp-block-columns-is-layout-flex\">\n<div class=\"wp-block-column is-layout-flow wp-block-column-is-layout-flow\"><div class=\"wp-block-image\">\n<figure class=\"aligncenter size-full is-resized\"><img data-recalc-dims=\"1\" loading=\"lazy\" decoding=\"async\" width=\"110\" height=\"158\" src=\"https:\/\/i0.wp.com\/foyerdecaridad.cl\/site\/wp-content\/uploads\/2023\/11\/Captura-de-pantalla-2023-11-20-a-las-09.26.00.png?resize=110%2C158&#038;ssl=1\" alt=\"\" class=\"wp-image-1120\" style=\"aspect-ratio:0.6770186335403726;object-fit:contain;width:114px;height:auto\"\/><figcaption class=\"wp-element-caption\">\u00bfPor Qu\u00e9 la Confesi\u00f3n?<\/figcaption><\/figure>\n<\/div><\/div>\n\n\n\n<div class=\"wp-block-column is-layout-flow wp-block-column-is-layout-flow\"><div class=\"wp-block-image\">\n<figure class=\"aligncenter size-full\"><img data-recalc-dims=\"1\" loading=\"lazy\" decoding=\"async\" width=\"106\" height=\"157\" src=\"https:\/\/i0.wp.com\/foyerdecaridad.cl\/site\/wp-content\/uploads\/2023\/11\/Captura-de-pantalla-2023-11-20-a-las-09.26.26.png?resize=106%2C157&#038;ssl=1\" alt=\"\" class=\"wp-image-1122\"\/><figcaption class=\"wp-element-caption\">\u00bfPor Qu\u00e9 \u00c9L, Por Qu\u00e9 Ella?<\/figcaption><\/figure>\n<\/div><\/div>\n\n\n\n<div class=\"wp-block-column is-layout-flow wp-block-column-is-layout-flow\"><div class=\"wp-block-image\">\n<figure class=\"aligncenter size-full\"><img data-recalc-dims=\"1\" loading=\"lazy\" decoding=\"async\" width=\"112\" height=\"158\" src=\"https:\/\/i0.wp.com\/foyerdecaridad.cl\/site\/wp-content\/uploads\/2023\/11\/Captura-de-pantalla-2023-11-20-a-las-09.26.54.png?resize=112%2C158&#038;ssl=1\" alt=\"\" class=\"wp-image-1123\"\/><figcaption class=\"wp-element-caption\">&nbsp;\u00bfPor Qu\u00e9 la Iglesia Opina?<\/figcaption><\/figure>\n<\/div><\/div>\n<\/div>\n\n\n\n<div class=\"wp-block-columns is-layout-flex wp-container-core-columns-is-layout-9d6595d7 wp-block-columns-is-layout-flex\">\n<div class=\"wp-block-column is-layout-flow wp-block-column-is-layout-flow\"><div class=\"wp-block-image\">\n<figure class=\"aligncenter size-full is-resized\"><img data-recalc-dims=\"1\" loading=\"lazy\" decoding=\"async\" width=\"105\" height=\"159\" src=\"https:\/\/i0.wp.com\/foyerdecaridad.cl\/site\/wp-content\/uploads\/2023\/11\/Captura-de-pantalla-2023-11-20-a-las-09.27.28.png?resize=105%2C159&#038;ssl=1\" alt=\"\" class=\"wp-image-1124\" style=\"aspect-ratio:0.6770186335403726;object-fit:contain;width:114px;height:auto\"\/><figcaption class=\"wp-element-caption\">\u00bfPor Qu\u00e9 las Sectas?<\/figcaption><\/figure>\n<\/div><\/div>\n\n\n\n<div class=\"wp-block-column is-layout-flow wp-block-column-is-layout-flow\"><div class=\"wp-block-image\">\n<figure class=\"aligncenter size-full\"><img data-recalc-dims=\"1\" loading=\"lazy\" decoding=\"async\" width=\"108\" height=\"154\" src=\"https:\/\/i0.wp.com\/foyerdecaridad.cl\/site\/wp-content\/uploads\/2023\/11\/Captura-de-pantalla-2023-11-20-a-las-09.28.20.png?resize=108%2C154&#038;ssl=1\" alt=\"\" class=\"wp-image-1125\"\/><figcaption class=\"wp-element-caption\">\u00bfPor Qu\u00e9 la Ley Natural Se Opone al Divorcio?<\/figcaption><\/figure>\n<\/div><\/div>\n\n\n\n<div class=\"wp-block-column is-layout-flow wp-block-column-is-layout-flow\"><div class=\"wp-block-image\">\n<figure class=\"aligncenter size-full\"><img data-recalc-dims=\"1\" loading=\"lazy\" decoding=\"async\" width=\"108\" height=\"156\" src=\"https:\/\/i0.wp.com\/foyerdecaridad.cl\/site\/wp-content\/uploads\/2023\/11\/Captura-de-pantalla-2023-11-20-a-las-09.28.47.png?resize=108%2C156&#038;ssl=1\" alt=\"\" class=\"wp-image-1126\"\/><figcaption class=\"wp-element-caption\">&nbsp;\u00bfPor Qu\u00e9 Dios Trinidad es Fuente de Vida?<\/figcaption><\/figure>\n<\/div><\/div>\n<\/div>\n\n\n\n<div class=\"wp-block-columns is-layout-flex wp-container-core-columns-is-layout-9d6595d7 wp-block-columns-is-layout-flex\">\n<div class=\"wp-block-column is-layout-flow wp-block-column-is-layout-flow\"><div class=\"wp-block-image\">\n<figure class=\"aligncenter size-full is-resized\"><img data-recalc-dims=\"1\" loading=\"lazy\" decoding=\"async\" width=\"112\" height=\"156\" src=\"https:\/\/i0.wp.com\/foyerdecaridad.cl\/site\/wp-content\/uploads\/2023\/11\/Captura-de-pantalla-2023-11-20-a-las-09.29.47.png?resize=112%2C156&#038;ssl=1\" alt=\"\" class=\"wp-image-1128\" style=\"aspect-ratio:0.6770186335403726;object-fit:contain;width:114px;height:auto\"\/><figcaption class=\"wp-element-caption\">\u00bfPor Qu\u00e9 el Purgatorio?<\/figcaption><\/figure>\n<\/div><\/div>\n\n\n\n<div class=\"wp-block-column is-layout-flow wp-block-column-is-layout-flow\"><div class=\"wp-block-image\">\n<figure class=\"aligncenter size-full\"><img data-recalc-dims=\"1\" loading=\"lazy\" decoding=\"async\" width=\"108\" height=\"159\" src=\"https:\/\/i0.wp.com\/foyerdecaridad.cl\/site\/wp-content\/uploads\/2023\/11\/Captura-de-pantalla-2023-11-20-a-las-09.30.14.png?resize=108%2C159&#038;ssl=1\" alt=\"\" class=\"wp-image-1130\"\/><figcaption class=\"wp-element-caption\">\u00bfPor Qu\u00e9 el Ayuno? <br>Sor Emmanuel Maillard<\/figcaption><\/figure>\n<\/div><\/div>\n\n\n\n<div class=\"wp-block-column is-layout-flow wp-block-column-is-layout-flow\"><div class=\"wp-block-image\">\n<figure class=\"aligncenter size-full\"><img data-recalc-dims=\"1\" loading=\"lazy\" decoding=\"async\" width=\"105\" height=\"155\" src=\"https:\/\/i0.wp.com\/foyerdecaridad.cl\/site\/wp-content\/uploads\/2023\/11\/Captura-de-pantalla-2023-11-20-a-las-09.30.58.png?resize=105%2C155&#038;ssl=1\" alt=\"\" class=\"wp-image-1131\"\/><figcaption class=\"wp-element-caption\">&nbsp;\u00bfPor Qu\u00e9 se Llama Nueva Era?<\/figcaption><\/figure>\n<\/div><\/div>\n<\/div>\n\n\n\n<div class=\"wp-block-columns is-layout-flex wp-container-core-columns-is-layout-9d6595d7 wp-block-columns-is-layout-flex\">\n<div class=\"wp-block-column is-layout-flow wp-block-column-is-layout-flow\"><div class=\"wp-block-image\">\n<figure class=\"aligncenter size-full is-resized\"><img data-recalc-dims=\"1\" loading=\"lazy\" decoding=\"async\" width=\"106\" height=\"152\" src=\"https:\/\/i0.wp.com\/foyerdecaridad.cl\/site\/wp-content\/uploads\/2023\/11\/Captura-de-pantalla-2023-11-20-a-las-09.31.41.png?resize=106%2C152&#038;ssl=1\" alt=\"\" class=\"wp-image-1134\" style=\"aspect-ratio:0.6770186335403726;object-fit:contain;width:114px;height:auto\"\/><figcaption class=\"wp-element-caption\">\u00bfPor Qu\u00e9 el Infierno es una Realidad?<\/figcaption><\/figure>\n<\/div><\/div>\n\n\n\n<div class=\"wp-block-column is-layout-flow wp-block-column-is-layout-flow\"><div class=\"wp-block-image\">\n<figure class=\"aligncenter size-full\"><img data-recalc-dims=\"1\" loading=\"lazy\" decoding=\"async\" width=\"107\" height=\"150\" src=\"https:\/\/i0.wp.com\/foyerdecaridad.cl\/site\/wp-content\/uploads\/2023\/11\/Captura-de-pantalla-2023-11-20-a-las-09.32.34.png?resize=107%2C150&#038;ssl=1\" alt=\"\" class=\"wp-image-1135\"\/><figcaption class=\"wp-element-caption\">\u00bfPor Qu\u00e9 M\u00e1s Luz Sobre la Sexualidad?<\/figcaption><\/figure>\n<\/div><\/div>\n\n\n\n<div class=\"wp-block-column is-layout-flow wp-block-column-is-layout-flow\"><div class=\"wp-block-image\">\n<figure class=\"aligncenter size-full\"><img data-recalc-dims=\"1\" loading=\"lazy\" decoding=\"async\" width=\"106\" height=\"149\" src=\"https:\/\/i0.wp.com\/foyerdecaridad.cl\/site\/wp-content\/uploads\/2023\/11\/Captura-de-pantalla-2023-11-20-a-las-09.33.06.png?resize=106%2C149&#038;ssl=1\" alt=\"\" class=\"wp-image-1136\"\/><figcaption class=\"wp-element-caption\">&nbsp;\u00bfPor Qu\u00e9 la Lucha Entre el Bien y el Mal?<\/figcaption><\/figure>\n<\/div><\/div>\n<\/div>\n\n\n\n<div class=\"wp-block-columns is-layout-flex wp-container-core-columns-is-layout-9d6595d7 wp-block-columns-is-layout-flex\">\n<div class=\"wp-block-column is-layout-flow wp-block-column-is-layout-flow\"><div class=\"wp-block-image\">\n<figure class=\"aligncenter size-full is-resized\"><img data-recalc-dims=\"1\" loading=\"lazy\" decoding=\"async\" width=\"105\" height=\"151\" src=\"https:\/\/i0.wp.com\/foyerdecaridad.cl\/site\/wp-content\/uploads\/2023\/11\/Captura-de-pantalla-2023-11-20-a-las-09.39.52.png?resize=105%2C151&#038;ssl=1\" alt=\"\" class=\"wp-image-1139\" style=\"aspect-ratio:0.6770186335403726;object-fit:contain;width:114px;height:auto\"\/><figcaption class=\"wp-element-caption\">\u00bfPor Qu\u00e9 la Televisi\u00f3n Atrae?<\/figcaption><\/figure>\n<\/div><\/div>\n\n\n\n<div class=\"wp-block-column is-layout-flow wp-block-column-is-layout-flow\"><div class=\"wp-block-image\">\n<figure class=\"aligncenter size-full\"><img data-recalc-dims=\"1\" loading=\"lazy\" decoding=\"async\" width=\"108\" height=\"149\" src=\"https:\/\/i0.wp.com\/foyerdecaridad.cl\/site\/wp-content\/uploads\/2023\/11\/Captura-de-pantalla-2023-11-20-a-las-09.39.57.png?resize=108%2C149&#038;ssl=1\" alt=\"\" class=\"wp-image-1140\"\/><figcaption class=\"wp-element-caption\">\u00bfPor Qu\u00e9 en el Umbral Del Para\u00edso?<\/figcaption><\/figure>\n<\/div><\/div>\n\n\n\n<div class=\"wp-block-column is-layout-flow wp-block-column-is-layout-flow\"><div class=\"wp-block-image\">\n<figure class=\"aligncenter size-full\"><img data-recalc-dims=\"1\" loading=\"lazy\" decoding=\"async\" width=\"104\" height=\"156\" src=\"https:\/\/i0.wp.com\/foyerdecaridad.cl\/site\/wp-content\/uploads\/2023\/11\/Captura-de-pantalla-2023-11-20-a-las-09.40.03.png?resize=104%2C156&#038;ssl=1\" alt=\"\" class=\"wp-image-1141\"\/><figcaption class=\"wp-element-caption\">&nbsp;\u00bfPorqu\u00e9 la oraci\u00f3n es poderosa?<br>Sor Emmanuel Maillard<\/figcaption><\/figure>\n<\/div><\/div>\n<\/div>\n\n\n\n<div style=\"height:50px\" aria-hidden=\"true\" class=\"wp-block-spacer\"><\/div>\n\n\n\n<ul class=\"wp-block-list\">\n<li class=\"has-medium-font-size\"><strong>COLECCI\u00d3N HONOR DE DIOS<\/strong><\/li>\n\n\n\n<li class=\"has-medium-font-size\">Esta colecci\u00f3n tiene un valor de $ 2.800 y algunos de $3.000 (cuyos t\u00edtulos est\u00e1n escritos con letra roja)<\/li>\n<\/ul>\n\n\n\n<div class=\"wp-block-columns is-layout-flex wp-container-core-columns-is-layout-9d6595d7 wp-block-columns-is-layout-flex\">\n<div class=\"wp-block-column is-layout-flow wp-block-column-is-layout-flow\"><div class=\"wp-block-image\">\n<figure class=\"aligncenter size-full\"><img data-recalc-dims=\"1\" loading=\"lazy\" decoding=\"async\" width=\"104\" height=\"154\" src=\"https:\/\/i0.wp.com\/foyerdecaridad.cl\/site\/wp-content\/uploads\/2024\/01\/Captura-de-pantalla-2024-01-05-a-las-13.42.11.png?resize=104%2C154&#038;ssl=1\" alt=\"\" class=\"wp-image-1222\" style=\"aspect-ratio:0.6770186335403726;object-fit:contain\"\/><figcaption class=\"wp-element-caption\">Catalina Laboure y la Medalla Milagrosa<\/figcaption><\/figure>\n<\/div>\n\n\n<p class=\"has-text-align-center has-small-font-size\"><sub><strong>1. Catalina Laboure y la Medalla Milagrosa<\/strong><br>Religiosa de las Hijas de la Caridad, de San Vicente de Paul. Gracias a ella se difundi\u00f3 en todo el mundo la Medalla Milagrosa que la Virgen le pidi\u00f3 mandar a acu\u00f1ar. De una discreci\u00f3n \u00fanica, pues, siendo ella quien recibi\u00f3 la aparici\u00f3n de la Virgen, ni sus mismas hermanas de comunidad lo sab\u00edan.<\/sub><\/p>\n<\/div>\n\n\n\n<div class=\"wp-block-column is-layout-flow wp-block-column-is-layout-flow\"><div class=\"wp-block-image\">\n<figure class=\"aligncenter size-full\"><img data-recalc-dims=\"1\" loading=\"lazy\" decoding=\"async\" width=\"106\" height=\"152\" src=\"https:\/\/i0.wp.com\/foyerdecaridad.cl\/site\/wp-content\/uploads\/2024\/01\/Captura-de-pantalla-2024-01-05-a-las-13.43.11.png?resize=106%2C152&#038;ssl=1\" alt=\"\" class=\"wp-image-1223\"\/><figcaption class=\"wp-element-caption\">San Maximiliano Kolbe<\/figcaption><\/figure>\n<\/div>\n\n\n<p class=\"has-text-align-center has-small-font-size\"><sub><sup><strong>2. San Maximiliano Kolbe<\/strong><br>Del coraz\u00f3n de Polonia, pa\u00eds que sufri\u00f3 y luch\u00f3 valientemente por su fe bajo la persecuci\u00f3n comunista, surgi\u00f3 bajo la opresi\u00f3n de Hitler, esta figura luminosa. Sacerdote franciscano, a los 47 a\u00f1os de edad sell\u00f3 su vida con su martirio en beneficio de un padre de familia en un campo de exterminio nazi, en Auschwitz y ayud\u00f3 a morir a los otros nueve condenados y como sacerdote cat\u00f3lico los toma a todos a su cargo, no solo a los nueve de su grupo sino a tantos prisioneros.<\/sup><\/sub><\/p>\n<\/div>\n\n\n\n<div class=\"wp-block-column is-layout-flow wp-block-column-is-layout-flow\"><div class=\"wp-block-image\">\n<figure class=\"aligncenter size-full\"><img data-recalc-dims=\"1\" loading=\"lazy\" decoding=\"async\" width=\"107\" height=\"157\" src=\"https:\/\/i0.wp.com\/foyerdecaridad.cl\/site\/wp-content\/uploads\/2024\/01\/Captura-de-pantalla-2024-01-05-a-las-13.43.44.png?resize=107%2C157&#038;ssl=1\" alt=\"\" class=\"wp-image-1224\"\/><figcaption class=\"wp-element-caption\">&nbsp;F\u00e1tima. El Cielo Habla a la Tierra<\/figcaption><\/figure>\n<\/div>\n\n\n<p class=\"has-text-align-center\" style=\"font-size:12px\"><strong>3. F\u00e1tima. El Cielo Habla a la Tierra<\/strong><br>(Portugal- 1917) La m\u00e1s famosa aparici\u00f3n de la Virgen en los tiempos modernos. Se destacan especialmente los mensajes secretos reci\u00e9n revelados el a\u00f1o 2000, que hab\u00eda mantenido en suspenso al mundo entero. De los tres vidente, Jacinta y Francisco son beatificados y Luc\u00eda reci\u00e9n fallecida (2005) en espera tambi\u00e9n de su beatificaci\u00f3n.<\/p>\n<\/div>\n<\/div>\n\n\n\n<div class=\"wp-block-columns is-layout-flex wp-container-core-columns-is-layout-9d6595d7 wp-block-columns-is-layout-flex\">\n<div class=\"wp-block-column is-layout-flow wp-block-column-is-layout-flow\"><div class=\"wp-block-image\">\n<figure class=\"aligncenter size-full is-resized\"><img data-recalc-dims=\"1\" loading=\"lazy\" decoding=\"async\" width=\"108\" height=\"155\" src=\"https:\/\/i0.wp.com\/foyerdecaridad.cl\/site\/wp-content\/uploads\/2024\/01\/Captura-de-pantalla-2024-01-05-a-las-13.47.47.png?resize=108%2C155&#038;ssl=1\" alt=\"\" class=\"wp-image-1227\" style=\"aspect-ratio:0.6770186335403726;object-fit:contain;width:114px;height:auto\"\/><figcaption class=\"wp-element-caption\">Santa Teresita de Lisieux<\/figcaption><\/figure>\n<\/div>\n\n\n<p class=\"has-text-align-center has-small-font-size\"><strong>4. Santa Teresita de Lisieux<\/strong><br>Es la \u00faltima de una familia de 9 hijos. Entr\u00f3 en el Carmelo de Lisieux a los 15 a\u00f1os. Frente a una espiritualidad de su tiempo que fomentaba un temor rigorista hacia Dios, descubri\u00f3 el caminito de confianza filial en Dios marcando profundamente la \u00e9poca moderna y d\u00e1ndolo a conocer al mundo entero en su libro: \u00abHistoria de un alma\u00bb. Es Patrona de las Misiones y Doctora de la Iglesia.<\/p>\n<\/div>\n\n\n\n<div class=\"wp-block-column is-layout-flow wp-block-column-is-layout-flow\"><div class=\"wp-block-image\">\n<figure class=\"aligncenter size-full\"><img data-recalc-dims=\"1\" loading=\"lazy\" decoding=\"async\" width=\"104\" height=\"158\" src=\"https:\/\/i0.wp.com\/foyerdecaridad.cl\/site\/wp-content\/uploads\/2024\/01\/Captura-de-pantalla-2024-01-05-a-las-13.47.54.png?resize=104%2C158&#038;ssl=1\" alt=\"\" class=\"wp-image-1228\"\/><figcaption class=\"wp-element-caption\">Santa Bernardita de Lourdes<\/figcaption><\/figure>\n<\/div>\n\n\n<p class=\"has-text-align-center has-small-font-size\"><strong>5. Santa Bernardita de Lourdes<\/strong><br>La Virgen se le apareci\u00f3 en 1858 y d\u00e1ndose a conocer como la \u00abInmaculada Concepci\u00f3n\u00bb. En este mismo lugar brot\u00f3 una fuente donde se realizan miles de milagros, tanto f\u00edsicos como espirituales. Es el lugar de peregrinaci\u00f3n mariana m\u00e1s importante de Francia y del mundo.<\/p>\n<\/div>\n\n\n\n<div class=\"wp-block-column is-layout-flow wp-block-column-is-layout-flow\"><div class=\"wp-block-image\">\n<figure class=\"aligncenter size-full\"><img data-recalc-dims=\"1\" loading=\"lazy\" decoding=\"async\" width=\"100\" height=\"144\" src=\"https:\/\/i0.wp.com\/foyerdecaridad.cl\/site\/wp-content\/uploads\/2024\/09\/6-Don-Bosco-2-jpg.webp?resize=100%2C144&#038;ssl=1\" alt=\"\" class=\"wp-image-1273\"\/><figcaption class=\"wp-element-caption\"><mark style=\"background-color:rgba(0, 0, 0, 0)\" class=\"has-inline-color has-vivid-red-color\"><strong>Don Bosco<\/strong><\/mark><\/figcaption><\/figure>\n<\/div>\n\n\n<p class=\"has-text-align-center has-small-font-size\"><strong>6. Don Bosco<\/strong><br>Naci\u00f3 en Tur\u00edn el a\u00f1o 1815. Como sacerdote emple\u00f3 todas sus energ\u00edas, con bondad y firmeza en la educaci\u00f3n de los j\u00f3venes. Su primer centro de formaci\u00f3n lo llam\u00f3 Oratorio de San Francisco de Sales. De ah\u00ed nace el nombre de la Congregaci\u00f3n que \u00e9l fundo: \u00abLos Salesianos\u00bb y el Instituto de \u00abHijas de Mar\u00eda Auxiliadora\u00bb.<\/p>\n<\/div>\n<\/div>\n\n\n\n<div class=\"wp-block-columns is-layout-flex wp-container-core-columns-is-layout-9d6595d7 wp-block-columns-is-layout-flex\">\n<div class=\"wp-block-column is-layout-flow wp-block-column-is-layout-flow\"><div class=\"wp-block-image\">\n<figure class=\"aligncenter size-full is-resized\"><img data-recalc-dims=\"1\" loading=\"lazy\" decoding=\"async\" width=\"100\" height=\"146\" src=\"https:\/\/i0.wp.com\/foyerdecaridad.cl\/site\/wp-content\/uploads\/2024\/09\/7-Mart%C2%A1n-de-Porres-jpg.webp?resize=100%2C146&#038;ssl=1\" alt=\"\" class=\"wp-image-1274\" style=\"aspect-ratio:0.6770186335403726;object-fit:contain;width:114px;height:auto\"\/><figcaption class=\"wp-element-caption\">San Mart\u00edn de Porres<\/figcaption><\/figure>\n<\/div>\n\n\n<p class=\"has-text-align-center has-small-font-size\"><strong>7. San Mart\u00edn de Porres<\/strong><br>Peruano, naci\u00f3 en Lima en Diciembre de 1579, hermano Lego de la congregaci\u00f3n de los Dominicos. Se dedicaba a pedir limosna y a repartir lo obtenido a los pobres. Su dedicaci\u00f3n especial fue como hermano enfermero. Rezaba y hac\u00eda mucha penitencia.<\/p>\n<\/div>\n\n\n\n<div class=\"wp-block-column is-layout-flow wp-block-column-is-layout-flow\"><div class=\"wp-block-image\">\n<figure class=\"aligncenter size-full is-resized\"><img data-recalc-dims=\"1\" loading=\"lazy\" decoding=\"async\" width=\"100\" height=\"143\" src=\"https:\/\/i0.wp.com\/foyerdecaridad.cl\/site\/wp-content\/uploads\/2024\/09\/8-Vicente-de-Paul-jpg.webp?resize=100%2C143&#038;ssl=1\" alt=\"\" class=\"wp-image-1275\" style=\"width:100px;height:auto\"\/><figcaption class=\"wp-element-caption\"><mark style=\"background-color:rgba(0, 0, 0, 0)\" class=\"has-inline-color has-vivid-red-color\"><strong>San Vicente de Paul<\/strong><\/mark><\/figcaption><\/figure>\n<\/div>\n\n\n<p class=\"has-text-align-center has-small-font-size\"><strong>8. San Vicente de Paul<\/strong><br>Gigante de la Caridad, sus Obras a favor de los m\u00e1s necesitados son tan extensas y variadas que no hay ning\u00fan sector de los pobres que no se haya beneficiado de su celo. Siendo capell\u00e1n de las galeras reales lleg\u00f3 al extremo de tomar el lugar de un condenado. Identificado con los m\u00e1s pobres no ten\u00eda reparo en ser consejero espiritual de la Reina.<\/p>\n<\/div>\n\n\n\n<div class=\"wp-block-column is-layout-flow wp-block-column-is-layout-flow\"><div class=\"wp-block-image\">\n<figure class=\"aligncenter size-full\"><img data-recalc-dims=\"1\" loading=\"lazy\" decoding=\"async\" width=\"100\" height=\"144\" src=\"https:\/\/i0.wp.com\/foyerdecaridad.cl\/site\/wp-content\/uploads\/2024\/09\/9-San-Sebasti-n-jpg.webp?resize=100%2C144&#038;ssl=1\" alt=\"\" class=\"wp-image-1276\"\/><figcaption class=\"wp-element-caption\">San Sebasti\u00e1n<\/figcaption><\/figure>\n<\/div>\n\n\n<p class=\"has-text-align-center has-small-font-size\"><strong>9. San Sebasti\u00e1n : \u00abM\u00e1rtir de la Iglesia\u00bb<\/strong><br>Soldado del Imperio Romano, y tambi\u00e9n soldado de Cristo. Visitaba a los cristianos que estaban encarcelados por sus creencias. Sufri\u00f3 el martirio en el siglo III, en Roma. En Chile es muy venerado, especialmente en Yumbel (8va. Regi\u00f3n).<\/p>\n<\/div>\n<\/div>\n\n\n\n<div class=\"wp-block-columns is-layout-flex wp-container-core-columns-is-layout-9d6595d7 wp-block-columns-is-layout-flex\">\n<div class=\"wp-block-column is-layout-flow wp-block-column-is-layout-flow\"><div class=\"wp-block-image\">\n<figure class=\"aligncenter size-full is-resized\"><img data-recalc-dims=\"1\" loading=\"lazy\" decoding=\"async\" width=\"100\" height=\"144\" src=\"https:\/\/i0.wp.com\/foyerdecaridad.cl\/site\/wp-content\/uploads\/2024\/09\/10-cura-de-Ars-jpg.webp?resize=100%2C144&#038;ssl=1\" alt=\"\" class=\"wp-image-1277\" style=\"aspect-ratio:0.6770186335403726;object-fit:contain;width:114px;height:auto\"\/><figcaption class=\"wp-element-caption\">Cura de Ars<\/figcaption><\/figure>\n<\/div>\n\n\n<p class=\"has-text-align-center has-small-font-size\"><strong>10. El Santo Cura de Ars<\/strong><br>Su nombre es San Juan Mar\u00eda Vianney. Despu\u00e9s de muchas dificultades con sus estudios en el seminario, fue ordenado sacerdote y le confiaron la parroquia de Ars, donde se entreg\u00f3 en la penitencia y el sacrificio para evangelizar a ese pueblo. Confesaba 15 horas diarias. Es Patrono de los P\u00e1rrocos.<\/p>\n<\/div>\n\n\n\n<div class=\"wp-block-column is-layout-flow wp-block-column-is-layout-flow\"><div class=\"wp-block-image\">\n<figure class=\"aligncenter size-full\"><img data-recalc-dims=\"1\" loading=\"lazy\" decoding=\"async\" width=\"100\" height=\"144\" src=\"https:\/\/i0.wp.com\/foyerdecaridad.cl\/site\/wp-content\/uploads\/2024\/09\/11-Virgen-de-Guadalupe-jpg.webp?resize=100%2C144&#038;ssl=1\" alt=\"\" class=\"wp-image-1278\"\/><figcaption class=\"wp-element-caption\">Nuestra Se\u00f1ora de Guadalupe<\/figcaption><\/figure>\n<\/div>\n\n\n<p class=\"has-text-align-center has-small-font-size\"><strong>11. Nuestra Se\u00f1ora de Guadalupe<\/strong><br>Se apareci\u00f3 en M\u00e9xico, a Juan Diego en 1531, a quien le dijo: \u00ab\u00bfNo estoy aqu\u00ed yo que soy tu Madre?\u00bb. Y cuando el indio le pidi\u00f3 una se\u00f1al que el obispo solicitaba, Ella lo mand\u00f3 a cortar rosas en un cerro \u00e1rido. Al llev\u00e1rselas al Obispo y al abrir su manta, las rosas cayeron al suelo y se dibuj\u00f3 milagrosamente la Imagen de la Virgen de la Guadalupe.<\/p>\n<\/div>\n\n\n\n<div class=\"wp-block-column is-layout-flow wp-block-column-is-layout-flow\"><div class=\"wp-block-image\">\n<figure class=\"aligncenter size-full\"><img data-recalc-dims=\"1\" loading=\"lazy\" decoding=\"async\" width=\"100\" height=\"143\" src=\"https:\/\/i0.wp.com\/foyerdecaridad.cl\/site\/wp-content\/uploads\/2024\/09\/12-San-Francisco-jpg.webp?resize=100%2C143&#038;ssl=1\" alt=\"\" class=\"wp-image-1279\"\/><figcaption class=\"wp-element-caption\"><strong>San Francisco de Asis<\/strong><\/figcaption><\/figure>\n<\/div>\n\n\n<p class=\"has-text-align-center has-small-font-size\"><strong>12. San Francisco de Asis<\/strong><br>Naci\u00f3 en 1182 en Italia. El Hermano Francisco, quiso vivir pobre y humilde, fund\u00f3 la Orden de los Hermanos Menores conocida como Los Franciscanos. Tuvo los estigmas de Cristo. El comenz\u00f3 a hacer el primer pesebre de Navidad.<\/p>\n<\/div>\n<\/div>\n\n\n\n<div class=\"wp-block-columns is-layout-flex wp-container-core-columns-is-layout-9d6595d7 wp-block-columns-is-layout-flex\">\n<div class=\"wp-block-column is-layout-flow wp-block-column-is-layout-flow\"><div class=\"wp-block-image\">\n<figure class=\"aligncenter size-full is-resized\"><img data-recalc-dims=\"1\" loading=\"lazy\" decoding=\"async\" width=\"100\" height=\"144\" src=\"https:\/\/i0.wp.com\/foyerdecaridad.cl\/site\/wp-content\/uploads\/2024\/09\/13-Pio-X-jpg.webp?resize=100%2C144&#038;ssl=1\" alt=\"\" class=\"wp-image-1280\" style=\"aspect-ratio:0.6770186335403726;object-fit:contain;width:114px;height:auto\"\/><figcaption class=\"wp-element-caption\"><strong>&nbsp;San Pio X<\/strong><\/figcaption><\/figure>\n<\/div>\n\n\n<p class=\"has-text-align-center has-small-font-size\"><strong>13. San P\u00edo X<\/strong><br>Jos\u00e9 Sarto, \u00bfQui\u00e9n hubiera pensado que el peque\u00f1o campesino de Riesse ser\u00eda un d\u00eda el Pastor del inmenso pueblo de Dios? Es conocido como el Papa que permiti\u00f3 dar la Primera Comuni\u00f3n a los ni\u00f1os peque\u00f1os e invitaba a los cristianos a comulgar diariamente. Lo llaman el Papa de la Eucarist\u00eda.<\/p>\n<\/div>\n\n\n\n<div class=\"wp-block-column is-layout-flow wp-block-column-is-layout-flow\"><div class=\"wp-block-image\">\n<figure class=\"aligncenter size-full\"><img data-recalc-dims=\"1\" loading=\"lazy\" decoding=\"async\" width=\"100\" height=\"147\" src=\"https:\/\/i0.wp.com\/foyerdecaridad.cl\/site\/wp-content\/uploads\/2024\/09\/14-San-Norberto-jpg.webp?resize=100%2C147&#038;ssl=1\" alt=\"\" class=\"wp-image-1281\"\/><figcaption class=\"wp-element-caption\"><strong>San Norberto<\/strong><\/figcaption><\/figure>\n<\/div>\n\n\n<p class=\"has-text-align-center has-small-font-size\"><strong>14. San Norberto<\/strong><br>Naci\u00f3 en Xanten (Alemania) el a\u00f1o 1080. Con muchos t\u00edtulos, renta segura, buenas facciones y adem\u00e1s perteneciente a la nobleza, pasaba su vida entre el lujo, los honores, las fiestas, hasta que tuvo \u00absu Damasco\u00bb como San Pablo. Es Fundador de la Congregaci\u00f3n de Los Norbertinos o Premonstratenses.<\/p>\n<\/div>\n\n\n\n<div class=\"wp-block-column is-layout-flow wp-block-column-is-layout-flow\"><div class=\"wp-block-image\">\n<figure class=\"aligncenter size-full\"><img data-recalc-dims=\"1\" loading=\"lazy\" decoding=\"async\" width=\"100\" height=\"144\" src=\"https:\/\/i0.wp.com\/foyerdecaridad.cl\/site\/wp-content\/uploads\/2024\/09\/15-Benito-jpg.webp?resize=100%2C144&#038;ssl=1\" alt=\"\" class=\"wp-image-1283\"\/><figcaption class=\"wp-element-caption\"><strong>San Benito<\/strong><\/figcaption><\/figure>\n<\/div>\n\n\n<p class=\"has-text-align-center has-small-font-size\"><strong>15. San Benito<\/strong><br>Fue primero ermita\u00f1o, vivi\u00f3 solo en una gruta. Despu\u00e9s con un grupo de j\u00f3venes edific\u00f3 el primer monasterio en Montecasino y escribi\u00f3 la Regla cuya difusi\u00f3n le vali\u00f3 el t\u00edtulo de Patriarca del Monaquismo Occidental. Le llaman el Padre de Europa. Fundador de Los Monasterios Benedictinos y muy conocido por el lema: \u00abOra y labora\u00bb.<\/p>\n<\/div>\n<\/div>\n\n\n\n<div class=\"wp-block-columns is-layout-flex wp-container-core-columns-is-layout-9d6595d7 wp-block-columns-is-layout-flex\">\n<div class=\"wp-block-column is-layout-flow wp-block-column-is-layout-flow\"><div class=\"wp-block-image\">\n<figure class=\"aligncenter size-full is-resized\"><img data-recalc-dims=\"1\" loading=\"lazy\" decoding=\"async\" width=\"100\" height=\"144\" src=\"https:\/\/i0.wp.com\/foyerdecaridad.cl\/site\/wp-content\/uploads\/2024\/09\/16-Dog-de-Guzman-jpg.webp?resize=100%2C144&#038;ssl=1\" alt=\"\" class=\"wp-image-1285\" style=\"aspect-ratio:0.6770186335403726;object-fit:contain;width:114px;height:auto\"\/><figcaption class=\"wp-element-caption\"><strong>Santo Domingo de Guzm\u00e1n<\/strong><\/figcaption><\/figure>\n<\/div>\n\n\n<p class=\"has-text-align-center has-small-font-size\"><strong>16. Santo Domingo de Guzm\u00e1n<\/strong><br>Fundador de la Orden de los Predicadores o Dominicos. Tuvo que enfrentarse en Francia con muchos herejes. Dec\u00eda que la tierra deb\u00eda ser regada con muchos Ave Mar\u00edas para que sus predicaciones dieran fruto. La Madre de Dios, en persona, le ense\u00f1\u00f3 a rezar el rosario en el a\u00f1o 1208 y le dijo que propagara esta devoci\u00f3n y la utilizara como arma poderosa en contra de los enemigos de la Fe.<\/p>\n\n\n\n<figure class=\"wp-block-image is-resized\"><img data-recalc-dims=\"1\" decoding=\"async\" src=\"https:\/\/i0.wp.com\/www.foyerdecaridad.cl\/Honor\/017MarcelinoCh.jpg?w=640\" alt=\"\" style=\"width:20px;height:auto\"\/><\/figure>\n<\/div>\n\n\n\n<div class=\"wp-block-column is-layout-flow wp-block-column-is-layout-flow\"><div class=\"wp-block-image\">\n<figure class=\"aligncenter size-full\"><img data-recalc-dims=\"1\" loading=\"lazy\" decoding=\"async\" width=\"100\" height=\"144\" src=\"https:\/\/i0.wp.com\/foyerdecaridad.cl\/site\/wp-content\/uploads\/2024\/09\/17-Marcelino-jpg.webp?resize=100%2C144&#038;ssl=1\" alt=\"\" class=\"wp-image-1286\"\/><figcaption class=\"wp-element-caption\"><strong>San Marcelino Champagnat<\/strong><\/figcaption><\/figure>\n<\/div>\n\n\n<p class=\"has-text-align-center has-small-font-size\"><strong>17. San Marcelino Champagnat<\/strong><br>Naci\u00f3 y vivi\u00f3 en la \u00e9poca de la revoluci\u00f3n Francesa. Se dedic\u00f3 a la formaci\u00f3n de los j\u00f3venes, de ah\u00ed la necesidad de Fundar el Instituto de los Hermanos Maristas. Animado por una fe ardiente quiso renovar su parroquia con un gran amor a la Virgen y a la Santa Eucarist\u00eda.<\/p>\n<\/div>\n\n\n\n<div class=\"wp-block-column is-layout-flow wp-block-column-is-layout-flow\"><div class=\"wp-block-image\">\n<figure class=\"aligncenter size-full\"><img data-recalc-dims=\"1\" loading=\"lazy\" decoding=\"async\" width=\"100\" height=\"145\" src=\"https:\/\/i0.wp.com\/foyerdecaridad.cl\/site\/wp-content\/uploads\/2024\/09\/18-San-Agustin-jpg.webp?resize=100%2C145&#038;ssl=1\" alt=\"\" class=\"wp-image-1287\"\/><figcaption class=\"wp-element-caption\"><mark style=\"background-color:rgba(0, 0, 0, 0)\" class=\"has-inline-color has-vivid-red-color\"><strong>San Agust\u00edn<\/strong><\/mark><\/figcaption><\/figure>\n<\/div>\n\n\n<p class=\"has-text-align-center has-small-font-size\"><strong>18. San Agust\u00edn<\/strong><br>Gran intelectual que busc\u00f3 la Verdad en todas las ideolog\u00edas. Su madre, Santa M\u00f3nica lloraba y rezaba para convertirlo de su vida desordenada. Cuando le toc\u00f3 la Gracia, su conversi\u00f3n fue total y lleg\u00f3 a ser una gran lumbrera de la Iglesia. Es el fundador de Los Agustinos y muchas Congregaciones est\u00e1n regidos por su Regla. Entre sus escritos, se destaca: \u00abLas confesiones\u00bb<\/p>\n<\/div>\n<\/div>\n\n\n\n<div class=\"wp-block-columns is-layout-flex wp-container-core-columns-is-layout-9d6595d7 wp-block-columns-is-layout-flex\">\n<div class=\"wp-block-column is-layout-flow wp-block-column-is-layout-flow\"><div class=\"wp-block-image\">\n<figure class=\"aligncenter size-full is-resized\"><img data-recalc-dims=\"1\" loading=\"lazy\" decoding=\"async\" width=\"100\" height=\"146\" src=\"https:\/\/i0.wp.com\/foyerdecaridad.cl\/site\/wp-content\/uploads\/2024\/09\/19-Hno.-Eugenio-jpg.webp?resize=100%2C146&#038;ssl=1\" alt=\"\" class=\"wp-image-1288\" style=\"aspect-ratio:0.6770186335403726;object-fit:contain;width:114px;height:auto\"\/><figcaption class=\"wp-element-caption\"><strong>Hermano  Eugenio<\/strong><\/figcaption><\/figure>\n<\/div>\n\n\n<p class=\"has-text-align-center has-small-font-size\"><strong>19. Hno. Eugenio E. <\/strong><\/p>\n\n\n\n<p class=\"has-text-align-center has-small-font-size\"> 1er Evangelizador de la Isla de Pascua<br>-franc\u00e9s- de la Isla de Pascua. Es Hermano de Los Sagrados Corazones, fue abandonado en la Isla de Pascua y esclavizado por un isle\u00f1o, lo que no le impidi\u00f3 catequizar a los habitantes del lugar. Muri\u00f3 cuando se le anunciaba que el \u00faltimo pascuense hab\u00eda sido bautizado.<\/p>\n\n\n<div class=\"wp-block-image\">\n<figure class=\"aligncenter size-full is-resized\"><img data-recalc-dims=\"1\" loading=\"lazy\" decoding=\"async\" width=\"100\" height=\"146\" src=\"https:\/\/i0.wp.com\/foyerdecaridad.cl\/site\/wp-content\/uploads\/2024\/09\/22-Sta.-Rita-2-jpg.webp?resize=100%2C146&#038;ssl=1\" alt=\"\" class=\"wp-image-1295\" style=\"aspect-ratio:0.6770186335403726;object-fit:contain;width:114px;height:auto\"\/><figcaption class=\"wp-element-caption\"><strong>Santa Rita de Cacia<\/strong><\/figcaption><\/figure>\n<\/div>\n\n\n<p class=\"has-text-align-center has-small-font-size\"><strong>22. Santa Rita de Cascia<\/strong><br>Esposa y Madre. Tuvo que sufrir mucho por el car\u00e1cter de su esposo y luego por sus hijos. Cuando ellos fallecieron por una gracia especial pudo entrar al monasterio de las religiosas Agustinas. Es patrona de los casos imposibles.<\/p>\n\n\n<div class=\"wp-block-image\">\n<figure class=\"aligncenter size-full is-resized\"><img data-recalc-dims=\"1\" loading=\"lazy\" decoding=\"async\" width=\"100\" height=\"147\" src=\"https:\/\/i0.wp.com\/foyerdecaridad.cl\/site\/wp-content\/uploads\/2024\/09\/25-Margarita-Maria-jpg.webp?resize=100%2C147&#038;ssl=1\" alt=\"\" class=\"wp-image-1298\" style=\"aspect-ratio:0.6770186335403726;object-fit:contain;width:114px;height:auto\"\/><figcaption class=\"wp-element-caption\"><strong>Santa Margarita Mar\u00eda<\/strong><\/figcaption><\/figure>\n<\/div>\n\n\n<p class=\"has-text-align-center has-small-font-size\"><strong>25. Sta. Margarita Mar\u00eda y el Sagrado Coraz\u00f3n<\/strong><br>Religiosa de la Visitaci\u00f3n, que en Paray-Le-Monial (Francia), recibi\u00f3 la aparici\u00f3n del Sagrado Coraz\u00f3n de Jes\u00fas; este Coraz\u00f3n que tanto am\u00f3 a los hombres y que s\u00f3lo recibe desprecio e ingratitudes. Para consolarlo el Se\u00f1or pide que difunda la comuni\u00f3n los Primeros Viernes del mes.<\/p>\n\n\n<div class=\"wp-block-image\">\n<figure class=\"aligncenter size-full is-resized\"><img data-recalc-dims=\"1\" loading=\"lazy\" decoding=\"async\" width=\"100\" height=\"144\" src=\"https:\/\/i0.wp.com\/foyerdecaridad.cl\/site\/wp-content\/uploads\/2024\/09\/28-Juana-de-Arco-jpg.webp?resize=100%2C144&#038;ssl=1\" alt=\"\" class=\"wp-image-1303\" style=\"aspect-ratio:0.6770186335403726;object-fit:contain;width:114px;height:auto\"\/><figcaption class=\"wp-element-caption\"><strong>Santa Juana de Arco<\/strong><\/figcaption><\/figure>\n<\/div>\n\n\n<p class=\"has-text-align-center has-small-font-size\"><strong>28. Santa Juana de Arco<\/strong><br>Tuvo una vocaci\u00f3n poco com\u00fan, San Miguel Arc\u00e1ngel le pide de parte de Dios liberar a Francia de los ingleses. A los 17 a\u00f1os, sale a la cabeza de un ej\u00e9rcito. La doncella de Domremy liber\u00f3 a Francia; lo consigui\u00f3 liberando primeramente a las tropas del mal y del pecado. Muri\u00f3 quemada en la hoguera, pronunciando tres veces el Santo nombre de Jes\u00fas.<\/p>\n\n\n<div class=\"wp-block-image\">\n<figure class=\"aligncenter size-full is-resized\"><img data-recalc-dims=\"1\" loading=\"lazy\" decoding=\"async\" width=\"100\" height=\"144\" src=\"https:\/\/i0.wp.com\/foyerdecaridad.cl\/site\/wp-content\/uploads\/2024\/09\/31-Maria-Magdalena-jpg.webp?resize=100%2C144&#038;ssl=1\" alt=\"\" class=\"wp-image-1308\" style=\"aspect-ratio:0.6770186335403726;object-fit:contain;width:114px;height:auto\"\/><figcaption class=\"wp-element-caption\"><strong><mark style=\"background-color:rgba(0, 0, 0, 0)\" class=\"has-inline-color has-vivid-red-color\">Santa Mar\u00eda Magdalena<\/mark><\/strong><\/figcaption><\/figure>\n<\/div>\n\n\n<p class=\"has-text-align-center has-small-font-size\"><strong>31. Santa Mar\u00eda Magdalena<\/strong><br>Hermana de L\u00e1zaro y Marta, los amigos de Jes\u00fas en Betania, de los cuales habla el Evangelio. De prostituta pas\u00f3 a ser una gran Santa, porque supo amar mucho al Se\u00f1or. Fue la primera que anunci\u00f3 la Resurrecci\u00f3n del Se\u00f1or Jes\u00fas.<\/p>\n\n\n<div class=\"wp-block-image\">\n<figure class=\"aligncenter size-full is-resized\"><img data-recalc-dims=\"1\" loading=\"lazy\" decoding=\"async\" width=\"100\" height=\"145\" src=\"https:\/\/i0.wp.com\/foyerdecaridad.cl\/site\/wp-content\/uploads\/2024\/09\/34-San-Pablo-jpg.webp?resize=100%2C145&#038;ssl=1\" alt=\"\" class=\"wp-image-1312\" style=\"aspect-ratio:0.6770186335403726;object-fit:contain;width:114px;height:auto\"\/><figcaption class=\"wp-element-caption\"><strong>San Pablo Ap\u00f3stol<\/strong><\/figcaption><\/figure>\n<\/div>\n\n\n<p class=\"has-text-align-center has-small-font-size\"><strong>34. San Pablo Ap\u00f3stol<\/strong><br>De perseguidor de los cristianos se convirti\u00f3 en el gran Ap\u00f3stol de Jesucristo, encargado de evangelizar a los gentiles. Prueba de ello son las numerosas cartas que dej\u00f3 a todas las ciudades por donde pasaba, de las cuales a\u00fan hoy la Iglesia se alimenta. Muri\u00f3 decapitado, en Roma.<\/p>\n\n\n<div class=\"wp-block-image\">\n<figure class=\"aligncenter size-full is-resized\"><img data-recalc-dims=\"1\" loading=\"lazy\" decoding=\"async\" width=\"100\" height=\"144\" src=\"https:\/\/i0.wp.com\/foyerdecaridad.cl\/site\/wp-content\/uploads\/2024\/09\/37-Rosa-de-Lima-jpg.webp?resize=100%2C144&#038;ssl=1\" alt=\"\" class=\"wp-image-1315\" style=\"aspect-ratio:0.6770186335403726;object-fit:contain;width:114px;height:auto\"\/><figcaption class=\"wp-element-caption\"><strong>Santa Rosa de Lima<\/strong><\/figcaption><\/figure>\n<\/div>\n\n\n<p class=\"has-text-align-center has-small-font-size\"><strong>37. Santa Rosa de Lima<\/strong><br>Desde muy peque\u00f1a hizo voto de virginidad, se amarr\u00f3 un cilicio a la cintura y lo fij\u00f3 con un candado; la llave la tir\u00f3 al pozo de su casa. Hac\u00eda muchas penitencias por amor al Se\u00f1or. Visti\u00f3 el h\u00e1bito de Santo Domingo. Muri\u00f3 el 24 de Agosto de 1617.<\/p>\n\n\n<div class=\"wp-block-image\">\n<figure class=\"aligncenter size-full is-resized\"><img data-recalc-dims=\"1\" loading=\"lazy\" decoding=\"async\" width=\"100\" height=\"146\" src=\"https:\/\/i0.wp.com\/foyerdecaridad.cl\/site\/wp-content\/uploads\/2024\/09\/40-Judas-jpg.webp?resize=100%2C146&#038;ssl=1\" alt=\"\" class=\"wp-image-1318\" style=\"aspect-ratio:0.6770186335403726;object-fit:contain;width:114px;height:auto\"\/><figcaption class=\"wp-element-caption\"><strong><mark style=\"background-color:rgba(0, 0, 0, 0)\" class=\"has-inline-color has-vivid-red-color\">Judas Iscariote<\/mark> <\/strong><\/figcaption><\/figure>\n<\/div>\n\n\n<p class=\"has-text-align-center has-small-font-size\"><strong>40. Judas Iscariote o el Dolor de Dios<\/strong><br>Esta vida ha sido tomada en gran parte de la obra monumental \u00abEl Evangelio tal como me ha sido revelado\u00bb. Adem\u00e1s se complet\u00f3 con comentarios de los Santos Padres y consideraciones teol\u00f3gicas con respecto al ap\u00f3stol traidor, que nos ayudan a vivir con seriedad nuestro compromiso de hijos de Dios. En esta vida, vemos el gran amor y esfuerzos del Se\u00f1or para salvar un alma.<\/p>\n\n\n<div class=\"wp-block-image\">\n<figure class=\"aligncenter size-full is-resized\"><img data-recalc-dims=\"1\" loading=\"lazy\" decoding=\"async\" width=\"100\" height=\"144\" src=\"https:\/\/i0.wp.com\/foyerdecaridad.cl\/site\/wp-content\/uploads\/2024\/09\/43-Padre-Damian-jpg.webp?resize=100%2C144&#038;ssl=1\" alt=\"\" class=\"wp-image-1321\" style=\"aspect-ratio:0.6770186335403726;object-fit:contain;width:114px;height:auto\"\/><figcaption class=\"wp-element-caption\"><strong>Padre Dami\u00e1n <\/strong><\/figcaption><\/figure>\n<\/div>\n\n\n<p class=\"has-text-align-center has-small-font-size\"><strong>43. Padre Dami\u00e1n, Ap\u00f3stol de los Leprosos<\/strong><br>Sacerdote belga de la Congregaci\u00f3n de los Sagrados Corazones. Viendo el abandono en el cual estaban los leprosos en la Isla Molokai, parte definitivamente a vivir con ellos y les ayuda a llevar sus sufrimientos. Contagiado por la lepra muere el 15 de abril de 1889.<\/p>\n\n\n<div class=\"wp-block-image\">\n<figure class=\"aligncenter size-full is-resized\"><img data-recalc-dims=\"1\" loading=\"lazy\" decoding=\"async\" width=\"100\" height=\"146\" src=\"https:\/\/i0.wp.com\/foyerdecaridad.cl\/site\/wp-content\/uploads\/2024\/09\/46-Teresa-de-los-Andes-jpg.webp?resize=100%2C146&#038;ssl=1\" alt=\"\" class=\"wp-image-1324\" style=\"aspect-ratio:0.6770186335403726;object-fit:contain;width:114px;height:auto\"\/><figcaption class=\"wp-element-caption\"><strong>Santa Teresa de los Andes <\/strong><\/figcaption><\/figure>\n<\/div>\n\n\n<p class=\"has-text-align-center has-small-font-size\"><strong>46. Santa Teresa de los Andes<\/strong><br>Juanita Fern\u00e1ndez, naci\u00f3 el 13 de Julio de 1900 en Santiago de Chile, llev\u00f3 una vida de santidad en su familia, en su colegio. Entr\u00f3 al Carmelo de Los Andes a los 19 a\u00f1os de edad y alcanz\u00f3 a permanecer ah\u00ed s\u00f3lo 9 meses. Falleci\u00f3 el 12 de abril de 1920. Canonizada por el Papa Juan Pablo II el 21 de marzo de 1993.<\/p>\n\n\n<div class=\"wp-block-image\">\n<figure class=\"aligncenter size-full is-resized\"><img data-recalc-dims=\"1\" loading=\"lazy\" decoding=\"async\" width=\"100\" height=\"146\" src=\"https:\/\/i0.wp.com\/foyerdecaridad.cl\/site\/wp-content\/uploads\/2024\/09\/49-Juana-Jugan-jpg.webp?resize=100%2C146&#038;ssl=1\" alt=\"\" class=\"wp-image-1329\" style=\"aspect-ratio:0.6770186335403726;object-fit:contain;width:114px;height:auto\"\/><figcaption class=\"wp-element-caption\"><strong>Juana Jugan <\/strong><\/figcaption><\/figure>\n<\/div>\n\n\n<p class=\"has-text-align-center has-small-font-size\"><strong>49. Juana Jugan, Fundadora de las Hermanitas de los Pobres<\/strong><br>Religiosa francesa que naci\u00f3 en 1792 y fund\u00f3 la Congregaci\u00f3n de \u00abLas Hermanitas de los pobres\u00bb. El Papa Juan Pablo II al beatificarla en Octubre de 1982 dijo de ella: \u00abPobre de bienes pero rica en la fe Juana Jugan reconoci\u00f3 la voz de Dios\u00bb.<\/p>\n\n\n<div class=\"wp-block-image\">\n<figure class=\"aligncenter size-full is-resized\"><img data-recalc-dims=\"1\" loading=\"lazy\" decoding=\"async\" width=\"100\" height=\"142\" src=\"https:\/\/i0.wp.com\/foyerdecaridad.cl\/site\/wp-content\/uploads\/2024\/09\/52-Beatita-Benavides-jpg.webp?resize=100%2C142&#038;ssl=1\" alt=\"\" class=\"wp-image-1332\" style=\"aspect-ratio:0.6770186335403726;object-fit:contain;width:114px;height:auto\"\/><figcaption class=\"wp-element-caption\"><strong>Beatita Benavides de Quillota<\/strong><\/figcaption><\/figure>\n<\/div>\n\n\n<p class=\"has-text-align-center has-small-font-size\"><strong>52. Beatita Benavides de Quillota<\/strong><br>Mar\u00eda del Carmen Benavides es la gloria de Quillota, naci\u00f3 en esta ciudad el a\u00f1o 1777. A los 18 a\u00f1os se inscribi\u00f3 en la Tercera Orden de Santo Domingo. Una cristiana, con una caridad sin fronteras.<\/p>\n\n\n<div class=\"wp-block-image\">\n<figure class=\"aligncenter size-full is-resized\"><img data-recalc-dims=\"1\" loading=\"lazy\" decoding=\"async\" width=\"100\" height=\"145\" src=\"https:\/\/i0.wp.com\/foyerdecaridad.cl\/site\/wp-content\/uploads\/2024\/09\/55-Luisa-de-Marillac-jpg.webp?resize=100%2C145&#038;ssl=1\" alt=\"\" class=\"wp-image-1337\" style=\"aspect-ratio:0.6770186335403726;object-fit:contain;width:114px;height:auto\"\/><figcaption class=\"wp-element-caption\"><strong>Santa Luisa de Marillac<\/strong><\/figcaption><\/figure>\n<\/div>\n\n\n<p class=\"has-text-align-center has-small-font-size\"><strong>55. Santa Luisa de Marillac<\/strong><br>La vida de Luisa es la ilustraci\u00f3n clarividente del poder que tiene la mujer cuando utiliza sus cualidades innatas para servir y amar. San Vicente encontr\u00f3 en ella una cooperadora de mucho car\u00e1cter que le ayud\u00f3 a fundar \u00abLas Hijas de la Caridad\u00bb. Sin hacer los votos de religiosa, para tener toda la libertad de atender a los pobres en cualquier circunstancia.<\/p>\n\n\n<div class=\"wp-block-image\">\n<figure class=\"aligncenter size-full is-resized\"><img data-recalc-dims=\"1\" loading=\"lazy\" decoding=\"async\" width=\"100\" height=\"144\" src=\"https:\/\/i0.wp.com\/foyerdecaridad.cl\/site\/wp-content\/uploads\/2024\/09\/58-Santa-Filomena-jpg.webp?resize=100%2C144&#038;ssl=1\" alt=\"\" class=\"wp-image-1342\" style=\"aspect-ratio:0.6770186335403726;object-fit:contain;width:114px;height:auto\"\/><figcaption class=\"wp-element-caption\"><strong>Santa Filomena<\/strong><\/figcaption><\/figure>\n<\/div>\n\n\n<p class=\"has-text-align-center has-small-font-size\"><strong>58. Santa Filomena (Virgen y M\u00e1rtir)<\/strong><br>M\u00e1rtir de los primeros siglos. Diocleciano hechizado por su belleza le dijo: \u00abSi no me tienes como amante me tendr\u00e1s como tirano\u00bb, y como ella se resisti\u00f3, la hizo martirizar hasta que muri\u00f3. Al hacer las excavaciones en las catacumbas de Santa Priscila, el a\u00f1o 1802 encontraron su tumba con esta inscripci\u00f3n: \u00abPax Tecum Filumena\u00bb, se comprob\u00f3 que correspond\u00eda a una ni\u00f1a de no m\u00e1s de 14 a\u00f1os de edad. Fray Andresito de Chile fue muy devoto de esta Santa.<\/p>\n\n\n<div class=\"wp-block-image\">\n<figure class=\"aligncenter size-full is-resized\"><img data-recalc-dims=\"1\" loading=\"lazy\" decoding=\"async\" width=\"100\" height=\"143\" src=\"https:\/\/i0.wp.com\/foyerdecaridad.cl\/site\/wp-content\/uploads\/2024\/09\/61-Eugenia-jpg.webp?resize=100%2C143&#038;ssl=1\" alt=\"\" class=\"wp-image-1348\" style=\"aspect-ratio:0.6770186335403726;object-fit:contain;width:114px;height:auto\"\/><figcaption class=\"wp-element-caption\"><strong><mark style=\"background-color:rgba(0, 0, 0, 0)\" class=\"has-inline-color has-vivid-red-color\">Madre Eugenia<\/mark> <\/strong><\/figcaption><\/figure>\n<\/div>\n\n\n<p class=\"has-text-align-center has-small-font-size\"><strong>61. Eugenia<\/strong><br>De una infancia y juventud muy perturbada, educada por sus abuelos y t\u00edos. No conoci\u00f3 a su padre y de su madre no recibi\u00f3 buenos ejemplos, pero el Se\u00f1or la escogi\u00f3 para hacer de ella una santa, en la Congregaci\u00f3n de las Peque\u00f1as Hijas de los Sagrados Corazones de Jes\u00fas y de Mar\u00eda. Falleci\u00f3 el 7 de Septiembre de 1921 en Italia.<\/p>\n\n\n<div class=\"wp-block-image\">\n<figure class=\"aligncenter size-full is-resized\"><img data-recalc-dims=\"1\" loading=\"lazy\" decoding=\"async\" width=\"100\" height=\"145\" src=\"https:\/\/i0.wp.com\/foyerdecaridad.cl\/site\/wp-content\/uploads\/2024\/09\/64-Clara-de-Asis-jpg.webp?resize=100%2C145&#038;ssl=1\" alt=\"\" class=\"wp-image-1353\" style=\"aspect-ratio:0.6770186335403726;object-fit:contain;width:114px;height:auto\"\/><figcaption class=\"wp-element-caption\"><strong>Santa Clara de Asis<\/strong><\/figcaption><\/figure>\n<\/div>\n\n\n<p class=\"has-text-align-center has-small-font-size\"><strong>64. Santa Clara de Asis<\/strong><br>Una mujer que supo buscar la perla fina del Reino de los Cielos y vivir en la pobreza para reparar el abuso de las riquezas. Alentada por Francisco de As\u00eds, fund\u00f3 los Monasterios de las Clarisas, extendidos en todo el mundo para adorar al Se\u00f1or.<\/p>\n\n\n<div class=\"wp-block-image\">\n<figure class=\"aligncenter size-full is-resized\"><img data-recalc-dims=\"1\" loading=\"lazy\" decoding=\"async\" width=\"100\" height=\"146\" src=\"https:\/\/i0.wp.com\/foyerdecaridad.cl\/site\/wp-content\/uploads\/2024\/09\/67-San-Patricio-jpg.webp?resize=100%2C146&#038;ssl=1\" alt=\"\" class=\"wp-image-1358\" style=\"aspect-ratio:0.6770186335403726;object-fit:contain;width:114px;height:auto\"\/><figcaption class=\"wp-element-caption\"><strong>San Patricio<\/strong><br><br><strong>67. San Patricio <\/strong><br>Patrono de Irlanda. Naci\u00f3 en Gran Breta\u00f1a el a\u00f1o 385. De pastor de ovejas pas\u00f3 a ser Pastor de almas. Gran catequista, se le recuerda por la explicaci\u00f3n de la Sant\u00edsima Trinidad que ilustr\u00f3 con la hoja del tr\u00e9bol.<strong> <\/strong><\/figcaption><\/figure>\n<\/div>\n\n<div class=\"wp-block-image\">\n<figure class=\"aligncenter size-full is-resized\"><img data-recalc-dims=\"1\" loading=\"lazy\" decoding=\"async\" width=\"100\" height=\"145\" src=\"https:\/\/i0.wp.com\/foyerdecaridad.cl\/site\/wp-content\/uploads\/2024\/09\/70-Virgen-de-Pompeya-jpg.webp?resize=100%2C145&#038;ssl=1\" alt=\"\" class=\"wp-image-1362\" style=\"aspect-ratio:0.6770186335403726;object-fit:contain;width:114px;height:auto\"\/><figcaption class=\"wp-element-caption\"><strong>La virgen de Pompella<\/strong><\/figcaption><\/figure>\n<\/div>\n\n\n<figure class=\"wp-block-image is-resized\"><img data-recalc-dims=\"1\" decoding=\"async\" src=\"https:\/\/i0.wp.com\/www.foyerdecaridad.cl\/Honor\/070VirgendePompeya.jpg?w=640\" alt=\"\" style=\"width:20px;height:auto\"\/><\/figure>\n\n\n\n<p class=\"has-text-align-center has-small-font-size\"><strong>70. Virgen del Rosario de Pompeya<\/strong><br>Seg\u00fan los estudios actuales, la ciudad de Pompeya desapareci\u00f3 de la superficie de la tierra el a\u00f1o 79 de nuestra era. En el siglo XVIII despu\u00e9s de largas excavaciones fue descubierta. Bartolo Longo, despu\u00e9s de su conversi\u00f3n escuch\u00f3 a su confesor, que le dijo: \u00abSi quieres salvarte, propaga el Rosario\u00bb, por eso llev\u00f3 una imagen de la Virgen al valle de Pompeya y ah\u00ed comenzaron a derramarse numerosos favores de Nuestra Madre celestial.<\/p>\n\n\n<div class=\"wp-block-image\">\n<figure class=\"aligncenter size-full is-resized\"><img data-recalc-dims=\"1\" loading=\"lazy\" decoding=\"async\" width=\"100\" height=\"146\" src=\"https:\/\/i0.wp.com\/foyerdecaridad.cl\/site\/wp-content\/uploads\/2024\/09\/73-Gemita-jpg.webp?resize=100%2C146&#038;ssl=1\" alt=\"\" class=\"wp-image-1368\" style=\"aspect-ratio:0.6770186335403726;object-fit:contain;width:114px;height:auto\"\/><figcaption class=\"wp-element-caption\"><strong>Santa Gema Galgani<\/strong><\/figcaption><\/figure>\n<\/div>\n\n\n<p class=\"has-text-align-center has-small-font-size\"><strong>73. Santa Gema<\/strong><br>Una joven de la ciudad de Luca (Italia), que en sus cortos 25 a\u00f1os de vida supo amar apasionadamente a Cristo y a su Cruz. Ten\u00eda una tierna devoci\u00f3n filial para la Virgen Mar\u00eda y una obediencia incondicional a la Iglesia.<\/p>\n\n\n<div class=\"wp-block-image\">\n<figure class=\"aligncenter size-full is-resized\"><img data-recalc-dims=\"1\" loading=\"lazy\" decoding=\"async\" width=\"100\" height=\"146\" src=\"https:\/\/i0.wp.com\/foyerdecaridad.cl\/site\/wp-content\/uploads\/2024\/09\/76-San-Juan-Apostol-jpg.webp?resize=100%2C146&#038;ssl=1\" alt=\"\" class=\"wp-image-1372\" style=\"aspect-ratio:0.6770186335403726;object-fit:contain;width:114px;height:auto\"\/><figcaption class=\"wp-element-caption\"><strong><mark style=\"background-color:rgba(0, 0, 0, 0)\" class=\"has-inline-color has-vivid-red-color\">San Juan Evangelista<\/mark><\/strong><br><br><strong>76. San JuanEvangelista<\/strong><br>El m\u00e1s joven de los 12 ap\u00f3stoles. Fue disc\u00edpulo de Juan Bautista, y despu\u00e9s sigui\u00f3 a&nbsp; Jes\u00fas . Es aquel que, en la \u00faltima Cena, se recost\u00f3 sobre el pecho del Se\u00f1or. Escribi\u00f3 el cuarto Evangelio, cartas y el Apocalipsis. Despu\u00e9s de la muerte de Jes\u00fas, vivi\u00f3 con la Virgen. Muri\u00f3 a los 90 a\u00f1os.<strong><mark style=\"background-color:rgba(0, 0, 0, 0)\" class=\"has-inline-color has-vivid-red-color\"> <\/mark><\/strong><\/figcaption><\/figure>\n<\/div>\n\n<div class=\"wp-block-image\">\n<figure class=\"aligncenter size-full is-resized\"><img data-recalc-dims=\"1\" loading=\"lazy\" decoding=\"async\" width=\"100\" height=\"146\" src=\"https:\/\/i0.wp.com\/foyerdecaridad.cl\/site\/wp-content\/uploads\/2024\/09\/79-Mariam-de-Belen-jpg.webp?resize=100%2C146&#038;ssl=1\" alt=\"\" class=\"wp-image-1378\" style=\"aspect-ratio:0.6770186335403726;object-fit:contain;width:114px;height:auto\"\/><figcaption class=\"wp-element-caption\"><strong>Mariam de Belen<\/strong><br><br><strong>79. Mariam de Bel\u00e9n<\/strong><br>De familia muy cristiana, Mariam qued\u00f3 hu\u00e9rfana. Su t\u00edo la recogi\u00f3, pero fue muy duro con ella. Quej\u00e1ndose a un vecino, \u00e9ste le propuso hacerse musulmana. \u00a1Jam\u00e1s! le contest\u00f3. De rabia, le dio un hachazo en la garganta y, de noche, la ech\u00f3 en la calle muerta. La Virgen la recogi\u00f3 la san\u00f3. Despu\u00e9s la ayud\u00f3. Se hizo carmelita, y fund\u00f3 el Carmelo de Bel\u00e9n.<strong> <\/strong><\/figcaption><\/figure>\n<\/div>\n\n<div class=\"wp-block-image\">\n<figure class=\"aligncenter size-full is-resized\"><img data-recalc-dims=\"1\" loading=\"lazy\" decoding=\"async\" width=\"100\" height=\"146\" src=\"https:\/\/i0.wp.com\/foyerdecaridad.cl\/site\/wp-content\/uploads\/2024\/09\/82-Charbel-jpg.webp?resize=100%2C146&#038;ssl=1\" alt=\"\" class=\"wp-image-1383\" style=\"aspect-ratio:0.6770186335403726;object-fit:contain;width:114px;height:auto\"\/><figcaption class=\"wp-element-caption\"><strong>San Charbel<\/strong><\/figcaption><\/figure>\n<\/div>\n\n\n<p class=\"has-text-align-center has-small-font-size\"><strong>82. San Charbel<\/strong><br>Monje, ermita\u00f1o, contemplativo del L\u00edbano, pertenece a la Orden Maronita. Es el primer santo canonizado de la Iglesia cat\u00f3lica de rito oriental. Su vida y una serie de milagros ininterrumpidos que se producen despu\u00e9s de su muerte, provocan la veneraci\u00f3n de miles de personas que piden, por su intercesi\u00f3n, toda clase de favores.<\/p>\n\n\n<div class=\"wp-block-image\">\n<figure class=\"aligncenter size-full is-resized\"><img data-recalc-dims=\"1\" loading=\"lazy\" decoding=\"async\" width=\"100\" height=\"146\" src=\"https:\/\/i0.wp.com\/foyerdecaridad.cl\/site\/wp-content\/uploads\/2024\/09\/85-Bakhita-jpg.webp?resize=100%2C146&#038;ssl=1\" alt=\"\" class=\"wp-image-1388\" style=\"aspect-ratio:0.6770186335403726;object-fit:contain;width:114px;height:auto\"\/><figcaption class=\"wp-element-caption\"><strong>Santa Josefina Bakhita<\/strong><\/figcaption><\/figure>\n<\/div>\n\n\n<p class=\"has-text-align-center has-small-font-size\"><strong>85. Santa Josefina Bakhita<\/strong><br>Primera santa africana. Sudanesa, de familia acomodada, tuvo una infancia feliz, hasta que, a los 7 a\u00f1os, fue raptada por dos \u00e1rabes, que la vendieron a su turno a otro \u00e1rabe &#8230; y as\u00ed, fue comprada y vendida cinco veces. El \u00faltimo comprador, un c\u00f3nsul italiano, muy cristiano, la llev\u00f3 a Italia y le dio la libertad. Su propio testimonio es la fuente hist\u00f3rica de su vida.<\/p>\n\n\n<div class=\"wp-block-image\">\n<figure class=\"aligncenter size-full is-resized\"><img data-recalc-dims=\"1\" loading=\"lazy\" decoding=\"async\" width=\"100\" height=\"146\" src=\"https:\/\/i0.wp.com\/foyerdecaridad.cl\/site\/wp-content\/uploads\/2024\/09\/88-Taigi-1-jpg.webp?resize=100%2C146&#038;ssl=1\" alt=\"\" class=\"wp-image-1394\" style=\"aspect-ratio:0.6770186335403726;object-fit:contain;width:114px;height:auto\"\/><figcaption class=\"wp-element-caption\"><strong><mark style=\"background-color:rgba(0, 0, 0, 0)\" class=\"has-inline-color has-vivid-red-color\">Beata Ana Mar\u00eda Taigi<\/mark><\/strong><\/figcaption><\/figure>\n<\/div>\n\n\n<p class=\"has-text-align-center has-small-font-size\"><strong>88. Beata Ana Mar\u00eda Taigi<\/strong><br>Italiana, ha tenido una vida extraordinaria en el diario vivir de una due\u00f1a de casa. Todo eso no le impidi\u00f3 de tener una vida espiritual intensa, a parte de los muchos dones y revelaciones que Dios le dio para aconsejar y orientar a los grandes de este mundo.<\/p>\n\n\n<div class=\"wp-block-image\">\n<figure class=\"aligncenter size-full is-resized\"><img data-recalc-dims=\"1\" loading=\"lazy\" decoding=\"async\" width=\"100\" height=\"146\" src=\"https:\/\/i0.wp.com\/foyerdecaridad.cl\/site\/wp-content\/uploads\/2024\/09\/91-Paulina-Jaricot-jpg.webp?resize=100%2C146&#038;ssl=1\" alt=\"\" class=\"wp-image-1397\" style=\"aspect-ratio:0.6770186335403726;object-fit:contain;width:114px;height:auto\"\/><figcaption class=\"wp-element-caption\"><strong>Paulina Jaricot<\/strong><\/figcaption><\/figure>\n<\/div>\n\n\n<p class=\"has-small-font-size\"><strong>91- Paulina Jaricot:<\/strong><\/p>\n\n\n\n<p class=\"has-small-font-size\">Francesa, de Lyon, recibi\u00f3 los valores cristianos desde su infancia, ella misma escribe: \u00abDichosos quienes reciben de sus padres las primeras semillas de la fe\u00bb.<\/p>\n\n\n\n<p class=\"has-small-font-size\">Desde peque\u00f1a quer\u00eda ser misionera, despu\u00e9s de una grave ca\u00edda y luego una fuerte depresi\u00f3n, se comprometi\u00f3 a hacerse servidora de Cristo, y con una vocaci\u00f3n laica se lanz\u00f3 al sostenimiento de las misiones lejanas, con la idea genial de LA CHAUCHA. As\u00ed nace la Asociaci\u00f3n para la propagaci\u00f3n de la fe el a\u00f1o 1822, y ahora en octubre de cada a\u00f1o se celebra al D.U.M.: Domingo Universal de las Misiones.<\/p>\n<\/div>\n\n\n\n<div class=\"wp-block-column is-layout-flow wp-block-column-is-layout-flow\"><div class=\"wp-block-image\">\n<figure class=\"aligncenter size-full\"><img data-recalc-dims=\"1\" loading=\"lazy\" decoding=\"async\" width=\"100\" height=\"144\" src=\"https:\/\/i0.wp.com\/foyerdecaridad.cl\/site\/wp-content\/uploads\/2024\/09\/20-CARLOS-DE-FOUCAULD-jpg.webp?resize=100%2C144&#038;ssl=1\" alt=\"\" class=\"wp-image-1289\"\/><figcaption class=\"wp-element-caption\"><strong>Carlos de Foucauld<\/strong><\/figcaption><\/figure>\n<\/div>\n\n\n<p class=\"has-text-align-center has-small-font-size\"><strong>20. Carlos de Foucauld<\/strong><br>Despu\u00e9s de una vida bastante desordenada, se convirti\u00f3 y vivi\u00f3 como Ermita\u00f1o en el desierto en Tamanraset, en medio de los pobres. Su principal ocupaci\u00f3n era la adoraci\u00f3n Eucar\u00edstica hasta 8 horas diarias. Fue ordenado sacerdote en 1900 y permaneci\u00f3 entre los \u00e1rabes celebrando muchas veces solo su Misa. Muri\u00f3 asesinado y fue beatificado en Noviembre 2005. Siguen su inspiraci\u00f3n y espiritualidad Los Hermanitos y las Hermanitas de Jes\u00fas.<\/p>\n\n\n<div class=\"wp-block-image\">\n<figure class=\"aligncenter size-full\"><img data-recalc-dims=\"1\" loading=\"lazy\" decoding=\"async\" width=\"100\" height=\"146\" src=\"https:\/\/i0.wp.com\/foyerdecaridad.cl\/site\/wp-content\/uploads\/2024\/09\/23-Montfort-jpg.webp?resize=100%2C146&#038;ssl=1\" alt=\"\" class=\"wp-image-1296\"\/><figcaption class=\"wp-element-caption\"><strong>San Luis de Montfort<\/strong><\/figcaption><\/figure>\n<\/div>\n\n\n<p class=\"has-text-align-center has-small-font-size\"><strong>23. San Luis de Montfort<\/strong><br>Gran devoto de Mar\u00eda, autor del \u00abTratado de la Verdadera Devoci\u00f3n a la Virgen Mar\u00eda\u00bb, el libro de cabecera del Papa Juan Pablo II y de mayor circulaci\u00f3n en el mundo sobre la Virgen Mar\u00eda. Fundador de los Padre Montfortianos y de las Hermanas de la Sabidur\u00eda.<\/p>\n\n\n<div class=\"wp-block-image\">\n<figure class=\"aligncenter size-full\"><img data-recalc-dims=\"1\" loading=\"lazy\" decoding=\"async\" width=\"100\" height=\"146\" src=\"https:\/\/i0.wp.com\/foyerdecaridad.cl\/site\/wp-content\/uploads\/2024\/09\/26-San-Ignacio.jpg?resize=100%2C146&#038;ssl=1\" alt=\"\" class=\"wp-image-1300\"\/><figcaption class=\"wp-element-caption\"><strong>San Ignacio de Loyola<\/strong><\/figcaption><\/figure>\n<\/div>\n\n\n<p class=\"has-text-align-center has-small-font-size\"><strong>26. San Ignacio de Loyola<\/strong><br>Santo Espa\u00f1ol, que herido en la batalla de Manresa se dedic\u00f3 a una larga meditaci\u00f3n que lo convirti\u00f3. Conocido por los retiros Ignacianos, es el fundador de la Orden de los Jesuitas, que tienen como lema: \u00abA la mayor Gloria de Dios\u00bb.<\/p>\n\n\n<div class=\"wp-block-image\">\n<figure class=\"aligncenter size-full\"><img data-recalc-dims=\"1\" loading=\"lazy\" decoding=\"async\" width=\"100\" height=\"146\" src=\"https:\/\/i0.wp.com\/foyerdecaridad.cl\/site\/wp-content\/uploads\/2024\/09\/29-Fco-de-Sales-jpg.webp?resize=100%2C146&#038;ssl=1\" alt=\"\" class=\"wp-image-1304\"\/><figcaption class=\"wp-element-caption\">San Francisco de <strong>Sales<\/strong><\/figcaption><\/figure>\n<\/div>\n\n\n<p class=\"has-text-align-center has-small-font-size\"><strong>29. San Francisco de Sales<\/strong><br>Tuvo que enfrentarse a los Calvinistas (protestantes) que arrasaban a los cat\u00f3licos con falsas teor\u00edas. Muchos volvieron a la fe. Obispo de Ginebra, predicador famoso, es conocido como el santo de la humildad y de la dulzura. Nos ense\u00f1a que la primera victoria es sobre uno mismo. Fundador de las Hermanas de la Visitaci\u00f3n. Autor de la \u00abIntroducci\u00f3n a la Vida Devota\u00bb.<\/p>\n\n\n<div class=\"wp-block-image\">\n<figure class=\"aligncenter size-full\"><img data-recalc-dims=\"1\" loading=\"lazy\" decoding=\"async\" width=\"100\" height=\"146\" src=\"https:\/\/i0.wp.com\/foyerdecaridad.cl\/site\/wp-content\/uploads\/2024\/09\/32-Francheville-1-jpg.webp?resize=100%2C146&#038;ssl=1\" alt=\"\" class=\"wp-image-1310\"\/><figcaption class=\"wp-element-caption\"><strong>Catherine de Francheville<\/strong><\/figcaption><\/figure>\n<\/div>\n\n\n<p class=\"has-text-align-center has-small-font-size\"><strong>32. Catherine de Francheville<\/strong><br>Naci\u00f3 en Breta\u00f1a en 1620. Al morir sus padres, qued\u00f3 con una casa grande y bien acomodada. Y buscando lo que el Se\u00f1or quer\u00eda para ella, empez\u00f3 en 1665 a recibir en su casa a mujeres para formarlas. Es all\u00ed que empez\u00f3 los retiros espirituales para mujeres. Fundadora de la Congregaci\u00f3n de \u00abLa Retraite\u00bb<\/p>\n\n\n<div class=\"wp-block-image\">\n<figure class=\"aligncenter size-full\"><img data-recalc-dims=\"1\" loading=\"lazy\" decoding=\"async\" width=\"100\" height=\"145\" src=\"https:\/\/i0.wp.com\/foyerdecaridad.cl\/site\/wp-content\/uploads\/2024\/09\/35-RamonBlasCristobal-jpg.webp?resize=100%2C145&#038;ssl=1\" alt=\"\" class=\"wp-image-1313\"\/><figcaption class=\"wp-element-caption\">San Blas-San Ram\u00f3n &#8211; San Crist\u00f3bal <\/figcaption><\/figure>\n<\/div>\n\n\n<p class=\"has-text-align-center has-small-font-size\"><strong>35. San Blas &#8211; San Ram\u00f3n &#8211; San Cristobal<\/strong><br>San Ram\u00f3n, lo invocan las mam\u00e1s que van a dar a luz, porque \u00e9l es un hijo que sacaron del vientre de su madre ya muerta. A San Blas se le pide por las afecciones a la garganta y a San Crist\u00f3bal, se le invoca como patrono de los viajeros porque llev\u00f3 a Cristo en sus hombros.<\/p>\n\n\n<div class=\"wp-block-image\">\n<figure class=\"aligncenter size-full\"><img data-recalc-dims=\"1\" loading=\"lazy\" decoding=\"async\" width=\"100\" height=\"146\" src=\"https:\/\/i0.wp.com\/foyerdecaridad.cl\/site\/wp-content\/uploads\/2024\/09\/38-Marta-Robin-jpg.webp?resize=100%2C146&#038;ssl=1\" alt=\"\" class=\"wp-image-1316\"\/><figcaption class=\"wp-element-caption\">Marta Robin  <\/figcaption><\/figure>\n<\/div>\n\n\n<p class=\"has-text-align-center has-small-font-size\"><strong>38. Marta Robin &#8211; Inspiradora de los Foyers<\/strong><br>Despu\u00e9s de una larga enfermedad que la fue dejando paralizada poco a poco, recibi\u00f3 la visita del Se\u00f1or que le pidi\u00f3 si quer\u00eda ser como \u00c9l. Al aceptar, recibi\u00f3 los estigmas del Se\u00f1or. Junto con el Padre Finet, son los fundadores de Los Foyers de Caridad, extendidos en todo el mundo, y que tienen por vocaci\u00f3n predicar retiros para la formaci\u00f3n de los ap\u00f3stoles del mundo moderno.<\/p>\n\n\n<div class=\"wp-block-image\">\n<figure class=\"aligncenter size-full\"><img data-recalc-dims=\"1\" loading=\"lazy\" decoding=\"async\" width=\"100\" height=\"147\" src=\"https:\/\/i0.wp.com\/foyerdecaridad.cl\/site\/wp-content\/uploads\/2024\/09\/41-Laura-Vicuna-jpg.webp?resize=100%2C147&#038;ssl=1\" alt=\"\" class=\"wp-image-1319\"\/><figcaption class=\"wp-element-caption\"><strong>Laura Vicu\u00f1a<\/strong><br>41. Laura Vicu\u00f1aMuri\u00f3 a los 13 a\u00f1os. Dios hab\u00eda aceptado el sacrificio que ella hizo de su vida para salvar el alma de su madre que viv\u00eda en concubinato. Fue formada en el colegio salesiano de Mar\u00eda Auxiliadora y siendo chilena, muri\u00f3 en Argentina el 22 de Enero de 1904.<br>&nbsp;<strong>  <\/strong><\/figcaption><\/figure>\n<\/div>\n\n<div class=\"wp-block-image\">\n<figure class=\"aligncenter size-full\"><img data-recalc-dims=\"1\" loading=\"lazy\" decoding=\"async\" width=\"100\" height=\"144\" src=\"https:\/\/i0.wp.com\/foyerdecaridad.cl\/site\/wp-content\/uploads\/2024\/09\/44-San-Bernardo-jpg.webp?resize=100%2C144&#038;ssl=1\" alt=\"\" class=\"wp-image-1322\"\/><figcaption class=\"wp-element-caption\"><strong>San Bernardo de Claraval<\/strong><br><br><strong>44. San Bernardo de Claraval<\/strong><br>Despu\u00e9s de la muerte de su madre decidi\u00f3 ser monje campesino, atrajo a muchos a seguirlo. A los 25 a\u00f1os de edad ya era el Superior de la Abad\u00eda cisterciense. Se le considera un apaciguador, pacificador. Muy amante de la Virgen, por sus hermosos escritos se le nombr\u00f3 Doctor de la Iglesia.<strong>  <\/strong><\/figcaption><\/figure>\n<\/div>\n\n<div class=\"wp-block-image\">\n<figure class=\"aligncenter size-full\"><img data-recalc-dims=\"1\" loading=\"lazy\" decoding=\"async\" width=\"100\" height=\"143\" src=\"https:\/\/i0.wp.com\/foyerdecaridad.cl\/site\/wp-content\/uploads\/2024\/09\/47-Santa-Faustina-jpg.webp?resize=100%2C143&#038;ssl=1\" alt=\"\" class=\"wp-image-1325\"\/><figcaption class=\"wp-element-caption\"><strong>Sor Faustina <\/strong><\/figcaption><\/figure>\n<\/div>\n\n\n<p class=\"has-text-align-center has-small-font-size\"><strong>47. Sor Faustina<\/strong><br>Santa Polaca que propag\u00f3 en el mundo entero la Imagen de Jes\u00fas Misericordioso, con los rayos blancos y rojos, que representan el agua y la sangre que brotaron del coraz\u00f3n agonizante de Jes\u00fas. El primer domingo despu\u00e9s de Pascua de Resurrecci\u00f3n es la fiesta de la Misericordia. Jes\u00fas prometi\u00f3 grandes gracias a quienes honren y veneren esta imagen.<\/p>\n\n\n\n<figure class=\"wp-block-image is-resized\"><img data-recalc-dims=\"1\" decoding=\"async\" src=\"https:\/\/i0.wp.com\/www.foyerdecaridad.cl\/Honor\/048VirgendeMedjugorie.jpg?w=640\" alt=\"\" style=\"width:20px;height:auto\"\/><\/figure>\n\n\n<div class=\"wp-block-image\">\n<figure class=\"aligncenter size-full\"><img data-recalc-dims=\"1\" loading=\"lazy\" decoding=\"async\" width=\"100\" height=\"142\" src=\"https:\/\/i0.wp.com\/foyerdecaridad.cl\/site\/wp-content\/uploads\/2024\/09\/50-Anselmo-Polanco-jpg.webp?resize=100%2C142&#038;ssl=1\" alt=\"\" class=\"wp-image-1330\"\/><figcaption class=\"wp-element-caption\"><strong>Anselmo Polanco<\/strong><\/figcaption><\/figure>\n<\/div>\n\n\n<p class=\"has-text-align-center has-small-font-size\"><strong>50. Anselmo Polanco, Obispo M\u00e1rtir de la Guerra Civil Espa\u00f1ola<\/strong><br>Obispo Agustino, muri\u00f3 en la revoluci\u00f3n espa\u00f1ola de 1936, junto a otras 42 v\u00edctimas. El jefe del partido comunista, en su discurso del 8 de agosto de 1936 dijo: \u00abHemos resuelto el problema de Espa\u00f1a yendo a la ra\u00edz: hemos suprimido los sacerdotes, las Iglesias y el culto\u00bb . Fue beatificado el 1 de octubre de 1995.<\/p>\n\n\n<div class=\"wp-block-image\">\n<figure class=\"aligncenter size-full\"><img data-recalc-dims=\"1\" loading=\"lazy\" decoding=\"async\" width=\"100\" height=\"146\" src=\"https:\/\/i0.wp.com\/foyerdecaridad.cl\/site\/wp-content\/uploads\/2024\/09\/53-Ozanam-jpg.webp?resize=100%2C146&#038;ssl=1\" alt=\"\" class=\"wp-image-1333\"\/><figcaption class=\"wp-element-caption\"><strong><mark style=\"background-color:rgba(0, 0, 0, 0)\" class=\"has-inline-color has-vivid-red-color\">Federico Ozanam<\/mark><\/strong><\/figcaption><\/figure>\n<\/div>\n\n\n<p class=\"has-text-align-center has-small-font-size\"><strong>53. Federico Ozanam<\/strong><br>Inspir\u00e1ndose en el ejemplo de San Vicente de Paul se empe\u00f1\u00f3 en penetrar las altas esferas de intelectuales con la espiritualidad a favor de los pobres. En su c\u00e1tedra de La Sorbona tuvo la valent\u00eda de dirigirse a los estudiantes: \u00abYo no tengo el honor de ser te\u00f3logo, pero el Se\u00f1or me hizo el favor de ser cristiano y como tal les hablo a ustedes\u00bb.<\/p>\n\n\n<div class=\"wp-block-image\">\n<figure class=\"aligncenter size-full\"><img data-recalc-dims=\"1\" loading=\"lazy\" decoding=\"async\" width=\"100\" height=\"146\" src=\"https:\/\/i0.wp.com\/foyerdecaridad.cl\/site\/wp-content\/uploads\/2024\/09\/56-Padre-Pio-jpg.webp?resize=100%2C146&#038;ssl=1\" alt=\"\" class=\"wp-image-1338\"\/><figcaption class=\"wp-element-caption\"><strong><mark style=\"background-color:rgba(0, 0, 0, 0)\" class=\"has-inline-color has-vivid-red-color\">Padre Pio<\/mark><\/strong><\/figcaption><\/figure>\n<\/div>\n\n\n<p class=\"has-text-align-center has-small-font-size\"><strong>56. Padre P\u00edo<\/strong><br>Primer sacerdote estigmatizado, capuchino, de Pietrelcina (Italia). El 20 de Septiembre de 1918 recibi\u00f3 el don de las Llagas del Se\u00f1or que permanecieron abiertas y sangrantes por medio siglo. Estaba en el confesionario hasta m\u00e1s de 15 horas diarias. Es fundador de uno de los Hospitales m\u00e1s modernos que llam\u00f3 \u00abCasa del alivio del sufrimiento\u00bb, y patrono de todos los grupos de oraci\u00f3n.<\/p>\n\n\n<div class=\"wp-block-image\">\n<figure class=\"aligncenter size-full\"><img data-recalc-dims=\"1\" loading=\"lazy\" decoding=\"async\" width=\"100\" height=\"144\" src=\"https:\/\/i0.wp.com\/foyerdecaridad.cl\/site\/wp-content\/uploads\/2024\/09\/59-Domingo-Savio-jpg.webp?resize=100%2C144&#038;ssl=1\" alt=\"\" class=\"wp-image-1343\"\/><figcaption class=\"wp-element-caption\"><strong>Santo Domingo Savio<\/strong><\/figcaption><\/figure>\n<\/div>\n\n\n<p class=\"has-text-align-center has-small-font-size\"><strong>59. Santo Domingo Savio<\/strong><br>A los 7 a\u00f1os hizo su Primera Comuni\u00f3n y escribi\u00f3 su programa de vida cristiana: \u00abLa muerte antes que el pecado\u00bb. San Juan Bosco lo tuvo entre sus alumnos. Una vez Domingo le pregunt\u00f3: \u00bfQu\u00e9 se necesita para ser santo? Y \u00e9l le contest\u00f3 m\u00e1s valent\u00eda que a\u00f1os. Muri\u00f3 a los 15 a\u00f1os y fue canonizado en 1957.<\/p>\n\n\n<div class=\"wp-block-image\">\n<figure class=\"aligncenter size-full\"><img data-recalc-dims=\"1\" loading=\"lazy\" decoding=\"async\" width=\"100\" height=\"146\" src=\"https:\/\/i0.wp.com\/foyerdecaridad.cl\/site\/wp-content\/uploads\/2024\/09\/62-Santa-Ana-jpg.webp?resize=100%2C146&#038;ssl=1\" alt=\"\" class=\"wp-image-1349\"\/><figcaption class=\"wp-element-caption\"><strong>Santa Ana<\/strong><\/figcaption><\/figure>\n<\/div>\n\n\n<p class=\"has-text-align-center has-small-font-size\"><strong>62. Santa Ana<\/strong><br>Madre de la Sant\u00edsima Virgen Mar\u00eda. En una catequesis el Papa Juan Pablo II dijo que la Divina Revelaci\u00f3n es transmitida por cuatro pilares: La Sagrada Tradici\u00f3n, La Sagrada Escritura, El Magisterio de la Iglesia, y el sentido sobrenatural de fe de todo el pueblo de Dios. Es de la Sagrada Tradici\u00f3n que se sac\u00f3 informaci\u00f3n para hacer este libro.<\/p>\n\n\n<div class=\"wp-block-image\">\n<figure class=\"aligncenter size-full\"><img data-recalc-dims=\"1\" loading=\"lazy\" decoding=\"async\" width=\"100\" height=\"146\" src=\"https:\/\/i0.wp.com\/foyerdecaridad.cl\/site\/wp-content\/uploads\/2024\/09\/65-Fray-Andresito-jpg.webp?resize=100%2C146&#038;ssl=1\" alt=\"\" class=\"wp-image-1354\"\/><figcaption class=\"wp-element-caption\"><strong>Fray Andresito<\/strong><br><br><strong>65. FrayAndresito<\/strong><br>Desde Las Islas Canarias, pasando por Montevideo, lleg\u00f3 este fraile a Santiago de Chile en el a\u00f1o 1839. En el convento de la Recoleta franciscana se desempe\u00f1\u00f3 como cocinero y luego como hermano limosnero; as\u00ed fue muy conocido en Santiago por todo el bien que realizaba .<strong> <\/strong><\/figcaption><\/figure>\n<\/div>\n\n<div class=\"wp-block-image\">\n<figure class=\"aligncenter size-full\"><img data-recalc-dims=\"1\" loading=\"lazy\" decoding=\"async\" width=\"100\" height=\"146\" src=\"https:\/\/i0.wp.com\/foyerdecaridad.cl\/site\/wp-content\/uploads\/2024\/09\/68-Testigos-jpg.webp?resize=100%2C146&#038;ssl=1\" alt=\"\" class=\"wp-image-1359\"\/><figcaption class=\"wp-element-caption\"><strong>Testigos de la eucarist\u00eda <\/strong><\/figcaption><\/figure>\n<\/div>\n\n\n<p class=\"has-text-align-center has-small-font-size\"><strong>68. Testigos de la Eucarist\u00eda<\/strong><br>Relatos aut\u00e9nticos acerca de la Eucarist\u00eda. San Tarsicio, m\u00e1rtir de los primeros siglos de la era cristiana. La Peque\u00f1a Li, despu\u00e9s de la segunda guerra mundial en China, Juanito Betanzos en 1927 en M\u00e9xico. Santa Imelda, San Pancracio, San Estanislao Kostka, y otros relatos ver\u00eddicos recopilados por la escritora polaca Mar\u00eda Winovska.<\/p>\n\n\n<div class=\"wp-block-image\">\n<figure class=\"aligncenter size-full\"><img data-recalc-dims=\"1\" loading=\"lazy\" decoding=\"async\" width=\"100\" height=\"143\" src=\"https:\/\/i0.wp.com\/foyerdecaridad.cl\/site\/wp-content\/uploads\/2024\/09\/71-Juan-xxiii--jpg.webp?resize=100%2C143&#038;ssl=1\" alt=\"\" class=\"wp-image-1364\"\/><figcaption class=\"wp-element-caption\"><strong>Juan XXIII, el Papa bueno <\/strong><\/figcaption><\/figure>\n<\/div>\n\n\n<p class=\"has-text-align-center has-small-font-size\"><strong>71. El Buen Papa Juan XXIII<\/strong><br>Proviene de un medio ambiente campesino y profundamente cristiano. En la II guerra mundial siendo sacerdote fue llamado a servir como Sargento-enfermero y luego capell\u00e1n. Nombrado Obispo en 1922 y Nuncio Apost\u00f3lico en Par\u00eds en 1945. Siendo Cardenal Patriarca de Venecia y con 50 a\u00f1os de sacerdote es llamado al Conclave donde es elegido Papa el a\u00f1o 1954 En el a\u00f1o 1959 inicia el Concilio Vaticano II. Su Pontificado dur\u00f3 hasta el 31 de Mayo de 1963.<\/p>\n\n\n<div class=\"wp-block-image\">\n<figure class=\"aligncenter size-full\"><img data-recalc-dims=\"1\" loading=\"lazy\" decoding=\"async\" width=\"100\" height=\"146\" src=\"https:\/\/i0.wp.com\/foyerdecaridad.cl\/site\/wp-content\/uploads\/2024\/09\/74-Zelia-y-Martin-jpg.webp?resize=100%2C146&#038;ssl=1\" alt=\"\" class=\"wp-image-1369\"\/><figcaption class=\"wp-element-caption\"><strong><mark style=\"background-color:rgba(0, 0, 0, 0)\" class=\"has-inline-color has-vivid-red-color\">Zelia y Luis Mart\u00edn (padres de Santa Teresita) <\/mark><\/strong><\/figcaption><\/figure>\n<\/div>\n\n\n<p class=\"has-text-align-center has-small-font-size\"><strong>74. Zelia y Luis Martin<\/strong><br>Son padres admirables, los dos fueron atra\u00eddos por la vida religiosa, ni el uno ni el otro fueron aceptados y por voluntad de Dios se casaron. Tuvieron 9 hijos, cuatro fallecidos en la ni\u00f1ez y cinco religiosas, cuatro carmelitas y una de la Visitaci\u00f3n, de las cuales, la \u00faltima, Teresita, entrada en el Carmelo de Lisieux a los 15 a\u00f1os, es ahora Patrona de las Misiones y Doctora de la Iglesia.<\/p>\n\n\n<div class=\"wp-block-image\">\n<figure class=\"aligncenter size-full\"><img data-recalc-dims=\"1\" loading=\"lazy\" decoding=\"async\" width=\"100\" height=\"146\" src=\"https:\/\/i0.wp.com\/foyerdecaridad.cl\/site\/wp-content\/uploads\/2024\/09\/77-Edith-Stein-jpg.webp?resize=100%2C146&#038;ssl=1\" alt=\"\" class=\"wp-image-1374\"\/><figcaption class=\"wp-element-caption\"><strong><mark style=\"background-color:rgba(0, 0, 0, 0)\" class=\"has-inline-color has-vivid-red-color\"> <\/mark>Edith Stein<\/strong><\/figcaption><\/figure>\n<\/div>\n\n\n<p class=\"has-text-align-center has-small-font-size\"><strong>77. Santa Edith Stein<\/strong><br>De familla jud\u00eda, Edith fue profesora de filosof\u00eda en una Universidad en Alemania. Al leer a santa Teresa de \u00c1vila, se convirti\u00f3 al catolicismo , y se hizo carmelita. Siendo jud\u00eda, fue arrestada por los Nazis y llevada en un campo de concentraci\u00f3n, en donde muri\u00f3.<\/p>\n\n\n<div class=\"wp-block-image\">\n<figure class=\"aligncenter size-full\"><img data-recalc-dims=\"1\" loading=\"lazy\" decoding=\"async\" width=\"100\" height=\"146\" src=\"https:\/\/i0.wp.com\/foyerdecaridad.cl\/site\/wp-content\/uploads\/2024\/09\/80-Juan-de-Dios-jpg.webp?resize=100%2C146&#038;ssl=1\" alt=\"\" class=\"wp-image-1379\"\/><figcaption class=\"wp-element-caption\"><strong><mark style=\"background-color:rgba(0, 0, 0, 0)\" class=\"has-inline-color has-vivid-red-color\"> <\/mark>Juan de Dios<\/strong><\/figcaption><\/figure>\n<\/div>\n\n\n<p class=\"has-text-align-center has-small-font-size\"><strong>80. San Juan de Dios<\/strong><br>Portugu\u00e9s de origen, el Se\u00f1or lo llam\u00f3 al servicio de los enfermos a quienes cuidaba con abnegaci\u00f3n y paciencia. Fund\u00f3 la Orden Hospitalaria, y confiando en la Providencia de Dios, levant\u00f3 varios hospitales.<\/p>\n\n\n<div class=\"wp-block-image\">\n<figure class=\"aligncenter size-full\"><img data-recalc-dims=\"1\" loading=\"lazy\" decoding=\"async\" width=\"100\" height=\"146\" src=\"https:\/\/i0.wp.com\/foyerdecaridad.cl\/site\/wp-content\/uploads\/2024\/09\/83-Juana-Chantal-jpg.webp?resize=100%2C146&#038;ssl=1\" alt=\"\" class=\"wp-image-1384\"\/><figcaption class=\"wp-element-caption\"><strong><mark style=\"background-color:rgba(0, 0, 0, 0)\" class=\"has-inline-color has-vivid-red-color\"> <\/mark>Santa Juana de Chantal<\/strong><\/figcaption><\/figure>\n<\/div>\n\n\n<p class=\"has-text-align-center has-small-font-size\"><strong>83. Santa Juana de Chantal<\/strong><br>Todas las mujeres pueden identificarse con Juana de Chantal, pues pas\u00f3 por todas las formas de vidas : esposa, madre, viuda, religiosa, fundadora. Mujer tanto de piedad como de buen sentido, puede revelar a cada madre de familia, el secreto de la santidad. Hija espiritual de san Francisco de Sales, fund\u00f3 con \u00e9l la Orden de la Visitaci\u00f3n<\/p>\n\n\n\n<p class=\"has-small-font-size\">.<\/p>\n\n\n<div class=\"wp-block-image\">\n<figure class=\"aligncenter size-full\"><img data-recalc-dims=\"1\" loading=\"lazy\" decoding=\"async\" width=\"100\" height=\"146\" src=\"https:\/\/i0.wp.com\/foyerdecaridad.cl\/site\/wp-content\/uploads\/2024\/09\/86-Los-Cristeros-jpg.webp?resize=100%2C146&#038;ssl=1\" alt=\"\" class=\"wp-image-1389\"\/><figcaption class=\"wp-element-caption\"><strong><mark style=\"background-color:rgba(0, 0, 0, 0)\" class=\"has-inline-color has-vivid-red-color\"> Los Cristeros<\/mark><\/strong><\/figcaption><\/figure>\n<\/div>\n\n\n<p class=\"has-text-align-center has-small-font-size\"><strong>86. Los M\u00e1rtires Cristeros de M\u00e9xico<\/strong><br>La Iglesia siempre fue perseguida. En el siglo XX tambi\u00e9n son muchos los m\u00e1rtires en los pa\u00edses marxistas. Pero conocemos poco los m\u00e1rtires de M\u00e9xico. Perseguidos por un gobierno mas\u00f3n (1926- 1929). estos valientes cristianos, prefirieron obedecer a Dios que a los hombres. Para que hablen, eran torturados, e iban a la muerte con el grito de:\u00bb\u00a1Viva Cristo Rey! &#8230;\u00a1Viva santa Mar\u00eda de Guadalupe!&#8230;\u00bb<\/p>\n\n\n<div class=\"wp-block-image\">\n<figure class=\"aligncenter size-full\"><img data-recalc-dims=\"1\" loading=\"lazy\" decoding=\"async\" width=\"100\" height=\"146\" src=\"https:\/\/i0.wp.com\/foyerdecaridad.cl\/site\/wp-content\/uploads\/2024\/09\/89-Martin-Lutero-jpg.webp?resize=100%2C146&#038;ssl=1\" alt=\"\" class=\"wp-image-1395\"\/><figcaption class=\"wp-element-caption\">Mart\u00edn Lutero<\/figcaption><\/figure>\n<\/div>\n\n\n<p class=\"has-text-align-center has-small-font-size\"><strong>89. Mart\u00edn Lutero<\/strong><br>Monje agustino alem\u00e1n, iniciador del protestantismo, se rebel\u00f3 contra el Papa, provocando en la Iglesia una ruptura. Ninguna herej\u00eda de la Historia de la Iglesia tuvo efectos tan desastrosos como la Reforma que realiz\u00f3 Lutero. Hasta el fin de su vida tuvo un odio tremendo contra el Papa, Vicario de Cristo.<\/p>\n\n\n<div class=\"wp-block-image\">\n<figure class=\"aligncenter size-full\"><img data-recalc-dims=\"1\" loading=\"lazy\" decoding=\"async\" width=\"100\" height=\"146\" src=\"https:\/\/i0.wp.com\/foyerdecaridad.cl\/site\/wp-content\/uploads\/2024\/09\/92-Eugenia-Ravasio-jpg.webp?resize=100%2C146&#038;ssl=1\" alt=\"\" class=\"wp-image-1398\"\/><figcaption class=\"wp-element-caption\"><strong><mark style=\"background-color:rgba(0, 0, 0, 0)\" class=\"has-inline-color has-vivid-red-color\">Madre Eugenia Ravasio<\/mark><\/strong><\/figcaption><\/figure>\n<\/div>\n\n\n<p class=\"has-small-font-size\"><strong>92- Madre Eugenia Ravasio: El Padre Habla a sus hijos<\/strong><\/p>\n\n\n\n<p class=\"has-small-font-size\">Naci\u00f3 en Bergamo, Italia, a los 20 a\u00f1os entra al Convento de Nuestra Se\u00f1ora de los Ap\u00f3stoles, pronto la mandan al convento de Lyon (Francia). Recibi\u00f3 mensajes del Padre Dios que le dec\u00eda: &#8230; toda mi felicidad es poder estar ne medio de los hombres y hablarles, tal como un padre a sus hijos\u00bb.<\/p>\n\n\n\n<p class=\"has-small-font-size\">Descubri\u00f3 como sanar de la lepra, por inspiraci\u00f3n divina. En este folleto se presenta la vida de Madre Eugenia y los mensajes del Padre Dios.<\/p>\n<\/div>\n\n\n\n<div class=\"wp-block-column is-layout-flow wp-block-column-is-layout-flow\"><div class=\"wp-block-image\">\n<figure class=\"aligncenter size-full\"><img data-recalc-dims=\"1\" loading=\"lazy\" decoding=\"async\" width=\"100\" height=\"144\" src=\"https:\/\/i0.wp.com\/foyerdecaridad.cl\/site\/wp-content\/uploads\/2024\/09\/21-Teresa-de-Avila-jpg.webp?resize=100%2C144&#038;ssl=1\" alt=\"\" class=\"wp-image-1290\"\/><figcaption class=\"wp-element-caption\">Santa Teresa de \u00c1vila<\/figcaption><\/figure>\n<\/div>\n\n\n<p class=\"has-text-align-center has-small-font-size\"><strong>21. Santa Teresa de \u00c1vila<\/strong><br>Conocida como la Reformadora y Fundadora de muchos Carmelos en Espa\u00f1a, junto con San Juan de la Cruz. Fray Juan fund\u00f3 el primer convento de frailes Carmelitas descalzos. Proclamada por la Iglesia: Maestra de Oraci\u00f3n, por sus libros \u00abEl Camino de la Perfecci\u00f3n\u00bb y \u00abLas Moradas\u00bb. Es la primera mujer nombrada el a\u00f1o 1967: \u00abDoctora de la Iglesia\u00bb.<\/p>\n\n\n<div class=\"wp-block-image\">\n<figure class=\"aligncenter size-full\"><img data-recalc-dims=\"1\" loading=\"lazy\" decoding=\"async\" width=\"100\" height=\"144\" src=\"https:\/\/i0.wp.com\/foyerdecaridad.cl\/site\/wp-content\/uploads\/2024\/09\/24-Catalina-de-Siena-jpg.webp?resize=100%2C144&#038;ssl=1\" alt=\"\" class=\"wp-image-1297\"\/><figcaption class=\"wp-element-caption\"><strong>Santa  Catalina de Siena<\/strong><\/figcaption><\/figure>\n<\/div>\n\n\n<p class=\"has-text-align-center has-small-font-size\"><strong>24. Santa Catalina de Siena<\/strong><br>La pen\u00faltima de 24 hermanos. Por sus escritos de vida interior es nombrada \u00abDoctora de la Iglesia\u00bb. Una de las Santas m\u00e1s grandes de la Iglesia que ha sido favorecida por los mensajes del Padre Dios. Por sus reiteradas peticiones alcanza el regreso definitivo de los Papas desde Avignon a Roma. Muri\u00f3 a los 33 a\u00f1os de edad.<\/p>\n\n\n<div class=\"wp-block-image\">\n<figure class=\"aligncenter size-full\"><img data-recalc-dims=\"1\" loading=\"lazy\" decoding=\"async\" width=\"100\" height=\"145\" src=\"https:\/\/i0.wp.com\/foyerdecaridad.cl\/site\/wp-content\/uploads\/2024\/09\/27-La-Salette-jpg.webp?resize=100%2C145&#038;ssl=1\" alt=\"\" class=\"wp-image-1302\"\/><figcaption class=\"wp-element-caption\"><strong>La Salette<\/strong><\/figcaption><\/figure>\n<\/div>\n\n\n<p class=\"has-text-align-center has-small-font-size\"><strong>27. La Salette<\/strong><br>Aparici\u00f3n de la Virgen en Francia a dos Pastorcitos: Maximiliano y Melania. La Virgen llora y les dice que no se respeta el domingo, como d\u00eda del Se\u00f1or, que lo trabajan como cualquier d\u00eda, por eso las cosechas ser\u00e1n vanas, porque se les dio seis d\u00edas para trabajar y el s\u00e9ptimo d\u00eda es para dar gloria a Dios, primeramente asistiendo a la Misa.<\/p>\n\n\n<div class=\"wp-block-image\">\n<figure class=\"aligncenter size-full\"><img data-recalc-dims=\"1\" loading=\"lazy\" decoding=\"async\" width=\"100\" height=\"146\" src=\"https:\/\/i0.wp.com\/foyerdecaridad.cl\/site\/wp-content\/uploads\/2024\/09\/30-San-Jos%E2%80%9A-jpg.webp?resize=100%2C146&#038;ssl=1\" alt=\"\" class=\"wp-image-1305\"\/><figcaption class=\"wp-element-caption\"><strong><mark style=\"background-color:rgba(0, 0, 0, 0)\" class=\"has-inline-color has-vivid-red-color\">San Jos\u00e9<\/mark><\/strong><br><strong>30. San Jos\u00e9, Esposo de la Virgen Mar\u00eda<\/strong><br>Esposo Virginal de la Virgen Mar\u00eda y padre adoptivo de Jes\u00fas. Esta hermosa vida est\u00e1 tomada de la Sagrada Escritura y del Libro: \u00abEl Evangelio tal como me ha sido revelado\u00bb, de Mar\u00eda Valtorta.<strong><mark style=\"background-color:rgba(0, 0, 0, 0)\" class=\"has-inline-color has-vivid-red-color\"> <\/mark><\/strong><\/figcaption><\/figure>\n<\/div>\n\n<div class=\"wp-block-image\">\n<figure class=\"aligncenter size-full\"><img data-recalc-dims=\"1\" loading=\"lazy\" decoding=\"async\" width=\"100\" height=\"144\" src=\"https:\/\/i0.wp.com\/foyerdecaridad.cl\/site\/wp-content\/uploads\/2024\/09\/33-Francisco-Javier-jpg.webp?resize=100%2C144&#038;ssl=1\" alt=\"\" class=\"wp-image-1311\"\/><figcaption class=\"wp-element-caption\"><strong>San Francisco Javier<\/strong><\/figcaption><\/figure>\n<\/div>\n\n\n<p class=\"has-small-font-size\"><strong>33. San Francisco Javier<\/strong> Patrono de las Misiones<br>Santo jesuita que se uni\u00f3 al grupo de San Ignacio de Loyola, gran evangelizador en la India y Jap\u00f3n. Muri\u00f3 en 1552 en las Islas Sanci\u00e1n, a las puertas de China. Es el patrono de las Misiones.<\/p>\n\n\n<div class=\"wp-block-image\">\n<figure class=\"aligncenter size-full\"><img data-recalc-dims=\"1\" loading=\"lazy\" decoding=\"async\" width=\"100\" height=\"143\" src=\"https:\/\/i0.wp.com\/foyerdecaridad.cl\/site\/wp-content\/uploads\/2024\/09\/36-San-Pedro-jpg.webp?resize=100%2C143&#038;ssl=1\" alt=\"\" class=\"wp-image-1314\"\/><figcaption class=\"wp-element-caption\"><strong><mark style=\"background-color:rgba(0, 0, 0, 0)\" class=\"has-inline-color has-vivid-red-color\">San Pedro<\/mark><\/strong><\/figcaption><\/figure>\n<\/div>\n\n\n<p class=\"has-text-align-center has-small-font-size\"><strong>36. San Pedro, Vicario de Cristo<\/strong><br>Ap\u00f3stol de Jes\u00fas y primer Pont\u00edfice de la Iglesia Cat\u00f3lica a quien Jes\u00fas le confi\u00f3 las llaves del Para\u00edso, dici\u00e9ndole: \u00abT\u00fa eres Pedro y sobre esta piedra edificar\u00e9 mi Iglesia\u00bb (Mt. 16,18). Muri\u00f3 en Roma crucificado con la cabeza hacia abajo, porque dec\u00eda que no era digno de morir como su Maestro. Su tumba se venera en la Bas\u00edlica de San Pedro, ciudad del Vaticano.<\/p>\n\n\n<div class=\"wp-block-image\">\n<figure class=\"aligncenter size-full\"><img data-recalc-dims=\"1\" loading=\"lazy\" decoding=\"async\" width=\"100\" height=\"144\" src=\"https:\/\/i0.wp.com\/foyerdecaridad.cl\/site\/wp-content\/uploads\/2024\/09\/39-Alfonso-de-Ligorio-jpg.webp?resize=100%2C144&#038;ssl=1\" alt=\"\" class=\"wp-image-1317\"\/><figcaption class=\"wp-element-caption\"><strong>San Alfonso de Ligorio <\/strong><\/figcaption><\/figure>\n<\/div>\n\n\n<p class=\"has-text-align-center has-small-font-size\"><strong>39. San Alfonso de Ligorio, Fundador de los Redentoristas<\/strong><br>Naci\u00f3 en N\u00e1poles el a\u00f1o 1696. Despu\u00e9s de ejercer como abogado, perdi\u00f3 una causa, porque el contrincante la hab\u00eda falsificado. Mundo, te conozco! Tribunales, no me volver\u00e1n a ver!. .. Fue ordenado sacerdote, fundador de los Redentoristas, es Doctor y Obispo de la Iglesia.<\/p>\n\n\n<div class=\"wp-block-image\">\n<figure class=\"aligncenter size-full\"><img data-recalc-dims=\"1\" loading=\"lazy\" decoding=\"async\" width=\"100\" height=\"146\" src=\"https:\/\/i0.wp.com\/foyerdecaridad.cl\/site\/wp-content\/uploads\/2024\/09\/42-Pedro-Claver-jpg.webp?resize=100%2C146&#038;ssl=1\" alt=\"\" class=\"wp-image-1320\"\/><figcaption class=\"wp-element-caption\"><strong>San Pedro Claver<\/strong><\/figcaption><\/figure>\n<\/div>\n\n\n<p class=\"has-text-align-center has-small-font-size\"><strong>42. San Pedro Claver<\/strong><br>Naci\u00f3 en Espa\u00f1a en 1580, entr\u00f3 a la Compa\u00f1\u00eda de Jes\u00fas (los Jesuitas) y parti\u00f3 como misionero a Colombia, Cartagena. Ah\u00ed se dedic\u00f3 a atender a los esclavos negros que llegaban en los barcos y el mismo termin\u00f3 su vida como esclavo de los esclavos.<\/p>\n\n\n<div class=\"wp-block-image\">\n<figure class=\"aligncenter size-full\"><img data-recalc-dims=\"1\" loading=\"lazy\" decoding=\"async\" width=\"100\" height=\"146\" src=\"https:\/\/i0.wp.com\/foyerdecaridad.cl\/site\/wp-content\/uploads\/2024\/09\/45-Jacques-Fesch-jpg.webp?resize=100%2C146&#038;ssl=1\" alt=\"\" class=\"wp-image-1323\"\/><figcaption class=\"wp-element-caption\"><strong>Jacques Fesch<\/strong><\/figcaption><\/figure>\n<\/div>\n\n\n<p class=\"has-text-align-center has-small-font-size\"><strong>45. Jacques Fesh &#8211; Del Crimen a la Santidad<\/strong><br>Joven franc\u00e9s, mal educado, insaciable de bienes materiales lleg\u00f3 a robar y matar para conseguir lo que \u00e9l quer\u00eda. Fue condenado a pena de muerte. Ah\u00ed en la c\u00e1rcel encontr\u00f3 finalmente a Cristo e hizo una ascensi\u00f3n espiritual extraordinaria; escribi\u00f3 cartas muy emocionantes a su hija, a su esposa y a un hermano en la fe, benedictino. Fue guillotinado el 1o de octubre de 1957. Lo \u00faltimo que escribi\u00f3 fue: \u00abEn cinco horas voy a ver a Cristo\u00bb.<\/p>\n\n\n<div class=\"wp-block-image\">\n<figure class=\"aligncenter size-full\"><img data-recalc-dims=\"1\" loading=\"lazy\" decoding=\"async\" width=\"100\" height=\"144\" src=\"https:\/\/i0.wp.com\/foyerdecaridad.cl\/site\/wp-content\/uploads\/2024\/09\/48-Virgen-de-Medjugorie-jpg.webp?resize=100%2C144&#038;ssl=1\" alt=\"\" class=\"wp-image-1326\"\/><figcaption class=\"wp-element-caption\"><strong>La virgen nos habla en Medjugorge<\/strong><\/figcaption><\/figure>\n<\/div>\n\n\n<p class=\"has-text-align-center has-small-font-size\"><strong>48. La Virgen nos Habla en Medjugorie<\/strong><br>Desde el 24 de junio de 1981 seis j\u00f3venes de Medjugorje (ex Yugoslavia) ven la Virgen, la Gospa, como le llaman en su idioma. La Virgen nos recuerda los mensajes de siempre, conversi\u00f3n, vida sacramental, oraci\u00f3n, sobriedad. Innumerables son los peregrinos que acuden all\u00e1 y hay muchas conversiones. Les aconsejamos leer \u00abEl triunfo del Coraz\u00f3n\u00bb de Soer Emmanuel.<\/p>\n\n\n<div class=\"wp-block-image\">\n<figure class=\"aligncenter size-full\"><img data-recalc-dims=\"1\" loading=\"lazy\" decoding=\"async\" width=\"100\" height=\"146\" src=\"https:\/\/i0.wp.com\/foyerdecaridad.cl\/site\/wp-content\/uploads\/2024\/09\/51-Virgen-de-los-pobres-jpg.webp?resize=100%2C146&#038;ssl=1\" alt=\"\" class=\"wp-image-1331\"\/><figcaption class=\"wp-element-caption\"><strong>La virgen de los pobres <\/strong><\/figcaption><\/figure>\n<\/div>\n\n\n<p class=\"has-text-align-center has-small-font-size\"><strong>51. La Virgen de los Pobres de Banneux<\/strong><br>\u00abMadre del Salvador, Madre de Dios\u00bb, apariciones en Banneux (B\u00e9lgica). En 1933, la Virgen se le aparece a una ni\u00f1a, Marieta, para pedirle que rece mucho, y le dice que har\u00e1 brotar una fuente para aliviar a los enfermos.<\/p>\n\n\n<div class=\"wp-block-image\">\n<figure class=\"aligncenter size-full\"><img data-recalc-dims=\"1\" loading=\"lazy\" decoding=\"async\" width=\"100\" height=\"146\" src=\"https:\/\/i0.wp.com\/foyerdecaridad.cl\/site\/wp-content\/uploads\/2024\/09\/54-Antonio-de-Padua-jpg.webp?resize=100%2C146&#038;ssl=1\" alt=\"\" class=\"wp-image-1334\"\/><figcaption class=\"wp-element-caption\"><strong>San Antonio de Padua<\/strong><\/figcaption><\/figure>\n<\/div>\n\n\n<p class=\"has-text-align-center has-small-font-size\"><strong>54. San Antonio de Padua<\/strong><br>Conocido como Antonio de Padua, pero naci\u00f3 en Lisboa (Portugal). Entr\u00f3 a Los Franciscanos. Por sus dotes de predicador lo enviaron a Evangelizar el Norte de Italia y Francia. Es conocido por el santo de las cosas perdidas.<\/p>\n\n\n<div class=\"wp-block-image\">\n<figure class=\"aligncenter size-full\"><img data-recalc-dims=\"1\" loading=\"lazy\" decoding=\"async\" width=\"100\" height=\"144\" src=\"https:\/\/i0.wp.com\/foyerdecaridad.cl\/site\/wp-content\/uploads\/2024\/09\/57-Maria-Goretti-jpg.webp?resize=100%2C144&#038;ssl=1\" alt=\"\" class=\"wp-image-1339\"\/><figcaption class=\"wp-element-caption\"><strong><mark style=\"background-color:rgba(0, 0, 0, 0)\" class=\"has-inline-color has-vivid-red-color\">Santa Mar\u00eda Goretti<\/mark><\/strong><\/figcaption><\/figure>\n<\/div>\n\n\n<p class=\"has-text-align-center has-small-font-size\"><strong>57. Santa Mar\u00eda Goretti<\/strong><br>Ni\u00f1a italiana que a los 12 a\u00f1os por defender su castidad su agresor, que era su vecino, la hiri\u00f3 de muerte, con un punz\u00f3n. El d\u00eda de su canonizaci\u00f3n, 24 de junio de 1950, estaban presentes su madre y su verdugo, \u00e9ste termin\u00f3 santamente su vida. Un ejemplo para la juventud para no ceder ante la seducci\u00f3n del vicio, m\u00e1s bien luchar con firmeza por el camino de la perfecci\u00f3n cristiana.<\/p>\n\n\n<div class=\"wp-block-image\">\n<figure class=\"aligncenter size-full\"><img data-recalc-dims=\"1\" loading=\"lazy\" decoding=\"async\" width=\"100\" height=\"143\" src=\"https:\/\/i0.wp.com\/foyerdecaridad.cl\/site\/wp-content\/uploads\/2024\/09\/60-Teresa-de-Calcuta-1-jpg.webp?resize=100%2C143&#038;ssl=1\" alt=\"\" class=\"wp-image-1345\"\/><figcaption class=\"wp-element-caption\">Madre  Teresa de Calcuta<\/figcaption><\/figure>\n<\/div>\n\n\n<p class=\"has-text-align-center has-small-font-size\"><strong>60. Madre Teresa de Calcuta<\/strong><br>Una mujer peque\u00f1ita pero muy grande en su amor. Se dio por entero al servicio de los m\u00e1s pobres, recogiendo a los moribundos en las calles de la India y ayud\u00e1ndoles a morir bien. En 1949 fund\u00f3 la Congregaci\u00f3n de las Hermanas Misioneras de la Caridad. Recibi\u00f3 el Premio N\u00f3bel de la Paz en Diciembre de 1979. Falleci\u00f3 el 13 de Septiembre de 1997 y fue beatificada por el Papa Juan Pablo II.<\/p>\n\n\n<div class=\"wp-block-image\">\n<figure class=\"aligncenter size-full\"><img data-recalc-dims=\"1\" loading=\"lazy\" decoding=\"async\" width=\"100\" height=\"144\" src=\"https:\/\/i0.wp.com\/foyerdecaridad.cl\/site\/wp-content\/uploads\/2024\/09\/63-Juan-Bautista-jpg.webp?resize=100%2C144&#038;ssl=1\" alt=\"\" class=\"wp-image-1350\"\/><figcaption class=\"wp-element-caption\"><strong>San Juan Bautista<\/strong><\/figcaption><\/figure>\n<\/div>\n\n\n<p class=\"has-text-align-center has-small-font-size\"><strong>63. San Juan Bautista<\/strong><br>Primo de Jes\u00fas, hijo de Zacar\u00edas, sacerdote del Templo y de Isabel, prima de la Virgen Mar\u00eda. Santificado desde el seno de su madre por Jes\u00fas en el seno de la Virgen Mar\u00eda; anunci\u00f3 a Cristo por su predicaci\u00f3n. Hombre austero, fue decapitado por Herodes a quien reproch\u00f3 su vida en adulterio. Es el \u00faltimo de los profetas.<\/p>\n\n\n<div class=\"wp-block-image\">\n<figure class=\"aligncenter size-full\"><img data-recalc-dims=\"1\" loading=\"lazy\" decoding=\"async\" width=\"100\" height=\"146\" src=\"https:\/\/i0.wp.com\/foyerdecaridad.cl\/site\/wp-content\/uploads\/2024\/09\/66-Herman-Wijns-jpg.webp?resize=100%2C146&#038;ssl=1\" alt=\"\" class=\"wp-image-1355\"\/><figcaption class=\"wp-element-caption\"><strong>Herman Wijns<\/strong><\/figcaption><\/figure>\n<\/div>\n\n\n<p class=\"has-text-align-center has-small-font-size\"><strong>66. Herman Wijns \u00abPeque\u00f1o Sacerdote\u00bb<\/strong><br>De padres muy cristianos, aprendi\u00f3 a amar a Dios desde peque\u00f1ito. Desde los cinco a\u00f1os acompa\u00f1aba a su pap\u00e1 a la Misa diaria. A los 6 a\u00f1os de edad se le permite hacer su Primera Comuni\u00f3n, luego entra a la Cruzada Eucar\u00edstica. Le llaman el peque\u00f1o sacerdote. Un ejemplo para los ni\u00f1os.<\/p>\n\n\n<div class=\"wp-block-image\">\n<figure class=\"aligncenter size-full\"><img data-recalc-dims=\"1\" loading=\"lazy\" decoding=\"async\" width=\"100\" height=\"145\" src=\"https:\/\/i0.wp.com\/foyerdecaridad.cl\/site\/wp-content\/uploads\/2024\/09\/69-Juan-Pablo-II-jpg.webp?resize=100%2C145&#038;ssl=1\" alt=\"\" class=\"wp-image-1360\"\/><figcaption class=\"wp-element-caption\"><strong>Juan Pablo II<\/strong><\/figcaption><\/figure>\n<\/div>\n\n\n<p class=\"has-text-align-center has-small-font-size\"><strong>69. Juan Pablo II<\/strong><br>Primer Papa Polaco. Su pontificado fue uno de los m\u00e1s largos: de 1978 a 2005. Fue un Papa peregrino, recorri\u00f3 el mundo entero, tuvo mucha influencia por sus escritos, mucho contacto con la juventud, con distintos l\u00edderes religiosos, anunciador de la Verdad, combati\u00f3 los enga\u00f1os del comunismo sufridos en su misma patria. Fue el Papa de la Virgen, su lema lo indica: Todo tuyo, Oh Mar\u00eda! Fue aclamado como ning\u00fan hombre lo fue, en especial en Am\u00e9rica Latina con la frase: Juan Pablo II, te quiere todo el mundo!, y hasta el d\u00eda de sus funerales, la multitud clamaba: \u00abSanto, ahora\u00bb, por lo que el Papa Benedicto XVI abri\u00f3 la causa de su Beatificaci\u00f3n.<\/p>\n\n\n<div class=\"wp-block-image\">\n<figure class=\"aligncenter size-full\"><img data-recalc-dims=\"1\" loading=\"lazy\" decoding=\"async\" width=\"100\" height=\"146\" src=\"https:\/\/i0.wp.com\/foyerdecaridad.cl\/site\/wp-content\/uploads\/2024\/09\/72-Adoratrices-jpg.webp?resize=100%2C146&#038;ssl=1\" alt=\"\" class=\"wp-image-1365\"\/><figcaption class=\"wp-element-caption\"><strong><mark style=\"background-color:rgba(0, 0, 0, 0)\" class=\"has-inline-color has-vivid-red-color\">Ven. Maria Magdalena (Adoratrices)<\/mark><\/strong><\/figcaption><\/figure>\n<\/div>\n\n\n<p class=\"has-text-align-center has-small-font-size\"><strong>72. Mar\u00eda Magdalena de la Encarnaci\u00f3n<\/strong><br>Fundadora de las Hermanas \u00abAdoratrices Perpetuas del Sant\u00edsimo Sacramento\u00bb. Catalina Sordini ense\u00f1a a las j\u00f3venes que de las imperfecciones y debilidades propias de nuestra naturaleza se puede subir a la m\u00e1s alta perfecci\u00f3n.<\/p>\n\n\n<div class=\"wp-block-image\">\n<figure class=\"aligncenter size-full\"><img data-recalc-dims=\"1\" loading=\"lazy\" decoding=\"async\" width=\"100\" height=\"146\" src=\"https:\/\/i0.wp.com\/foyerdecaridad.cl\/site\/wp-content\/uploads\/2024\/09\/75-P.-Hurtado-jpg.webp?resize=100%2C146&#038;ssl=1\" alt=\"\" class=\"wp-image-1370\"\/><figcaption class=\"wp-element-caption\"><strong>Padre Alberto Hurtado<\/strong><\/figcaption><\/figure>\n<\/div>\n\n\n<p class=\"has-text-align-center has-small-font-size\"><strong>75. Padre Hurtado<\/strong><br>Sacerdote jesuita que se entreg\u00f3 por entero al servicio de los m\u00e1s pobres; especialmente de los ni\u00f1os. Fue creador de varias obras, pero sin duda la m\u00e1s importante es el Hogar de Cristo. A los 51 a\u00f1os de edad se presenta ante el Padre con una vida bien llena de Buenas Obras. Ayud\u00f3 a muchos j\u00f3venes a seguir a Cristo. Escribi\u00f3 muchos libros, dedicados a los j\u00f3venes, al Humanismo social, al cristianismo, etc. Canonizado el 23 de Octubre de 2005.<\/p>\n\n\n<div class=\"wp-block-image\">\n<figure class=\"aligncenter size-full\"><img data-recalc-dims=\"1\" loading=\"lazy\" decoding=\"async\" width=\"100\" height=\"146\" src=\"https:\/\/i0.wp.com\/foyerdecaridad.cl\/site\/wp-content\/uploads\/2024\/09\/78-Juan-de-la-Cruz-jpg.webp?resize=100%2C146&#038;ssl=1\" alt=\"\" class=\"wp-image-1375\"\/><figcaption class=\"wp-element-caption\"><strong><mark style=\"background-color:rgba(0, 0, 0, 0)\" class=\"has-inline-color has-vivid-red-color\">San Juan de la Cruz<\/mark><\/strong><\/figcaption><\/figure>\n<\/div>\n\n\n<p class=\"has-text-align-center has-small-font-size\"><strong>78. San Juan de la Cruz<\/strong><br>Carmelita espa\u00f1ol. Hijo espiritual de Sta Teresa de \u00c1vila, emprendi\u00f3, ayudado por ella, la reforma de su Carmelo que se hab\u00eda relajado mucho de la regla primitiva m\u00e1s austera. Tuvo que sufrir mucho de parte de sus hermanos, que no quer\u00edan esta reforma. Escribi\u00f3 \u00abLa Noche Oscura\u00bb, de alta espiritualidad.<\/p>\n\n\n<div class=\"wp-block-image\">\n<figure class=\"aligncenter size-full\"><img data-recalc-dims=\"1\" loading=\"lazy\" decoding=\"async\" width=\"100\" height=\"146\" src=\"https:\/\/i0.wp.com\/foyerdecaridad.cl\/site\/wp-content\/uploads\/2024\/09\/81-Juana-Beretta-jpg.webp?resize=100%2C146&#038;ssl=1\" alt=\"\" class=\"wp-image-1380\"\/><figcaption class=\"wp-element-caption\"><strong><mark style=\"background-color:rgba(0, 0, 0, 0)\" class=\"has-inline-color has-vivid-red-color\">Sta. Juana Beretta<\/mark><\/strong><\/figcaption><\/figure>\n<\/div>\n\n\n<p class=\"has-text-align-center has-small-font-size\"><strong>81. Santa Juana Beretta<\/strong><br>M\u00e9dico, esposa y madre de familia, la cual, a trav\u00e9s de su vida familiar, conyugal, maternal y profesional nos habla del verdadero amor, que la llev\u00f3 a la cumbre de la santidad. Esperando su tercer hijo, descubre que tiene un tumor que amenaza la vida del beb\u00e9 y la suya propia. Entonces dijo a su marido: \u00abQuiero que se salve el ni\u00f1o\u00bb. El coraz\u00f3n destrozado, los dos aceptaron la voluntad de Dios &#8230;<\/p>\n\n\n<div class=\"wp-block-image\">\n<figure class=\"aligncenter size-full\"><img data-recalc-dims=\"1\" loading=\"lazy\" decoding=\"async\" width=\"100\" height=\"146\" src=\"https:\/\/i0.wp.com\/foyerdecaridad.cl\/site\/wp-content\/uploads\/2024\/09\/84-Rey-Balduino-jpg.webp?resize=100%2C146&#038;ssl=1\" alt=\"\" class=\"wp-image-1385\"\/><figcaption class=\"wp-element-caption\"><strong><mark style=\"background-color:rgba(0, 0, 0, 0)\" class=\"has-inline-color has-black-color\">El rey Balduino<\/mark><\/strong><\/figcaption><\/figure>\n<\/div>\n\n\n<p class=\"has-text-align-center has-small-font-size\"><strong>84. El Rey Balduino<\/strong><br>Hay reyes que son m\u00e1s que reyes. Son pastores de su pueblo. No s\u00f3lo reinan, sino que aman hasta dar su propia vida. Llegar\u00e1 un d\u00eda en que su secreto ser\u00e1 conocido y los hombres dir\u00e1n: \u00ab\u00a1Este hombre era un justo!\u00bb. Fue muy amado: Por su madre, la reina Astrid, por su esposa Fabiola, y m\u00e1s tarde, por el pueblo belga, que lo am\u00f3 como jam\u00e1s lo fue un rey.<\/p>\n\n\n<div class=\"wp-block-image\">\n<figure class=\"aligncenter size-full\"><img data-recalc-dims=\"1\" loading=\"lazy\" decoding=\"async\" width=\"100\" height=\"146\" src=\"https:\/\/i0.wp.com\/foyerdecaridad.cl\/site\/wp-content\/uploads\/2024\/09\/87-Claret-jpg.webp?resize=100%2C146&#038;ssl=1\" alt=\"\" class=\"wp-image-1390\"\/><figcaption class=\"wp-element-caption\"><strong>San Antonio Mar\u00eda Claret<\/strong><\/figcaption><\/figure>\n<\/div>\n\n\n<p class=\"has-text-align-center has-small-font-size\"><strong>87. San Antonio Mar\u00eda Claret<\/strong><br>Fundador y gran predicador en Espa\u00f1a, en las Islas Canarias. Nombrado Obispo, recorri\u00f3 la isla de Cuba predicando, y fustigando los vicios y los abusos, lo que suscit\u00f3 odios de los propietarios de esclavos. Foment\u00f3 las buenas lecturas, que \u00e9l mismo escrib\u00eda y regalaba.. Nombrado consejero de la Reina de Espa\u00f1a, le vali\u00f3 las peores calumnias. Finalmente muri\u00f3 santamente en el destierro.<\/p>\n\n\n<div class=\"wp-block-image\">\n<figure class=\"aligncenter size-full is-resized\"><img data-recalc-dims=\"1\" loading=\"lazy\" decoding=\"async\" width=\"100\" height=\"146\" src=\"https:\/\/i0.wp.com\/foyerdecaridad.cl\/site\/wp-content\/uploads\/2024\/09\/90-Padre-Poppe-jpg.webp?resize=100%2C146&#038;ssl=1\" alt=\"\" class=\"wp-image-1396\" style=\"width:100px;height:auto\"\/><figcaption class=\"wp-element-caption\"><strong>Beato Eduardo Poppe <\/strong><\/figcaption><\/figure>\n<\/div>\n\n\n<p class=\"has-small-font-size\"><strong>90- El Padre Poppe:<\/strong><\/p>\n\n\n\n<p class=\"has-small-font-size\">El d\u00eda de su beatificaci\u00f3n, 3 de octubre de 1999, el Papa Juan Pablo II dijo: \u00abvoy a cantar en nombre de mi amigo un canto de amor a su vi\u00f1a\u00bb. Estas palabras se aplican al presb\u00edtero Eduardo Poppe. El se convierte hoy en el modelo para los sacerdotes, sobre todo para los de su pa\u00eds, B\u00e9lgica. Los invita a ser sacerdotes fervorosos, enamorados de Dios y de sus hermanos&#8230;<\/p>\n\n\n\n<p class=\"has-text-align-center has-small-font-size\"><em>S\u00f3lo si se dejan iluminar por Cristo, a trav\u00e9s de la Eucarist\u00eda, podr\u00e1n transmitir su luz.<\/em><\/p>\n\n\n<div class=\"wp-block-image\">\n<figure class=\"aligncenter size-full is-resized\"><img data-recalc-dims=\"1\" loading=\"lazy\" decoding=\"async\" width=\"100\" height=\"146\" src=\"https:\/\/i0.wp.com\/foyerdecaridad.cl\/site\/wp-content\/uploads\/2024\/09\/93-Nuevos-rostros-jpg.webp?resize=100%2C146&#038;ssl=1\" alt=\"\" class=\"wp-image-1399\" style=\"width:100px;height:auto\"\/><figcaption class=\"wp-element-caption\"><strong>Nuevos rostros de  santidad<\/strong><\/figcaption><\/figure>\n<\/div>\n\n\n<h1 class=\"wp-block-heading\"><a href=\"http:\/\/www.foyerdecaridad.cl\/tome\/wp-content\/uploads\/2015\/07\/93.png\"><\/a><\/h1>\n\n\n\n<p class=\"has-small-font-size\">9<strong>3- Nuevos rostros de santidad: presenta la vida de tres j\u00f3venes, dos italianos y una joven francesa.<\/strong><\/p>\n\n\n\n<p class=\"has-small-font-size\"><strong>Chiara Badano del movimiento de los focolares, a sus 18 a\u00f1os, poco antes de morir, rechazaba la morfina que le quer\u00edan dar para atenuar sus dolores, diciendo: <\/strong><em>\u00abme quita la lucidez, y yo, a Jes\u00fas, le puedo ofrecer s\u00f3lo el dolor\u00bb. fue beatificada el 25 de septiembre de 2010.<\/em><\/p>\n\n\n\n<p class=\"has-small-font-size\">Pier Giorgio Frassatti, beato desde el 20 de mayo de 1990. Despu\u00e9s de su muerte se decubrieron tantas obras caritativas que realizaba este joven italiano.<\/p>\n\n\n\n<p class=\"has-small-font-size\"><strong>Clara de Castelbajac est\u00e1 en proceso de ser beatificada, fallecida a los 21 a\u00f1os, en enero de 1975, en Francia, es un modelo tambi\u00e9n para la juventud. Dec\u00eda: <\/strong><em>\u00abtengo tantas ganas de hacer feliz a todo el mundo. Me parece que \u00e9sta debe ser la alegr\u00eda de los hijos de Dios\u00bb.<\/em><\/p>\n<\/div>\n<\/div>\n\n\n\n<div class=\"wp-block-columns are-vertically-aligned-center is-layout-flex wp-container-core-columns-is-layout-9d6595d7 wp-block-columns-is-layout-flex\">\n<div class=\"wp-block-column is-vertically-aligned-center is-layout-flow wp-block-column-is-layout-flow\" style=\"flex-basis:100%\">\n<p><em><strong>*Esta p\u00e1gina contin\u00faa en construcci\u00f3n, pronto la informaci\u00f3n completa<\/strong><\/em><\/p>\n<\/div>\n<\/div>\n\n\n\n<p><\/p>\n","protected":false},"excerpt":{"rendered":"<p>EDITORIAL 1. Catalina Laboure y la Medalla MilagrosaReligiosa de las Hijas de la Caridad, de [&hellip;]<\/p>\n","protected":false},"author":2,"featured_media":0,"parent":0,"menu_order":0,"comment_status":"closed","ping_status":"closed","template":"page-templates\/full-width-container.php","meta":{"footnotes":""},"class_list":["post-937","page","type-page","status-publish","hentry"],"_links":{"self":[{"href":"https:\/\/foyerdecaridad.cl\/site\/wp-json\/wp\/v2\/pages\/937","targetHints":{"allow":["GET"]}}],"collection":[{"href":"https:\/\/foyerdecaridad.cl\/site\/wp-json\/wp\/v2\/pages"}],"about":[{"href":"https:\/\/foyerdecaridad.cl\/site\/wp-json\/wp\/v2\/types\/page"}],"author":[{"embeddable":true,"href":"https:\/\/foyerdecaridad.cl\/site\/wp-json\/wp\/v2\/users\/2"}],"replies":[{"embeddable":true,"href":"https:\/\/foyerdecaridad.cl\/site\/wp-json\/wp\/v2\/comments?post=937"}],"version-history":[{"count":126,"href":"https:\/\/foyerdecaridad.cl\/site\/wp-json\/wp\/v2\/pages\/937\/revisions"}],"predecessor-version":[{"id":1534,"href":"https:\/\/foyerdecaridad.cl\/site\/wp-json\/wp\/v2\/pages\/937\/revisions\/1534"}],"wp:attachment":[{"href":"https:\/\/foyerdecaridad.cl\/site\/wp-json\/wp\/v2\/media?parent=937"}],"curies":[{"name":"wp","href":"https:\/\/api.w.org\/{rel}","templated":true}]}}