{"id":24,"date":"2023-08-22T01:47:44","date_gmt":"2023-08-22T05:47:44","guid":{"rendered":"https:\/\/foyerdecaridad.cl\/site\/contact\/"},"modified":"2023-09-22T14:10:31","modified_gmt":"2023-09-22T18:10:31","slug":"martarobin","status":"publish","type":"page","link":"https:\/\/foyerdecaridad.cl\/site\/martarobin\/","title":{"rendered":"MARTA ROBIN"},"content":{"rendered":"\n<div class=\"wp-block-columns is-layout-flex wp-container-core-columns-is-layout-9d6595d7 wp-block-columns-is-layout-flex\">\n<div class=\"wp-block-column is-layout-flow wp-block-column-is-layout-flow\">\n<div class=\"wp-block-media-text is-stacked-on-mobile\" style=\"grid-template-columns:33% auto\"><figure class=\"wp-block-media-text__media\"><img data-recalc-dims=\"1\" loading=\"lazy\" decoding=\"async\" width=\"640\" height=\"755\" src=\"https:\/\/i0.wp.com\/foyerdecaridad.cl\/site\/wp-content\/uploads\/2023\/09\/50_MartheRobinCLesFoyersDeCharit-700x826-1.png?resize=640%2C755&#038;ssl=1\" alt=\"\" class=\"wp-image-518 size-full\" srcset=\"https:\/\/i0.wp.com\/foyerdecaridad.cl\/site\/wp-content\/uploads\/2023\/09\/50_MartheRobinCLesFoyersDeCharit-700x826-1.png?w=700&amp;ssl=1 700w, https:\/\/i0.wp.com\/foyerdecaridad.cl\/site\/wp-content\/uploads\/2023\/09\/50_MartheRobinCLesFoyersDeCharit-700x826-1.png?resize=254%2C300&amp;ssl=1 254w\" sizes=\"auto, (max-width: 640px) 100vw, 640px\" \/><\/figure><div class=\"wp-block-media-text__content\">\n<p class=\"has-text-align-center has-large-font-size\"><strong>Una historia de amor<\/strong><\/p>\n\n\n\n<p class=\"has-text-align-center has-text-color has-medium-font-size\" style=\"color:#0a819a\"><strong>Amor apasionado por Jes\u00fas y misterio de amor por los pecadores<\/strong><\/p>\n<\/div><\/div>\n<\/div>\n<\/div>\n\n\n\n<hr class=\"wp-block-separator has-text-color has-alpha-channel-opacity has-background is-style-wide\" style=\"background-color:#f0990e;color:#f0990e\"\/>\n\n\n\n<h2 class=\"wp-block-heading\">Su infancia<\/h2>\n\n\n\n<p class=\"has-medium-font-size\">Nace el 13\/03\/1902 en Ch\u00e2teauneuf de Galaure (Francia).  Fue la Sexta (6ta) hija de pap\u00e1s cat\u00f3licos, no practicantes, modestos campesinos.<\/p>\n\n\n\n<figure class=\"wp-block-image size-full\"><img loading=\"lazy\" decoding=\"async\" width=\"1200\" height=\"1440\" src=\"https:\/\/i0.wp.com\/foyerdecaridad.cl\/site\/wp-content\/uploads\/2023\/09\/MartaInfancia.png?fit=1200%2C1440&amp;ssl=1\" alt=\"\" class=\"wp-image-785\" srcset=\"https:\/\/i0.wp.com\/foyerdecaridad.cl\/site\/wp-content\/uploads\/2023\/09\/MartaInfancia.png?w=1200&amp;ssl=1 1200w, https:\/\/i0.wp.com\/foyerdecaridad.cl\/site\/wp-content\/uploads\/2023\/09\/MartaInfancia.png?resize=250%2C300&amp;ssl=1 250w, https:\/\/i0.wp.com\/foyerdecaridad.cl\/site\/wp-content\/uploads\/2023\/09\/MartaInfancia.png?resize=853%2C1024&amp;ssl=1 853w, https:\/\/i0.wp.com\/foyerdecaridad.cl\/site\/wp-content\/uploads\/2023\/09\/MartaInfancia.png?resize=768%2C922&amp;ssl=1 768w\" sizes=\"auto, (max-width: 640px) 100vw, 640px\" \/><\/figure>\n\n\n\n<div style=\"height:50px\" aria-hidden=\"true\" class=\"wp-block-spacer\"><\/div>\n\n\n\n<hr class=\"wp-block-separator has-text-color has-alpha-channel-opacity has-background is-style-wide\" style=\"background-color:#f0990e;color:#f0990e\"\/>\n\n\n\n<h2 class=\"wp-block-heading\">A los 16 a\u00f1os irrumpe la enfermedad<\/h2>\n\n\n\n<blockquote class=\"wp-block-quote is-layout-flow wp-block-quote-is-layout-flow\">\n<p class=\"has-medium-font-size\">Sufre de dolores continuos de cabeza, ojos, espalda y est\u00f3mago, fiebre, v\u00f3mitos. Sacrificios por aislamiento y soledad, mejor\u00edas, reca\u00eddas, estado de coma, hemorragias.<\/p>\n<\/blockquote>\n\n\n\n<pre class=\"wp-block-verse has-medium-font-size\"><strong>Marta lucha, ora, trabaja, lee mucho, escribe, se ofrece (1925 acto de abandono).<\/strong><\/pre>\n\n\n\n<ul class=\"wp-block-list\">\n<li class=\"has-medium-font-size\">A los 27 a\u00f1os: Postrada.<\/li>\n\n\n\n<li class=\"has-medium-font-size\">A los 28 a\u00f1os: No puede ingerir nada.<\/li>\n\n\n\n<li class=\"has-medium-font-size\">A los 37 a\u00f1os: Queda ciega.<\/li>\n<\/ul>\n\n\n\n<div style=\"height:50px\" aria-hidden=\"true\" class=\"wp-block-spacer\"><\/div>\n\n\n\n<hr class=\"wp-block-separator has-text-color has-alpha-channel-opacity has-background is-style-wide\" style=\"background-color:#f0990e;color:#f0990e\"\/>\n\n\n\n<h2 class=\"wp-block-heading\">1928: Misi\u00f3n parroquial<\/h2>\n\n\n\n<blockquote class=\"wp-block-quote is-layout-flow wp-block-quote-is-layout-flow\">\n<div class=\"wp-block-group alignfull has-text-color has-background\" style=\"color:#000000;background-color:#ffffff\"><div class=\"wp-block-group__inner-container is-layout-flow wp-block-group-is-layout-flow\">\n<h2 class=\"wp-block-heading has-text-align-center has-text-color\" style=\"color:#f0990e\">EFUSI\u00d3N DEL ESP\u00cdRITU SANTO<\/h2>\n\n\n\n<p class=\"has-text-align-center has-large-font-size\" style=\"line-height:.9\">Vuelco total hacia Dios<\/p>\n\n\n\n<h2 class=\"wp-block-heading has-text-align-center\" id=\"schedule-a-visit\" style=\"font-size:50px;line-height:1.15\">Uni\u00f3n | Fecundidad | Gozo<\/h2>\n<\/div><\/div>\n<\/blockquote>\n\n\n\n<div class=\"wp-block-columns is-layout-flex wp-container-core-columns-is-layout-9d6595d7 wp-block-columns-is-layout-flex\">\n<div class=\"wp-block-column is-layout-flow wp-block-column-is-layout-flow\">\n<h4 class=\"wp-block-heading alignwide has-text-align-left has-text-color has-medium-font-size\" style=\"color:#f0990e\">Su roca:<\/h4>\n\n\n\n<p class=\"has-text-align-left\" style=\"font-size:18px\">La certeza de ser amada por Dios. Fascinada por su amor se deja transformar por \u00c9l.<\/p>\n<\/div>\n\n\n\n<div class=\"wp-block-column is-layout-flow wp-block-column-is-layout-flow\">\n<h4 class=\"wp-block-heading has-text-align-left has-text-color has-medium-font-size\" style=\"color:#f0990e\">Su \u00fanico alimento:<\/h4>\n\n\n\n<p class=\"has-text-align-left\" style=\"font-size:18px\">La Eucarist\u00eda una vez en la semana, durante cincuenta a\u00f1os.<\/p>\n<\/div>\n\n\n\n<div class=\"wp-block-column is-layout-flow wp-block-column-is-layout-flow\">\n<h4 class=\"wp-block-heading has-text-align-left has-text-color\" style=\"color:#f0990e\">Su apostolado:<\/h4>\n\n\n\n<p class=\"has-text-align-left has-medium-font-size\"><strong>\u00abAmar y salvar almas\u00bb<\/strong><\/p>\n\n\n\n<ul class=\"has-medium-font-size wp-block-list\">\n<li style=\"font-size:18px\">La ofrenda (Ofrecimiento).<\/li>\n\n\n\n<li style=\"font-size:18px\">El amor transfigura el dolor.<\/li>\n\n\n\n<li style=\"font-size:18px\">La acogida en su cuarto (m\u00e1s de 100mil personas).<\/li>\n\n\n\n<li style=\"font-size:18px\">Escucha + intercesi\u00f3n.<\/li>\n<\/ul>\n\n\n\n<p><\/p>\n<\/div>\n<\/div>\n\n\n\n<hr class=\"wp-block-separator has-text-color has-alpha-channel-opacity has-background is-style-wide\" style=\"background-color:#f0990e;color:#f0990e\"\/>\n\n\n\n<h2 class=\"wp-block-heading\">Fechas claves<\/h2>\n\n\n<div class=\"wp-block-image\">\n<figure class=\"alignleft size-full is-resized\"><img loading=\"lazy\" decoding=\"async\" src=\"https:\/\/i0.wp.com\/foyerdecaridad.cl\/site\/wp-content\/uploads\/2023\/09\/ImagenDescubreFuenteAmorVidaenDios_Foyer-2.png?fit=1748%2C1240&amp;ssl=1\" alt=\"\" class=\"wp-image-575\" style=\"width:318px;height:225px\" width=\"318\" height=\"225\" srcset=\"https:\/\/i0.wp.com\/foyerdecaridad.cl\/site\/wp-content\/uploads\/2023\/09\/ImagenDescubreFuenteAmorVidaenDios_Foyer-2.png?w=1748&amp;ssl=1 1748w, https:\/\/i0.wp.com\/foyerdecaridad.cl\/site\/wp-content\/uploads\/2023\/09\/ImagenDescubreFuenteAmorVidaenDios_Foyer-2.png?resize=300%2C213&amp;ssl=1 300w, https:\/\/i0.wp.com\/foyerdecaridad.cl\/site\/wp-content\/uploads\/2023\/09\/ImagenDescubreFuenteAmorVidaenDios_Foyer-2.png?resize=1024%2C726&amp;ssl=1 1024w, https:\/\/i0.wp.com\/foyerdecaridad.cl\/site\/wp-content\/uploads\/2023\/09\/ImagenDescubreFuenteAmorVidaenDios_Foyer-2.png?resize=768%2C545&amp;ssl=1 768w, https:\/\/i0.wp.com\/foyerdecaridad.cl\/site\/wp-content\/uploads\/2023\/09\/ImagenDescubreFuenteAmorVidaenDios_Foyer-2.png?resize=1536%2C1090&amp;ssl=1 1536w, https:\/\/i0.wp.com\/foyerdecaridad.cl\/site\/wp-content\/uploads\/2023\/09\/ImagenDescubreFuenteAmorVidaenDios_Foyer-2.png?w=1280&amp;ssl=1 1280w\" sizes=\"auto, (max-width: 318px) 100vw, 318px\" \/><\/figure>\n<\/div>\n\n\n<ul class=\"has-small-font-size wp-block-list\">\n<li style=\"font-size:17px\">1930: Uni\u00f3n a Jes\u00fas en su pasi\u00f3n. Recibe los estigmas: Intimidad de amor y sufrimiento con Jes\u00fas.<\/li>\n\n\n\n<li style=\"font-size:17px\">1933: Recibe y acepta su misi\u00f3n para que nazcan los Foyer.<\/li>\n\n\n\n<li style=\"font-size:17px\">1936: 10 de febrero. Nacimiento de los Foyer. Encuentro con padre Finet.<\/li>\n\n\n\n<li style=\"font-size:17px\">6 de febrero de 1981: Muerte de Marta.<\/li>\n\n\n\n<li style=\"font-size:17px\">1986: Reconocimiento de la obra en Roma.<\/li>\n\n\n\n<li style=\"font-size:17px\">2014: Marta Venerable.<\/li>\n<\/ul>\n\n\n\n<p><\/p>\n\n\n\n<div style=\"height:50px\" aria-hidden=\"true\" class=\"wp-block-spacer\"><\/div>\n\n\n\n<hr class=\"wp-block-separator has-text-color has-alpha-channel-opacity has-background is-style-wide\" style=\"background-color:#f0990e;color:#f0990e\"\/>\n\n\n\n<h2 class=\"wp-block-heading\">Conoce m\u00e1s sobre Marta<\/h2>\n\n\n<ul class=\"wp-block-latest-posts__list is-grid columns-3 wp-block-latest-posts\"><li><div class=\"wp-block-latest-posts__featured-image\"><img loading=\"lazy\" decoding=\"async\" width=\"150\" height=\"150\" src=\"https:\/\/i0.wp.com\/foyerdecaridad.cl\/site\/wp-content\/uploads\/2023\/09\/MartaTanPequenayTanGrande-1.png?resize=150%2C150&amp;ssl=1\" class=\"attachment-thumbnail size-thumbnail wp-post-image\" alt=\"\" style=\"\" srcset=\"https:\/\/i0.wp.com\/foyerdecaridad.cl\/site\/wp-content\/uploads\/2023\/09\/MartaTanPequenayTanGrande-1.png?resize=150%2C150&amp;ssl=1 150w, https:\/\/i0.wp.com\/foyerdecaridad.cl\/site\/wp-content\/uploads\/2023\/09\/MartaTanPequenayTanGrande-1.png?resize=300%2C300&amp;ssl=1 300w, https:\/\/i0.wp.com\/foyerdecaridad.cl\/site\/wp-content\/uploads\/2023\/09\/MartaTanPequenayTanGrande-1.png?zoom=3&amp;resize=150%2C150&amp;ssl=1 450w\" sizes=\"auto, (max-width: 150px) 100vw, 150px\" \/><\/div><a class=\"wp-block-latest-posts__post-title\" href=\"https:\/\/foyerdecaridad.cl\/site\/2023\/09\/16\/marta-tan-pequena-y-tan-grande\/\">MARTA, TAN PEQUE\u00d1A Y TAN GRANDE<\/a><div class=\"wp-block-latest-posts__post-excerpt\">\u00abMartita, te conf\u00edo&#8230; intenci\u00f3n&#8230; desde ya, \u00a1Gracias!\u00bb Testimonios \u00abMarta nos transmit\u00eda una fuerza que nos&#8230; <a class=\"wp-block-latest-posts__read-more\" href=\"https:\/\/foyerdecaridad.cl\/site\/2023\/09\/16\/marta-tan-pequena-y-tan-grande\/\" rel=\"noopener noreferrer\">Lee m\u00e1s<span class=\"screen-reader-text\">: MARTA, TAN PEQUE\u00d1A Y TAN GRANDE<\/span><\/a><\/div><\/li>\n<li><div class=\"wp-block-latest-posts__featured-image\"><img loading=\"lazy\" decoding=\"async\" width=\"150\" height=\"150\" src=\"https:\/\/i0.wp.com\/foyerdecaridad.cl\/site\/wp-content\/uploads\/2023\/09\/MartaVenerable.png?resize=150%2C150&amp;ssl=1\" class=\"attachment-thumbnail size-thumbnail wp-post-image\" alt=\"\" style=\"\" srcset=\"https:\/\/i0.wp.com\/foyerdecaridad.cl\/site\/wp-content\/uploads\/2023\/09\/MartaVenerable.png?resize=150%2C150&amp;ssl=1 150w, https:\/\/i0.wp.com\/foyerdecaridad.cl\/site\/wp-content\/uploads\/2023\/09\/MartaVenerable.png?resize=300%2C300&amp;ssl=1 300w, https:\/\/i0.wp.com\/foyerdecaridad.cl\/site\/wp-content\/uploads\/2023\/09\/MartaVenerable.png?zoom=3&amp;resize=150%2C150&amp;ssl=1 450w\" sizes=\"auto, (max-width: 150px) 100vw, 150px\" \/><\/div><a class=\"wp-block-latest-posts__post-title\" href=\"https:\/\/foyerdecaridad.cl\/site\/2023\/09\/16\/marta-venerable\/\">MARTA VENERABLE<\/a><div class=\"wp-block-latest-posts__post-excerpt\">S\u00edntesis de la \u201cPositio\u201d propuesta para la postulaci\u00f3n a la beatificaci\u00f3n de Marta Robin Las&#8230; <a class=\"wp-block-latest-posts__read-more\" href=\"https:\/\/foyerdecaridad.cl\/site\/2023\/09\/16\/marta-venerable\/\" rel=\"noopener noreferrer\">Lee m\u00e1s<span class=\"screen-reader-text\">: MARTA VENERABLE<\/span><\/a><\/div><\/li>\n<li><div class=\"wp-block-latest-posts__featured-image\"><img loading=\"lazy\" decoding=\"async\" width=\"150\" height=\"150\" src=\"https:\/\/i0.wp.com\/foyerdecaridad.cl\/site\/wp-content\/uploads\/2023\/09\/MartayMiVida.png?resize=150%2C150&amp;ssl=1\" class=\"attachment-thumbnail size-thumbnail wp-post-image\" alt=\"\" style=\"\" srcset=\"https:\/\/i0.wp.com\/foyerdecaridad.cl\/site\/wp-content\/uploads\/2023\/09\/MartayMiVida.png?resize=150%2C150&amp;ssl=1 150w, https:\/\/i0.wp.com\/foyerdecaridad.cl\/site\/wp-content\/uploads\/2023\/09\/MartayMiVida.png?resize=300%2C300&amp;ssl=1 300w, https:\/\/i0.wp.com\/foyerdecaridad.cl\/site\/wp-content\/uploads\/2023\/09\/MartayMiVida.png?zoom=3&amp;resize=150%2C150&amp;ssl=1 450w\" sizes=\"auto, (max-width: 150px) 100vw, 150px\" \/><\/div><a class=\"wp-block-latest-posts__post-title\" href=\"https:\/\/foyerdecaridad.cl\/site\/2023\/09\/16\/marta-y-mi-vida\/\">MARTA Y MI VIDA<\/a><div class=\"wp-block-latest-posts__post-excerpt\">\u00a1Una amiga de verdad! \u00abSoy lisiado\u2026 \u00a1No sirvo para nada!\u00bb \u00abEstoy desilusionado, hastiado de la&#8230; <a class=\"wp-block-latest-posts__read-more\" href=\"https:\/\/foyerdecaridad.cl\/site\/2023\/09\/16\/marta-y-mi-vida\/\" rel=\"noopener noreferrer\">Lee m\u00e1s<span class=\"screen-reader-text\">: MARTA Y MI VIDA<\/span><\/a><\/div><\/li>\n<\/ul>","protected":false},"excerpt":{"rendered":"<p>Una historia de amor Amor apasionado por Jes\u00fas y misterio de amor por los pecadores [&hellip;]<\/p>\n","protected":false},"author":2,"featured_media":0,"parent":0,"menu_order":0,"comment_status":"closed","ping_status":"closed","template":"","meta":{"footnotes":""},"class_list":["post-24","page","type-page","status-publish","hentry"],"_links":{"self":[{"href":"https:\/\/foyerdecaridad.cl\/site\/wp-json\/wp\/v2\/pages\/24","targetHints":{"allow":["GET"]}}],"collection":[{"href":"https:\/\/foyerdecaridad.cl\/site\/wp-json\/wp\/v2\/pages"}],"about":[{"href":"https:\/\/foyerdecaridad.cl\/site\/wp-json\/wp\/v2\/types\/page"}],"author":[{"embeddable":true,"href":"https:\/\/foyerdecaridad.cl\/site\/wp-json\/wp\/v2\/users\/2"}],"replies":[{"embeddable":true,"href":"https:\/\/foyerdecaridad.cl\/site\/wp-json\/wp\/v2\/comments?post=24"}],"version-history":[{"count":79,"href":"https:\/\/foyerdecaridad.cl\/site\/wp-json\/wp\/v2\/pages\/24\/revisions"}],"predecessor-version":[{"id":807,"href":"https:\/\/foyerdecaridad.cl\/site\/wp-json\/wp\/v2\/pages\/24\/revisions\/807"}],"wp:attachment":[{"href":"https:\/\/foyerdecaridad.cl\/site\/wp-json\/wp\/v2\/media?parent=24"}],"curies":[{"name":"wp","href":"https:\/\/api.w.org\/{rel}","templated":true}]}}