{"id":23,"date":"2023-08-22T01:47:44","date_gmt":"2023-08-22T05:47:44","guid":{"rendered":"https:\/\/foyerdecaridad.cl\/site\/about\/"},"modified":"2025-11-03T12:01:10","modified_gmt":"2025-11-03T16:01:10","slug":"retiros","status":"publish","type":"page","link":"https:\/\/foyerdecaridad.cl\/site\/retiros\/","title":{"rendered":"RETIROS"},"content":{"rendered":"\n<h2 class=\"wp-block-heading\">La misi\u00f3n de los Foyer<\/h2>\n\n\n\n<p class=\"has-medium-font-size\">Desde 1936, anticipando Vaticano II anunciamos la Buena Nueva de la Salvaci\u00f3n formando a laicos en los retiros fundamentales favoreciendo su encuentro con Cristo, ilustrando y fortaleciendo su fe para ser disc\u00edpulos misioneros, piedras vivas de su parroquia y medioambiente, al vivir su compromiso bautismal con responsabilidad y entusiasmo.<\/p>\n\n\n\n<p class=\"has-medium-font-size\">Cada retiro culmina con la renovaci\u00f3n de los votos bautismales y consagraci\u00f3n a Jes\u00fas por Mar\u00eda, confi\u00e1ndoles las gracias recibidas.<\/p>\n\n\n<div id=\"metaslider-id-597\" style=\"width: 100%; margin: 0 auto;\" class=\"ml-slider-3-101-0 metaslider metaslider-flex metaslider-597 ml-slider has-dots-nav ms-theme-bubble\" role=\"region\" aria-label=\"FotosRetiros\" data-height=\"700\" data-width=\"700\">\n    <div id=\"metaslider_container_597\">\n        <div id=\"metaslider_597\">\n            <ul class='slides'>\n                <li style=\"display: block; width: 100%;\" class=\"slide-1212 ms-image \" aria-roledescription=\"slide\" data-date=\"2024-01-04 17:38:52\"><img data-recalc-dims=\"1\" loading=\"lazy\" decoding=\"async\" src=\"https:\/\/i0.wp.com\/foyerdecaridad.cl\/site\/wp-content\/uploads\/2024\/01\/WhatsApp-Image-2023-12-26-at-11.05.15-jpeg.webp?resize=640%2C640&#038;ssl=1\" height=\"640\" width=\"640\" alt=\"\" class=\"slider-597 slide-1212 msDefaultImage\" title=\"WhatsApp Image 2023-12-26 at 11.05.15\" \/><\/li>\n                <li style=\"display: none; width: 100%;\" class=\"slide-1219 ms-image \" aria-roledescription=\"slide\" data-date=\"2024-01-04 17:38:52\"><img data-recalc-dims=\"1\" loading=\"lazy\" decoding=\"async\" src=\"https:\/\/i0.wp.com\/foyerdecaridad.cl\/site\/wp-content\/uploads\/2024\/01\/WhatsApp-Image-2023-12-26-at-11.05.19-2.jpeg?resize=640%2C640&#038;ssl=1\" height=\"640\" width=\"640\" alt=\"\" class=\"slider-597 slide-1219 msDefaultImage\" title=\"WhatsApp Image 2023-12-26 at 11.05.19 (2)\" \/><\/li>\n                <li style=\"display: none; width: 100%;\" class=\"slide-1220 ms-image \" aria-roledescription=\"slide\" data-date=\"2024-01-04 17:38:52\"><img data-recalc-dims=\"1\" loading=\"lazy\" decoding=\"async\" src=\"https:\/\/i0.wp.com\/foyerdecaridad.cl\/site\/wp-content\/uploads\/2024\/01\/WhatsApp-Image-2023-12-26-at-11.05.22-1-jpeg.webp?resize=640%2C640&#038;ssl=1\" height=\"640\" width=\"640\" alt=\"\" class=\"slider-597 slide-1220 msDefaultImage\" title=\"WhatsApp Image 2023-12-26 at 11.05.22 (1)\" \/><\/li>\n                <li style=\"display: none; width: 100%;\" class=\"slide-610 ms-image \" aria-roledescription=\"slide\" data-date=\"2023-09-20 10:43:56\"><img data-recalc-dims=\"1\" loading=\"lazy\" decoding=\"async\" src=\"https:\/\/i0.wp.com\/foyerdecaridad.cl\/site\/wp-content\/uploads\/2023\/09\/Foto4-jpeg.webp?resize=640%2C640&#038;ssl=1\" height=\"640\" width=\"640\" alt=\"\" class=\"slider-597 slide-610 msDefaultImage\" title=\"Foto4\" \/><\/li>\n                <li style=\"display: none; width: 100%;\" class=\"slide-608 ms-image \" aria-roledescription=\"slide\" data-date=\"2023-09-20 10:43:56\"><img data-recalc-dims=\"1\" loading=\"lazy\" decoding=\"async\" src=\"https:\/\/i0.wp.com\/foyerdecaridad.cl\/site\/wp-content\/uploads\/2023\/09\/Foto5-jpeg.webp?resize=640%2C640&#038;ssl=1\" height=\"640\" width=\"640\" alt=\"\" class=\"slider-597 slide-608 msDefaultImage\" title=\"Foto5\" \/><\/li>\n                <li style=\"display: none; width: 100%;\" class=\"slide-1218 ms-image \" aria-roledescription=\"slide\" data-date=\"2024-01-04 17:38:52\"><img data-recalc-dims=\"1\" loading=\"lazy\" decoding=\"async\" src=\"https:\/\/i0.wp.com\/foyerdecaridad.cl\/site\/wp-content\/uploads\/2023\/08\/WhatsApp-Image-2023-12-26-at-11.05.17.jpeg?resize=640%2C640&#038;ssl=1\" height=\"640\" width=\"640\" alt=\"\" class=\"slider-597 slide-1218 msDefaultImage\" title=\"WhatsApp Image 2023-12-26 at 11.05.17\" \/><\/li>\n                <li style=\"display: none; width: 100%;\" class=\"slide-1210 ms-image \" aria-roledescription=\"slide\" data-date=\"2024-01-04 17:38:51\"><img data-recalc-dims=\"1\" loading=\"lazy\" decoding=\"async\" src=\"https:\/\/i0.wp.com\/foyerdecaridad.cl\/site\/wp-content\/uploads\/2024\/01\/WhatsApp-Image-2023-12-26-at-11.05.19-2-1.jpeg?resize=640%2C640&#038;ssl=1\" height=\"640\" width=\"640\" alt=\"\" class=\"slider-597 slide-1210 msDefaultImage\" title=\"WhatsApp Image 2023-12-26 at 11.05.19 (2)\" \/><\/li>\n                <li style=\"display: none; width: 100%;\" class=\"slide-609 ms-image \" aria-roledescription=\"slide\" data-date=\"2023-09-20 10:43:56\"><img data-recalc-dims=\"1\" loading=\"lazy\" decoding=\"async\" src=\"https:\/\/i0.wp.com\/foyerdecaridad.cl\/site\/wp-content\/uploads\/2023\/09\/Foto6-jpeg.webp?resize=640%2C640&#038;ssl=1\" height=\"640\" width=\"640\" alt=\"\" class=\"slider-597 slide-609 msDefaultImage\" title=\"Foto6\" \/><\/li>\n                <li style=\"display: none; width: 100%;\" class=\"slide-1211 ms-image \" aria-roledescription=\"slide\" data-date=\"2024-01-04 17:38:51\"><img data-recalc-dims=\"1\" loading=\"lazy\" decoding=\"async\" src=\"https:\/\/i0.wp.com\/foyerdecaridad.cl\/site\/wp-content\/uploads\/2024\/01\/WhatsApp-Image-2023-12-26-at-11.05.16-1.jpeg?resize=640%2C640&#038;ssl=1\" height=\"640\" width=\"640\" alt=\"\" class=\"slider-597 slide-1211 msDefaultImage\" title=\"WhatsApp Image 2023-12-26 at 11.05.16 (1)\" \/><\/li>\n                <li style=\"display: none; width: 100%;\" class=\"slide-607 ms-image \" aria-roledescription=\"slide\" data-date=\"2023-09-20 10:43:56\"><img data-recalc-dims=\"1\" loading=\"lazy\" decoding=\"async\" src=\"https:\/\/i0.wp.com\/foyerdecaridad.cl\/site\/wp-content\/uploads\/2023\/09\/Foto7-jpeg.webp?resize=640%2C640&#038;ssl=1\" height=\"640\" width=\"640\" alt=\"\" class=\"slider-597 slide-607 msDefaultImage\" title=\"Foto7\" \/><\/li>\n                <li style=\"display: none; width: 100%;\" class=\"slide-1209 ms-image \" aria-roledescription=\"slide\" data-date=\"2024-01-04 17:38:51\"><img data-recalc-dims=\"1\" loading=\"lazy\" decoding=\"async\" src=\"https:\/\/i0.wp.com\/foyerdecaridad.cl\/site\/wp-content\/uploads\/2024\/01\/WhatsApp-Image-2023-12-26-at-11.05.20-1-jpeg.webp?resize=640%2C640&#038;ssl=1\" height=\"640\" width=\"640\" alt=\"\" class=\"slider-597 slide-1209 msDefaultImage\" title=\"WhatsApp Image 2023-12-26 at 11.05.20 (1)\" \/><\/li>\n                <li style=\"display: none; width: 100%;\" class=\"slide-599 ms-image \" aria-roledescription=\"slide\" data-date=\"2023-09-20 10:43:16\"><img data-recalc-dims=\"1\" loading=\"lazy\" decoding=\"async\" src=\"https:\/\/i0.wp.com\/foyerdecaridad.cl\/site\/wp-content\/uploads\/2023\/09\/Foto20-jpeg.webp?resize=640%2C640&#038;ssl=1\" height=\"640\" width=\"640\" alt=\"\" class=\"slider-597 slide-599 msDefaultImage\" title=\"Foto20\" \/><\/li>\n                <li style=\"display: none; width: 100%;\" class=\"slide-1215 ms-image \" aria-roledescription=\"slide\" data-date=\"2024-01-04 17:38:52\"><img data-recalc-dims=\"1\" loading=\"lazy\" decoding=\"async\" src=\"https:\/\/i0.wp.com\/foyerdecaridad.cl\/site\/wp-content\/uploads\/2024\/01\/WhatsApp-Image-2023-12-26-at-11.05.23-2-jpeg.webp?resize=640%2C640&#038;ssl=1\" height=\"640\" width=\"640\" alt=\"\" class=\"slider-597 slide-1215 msDefaultImage\" title=\"WhatsApp Image 2023-12-26 at 11.05.23 (2)\" \/><\/li>\n                <li style=\"display: none; width: 100%;\" class=\"slide-1217 ms-image \" aria-roledescription=\"slide\" data-date=\"2024-01-04 17:38:52\"><img data-recalc-dims=\"1\" loading=\"lazy\" decoding=\"async\" src=\"https:\/\/i0.wp.com\/foyerdecaridad.cl\/site\/wp-content\/uploads\/2023\/08\/WhatsApp-Image-2023-12-26-at-11.05.18-1.jpeg?resize=640%2C640&#038;ssl=1\" height=\"640\" width=\"640\" alt=\"\" class=\"slider-597 slide-1217 msDefaultImage\" title=\"WhatsApp Image 2023-12-26 at 11.05.18 (1)\" \/><\/li>\n                <li style=\"display: none; width: 100%;\" class=\"slide-1216 ms-image \" aria-roledescription=\"slide\" data-date=\"2024-01-04 17:38:52\"><img data-recalc-dims=\"1\" loading=\"lazy\" decoding=\"async\" src=\"https:\/\/i0.wp.com\/foyerdecaridad.cl\/site\/wp-content\/uploads\/2023\/08\/WhatsApp-Image-2023-12-26-at-11.05.19-1.jpeg?resize=640%2C640&#038;ssl=1\" height=\"640\" width=\"640\" alt=\"\" class=\"slider-597 slide-1216 msDefaultImage\" title=\"WhatsApp Image 2023-12-26 at 11.05.19 (1)\" \/><\/li>\n                <li style=\"display: none; width: 100%;\" class=\"slide-601 ms-image \" aria-roledescription=\"slide\" data-date=\"2023-09-20 10:43:16\"><img data-recalc-dims=\"1\" loading=\"lazy\" decoding=\"async\" src=\"https:\/\/i0.wp.com\/foyerdecaridad.cl\/site\/wp-content\/uploads\/2023\/09\/Foto12-jpeg.webp?resize=640%2C640&#038;ssl=1\" height=\"640\" width=\"640\" alt=\"\" class=\"slider-597 slide-601 msDefaultImage\" title=\"Foto12\" \/><\/li>\n                <li style=\"display: none; width: 100%;\" class=\"slide-1214 ms-image \" aria-roledescription=\"slide\" data-date=\"2024-01-04 17:38:52\"><img data-recalc-dims=\"1\" loading=\"lazy\" decoding=\"async\" src=\"https:\/\/i0.wp.com\/foyerdecaridad.cl\/site\/wp-content\/uploads\/2024\/01\/WhatsApp-Image-2023-12-26-at-11.05.23-1-jpeg.webp?resize=640%2C640&#038;ssl=1\" height=\"640\" width=\"640\" alt=\"\" class=\"slider-597 slide-1214 msDefaultImage\" title=\"WhatsApp Image 2023-12-26 at 11.05.23 (1)\" \/><\/li>\n                <li style=\"display: none; width: 100%;\" class=\"slide-598 ms-image \" aria-roledescription=\"slide\" data-date=\"2023-09-20 10:43:16\"><img data-recalc-dims=\"1\" loading=\"lazy\" decoding=\"async\" src=\"https:\/\/i0.wp.com\/foyerdecaridad.cl\/site\/wp-content\/uploads\/2023\/09\/Foto17-jpeg.webp?resize=640%2C640&#038;ssl=1\" height=\"640\" width=\"640\" alt=\"\" class=\"slider-597 slide-598 msDefaultImage\" title=\"Foto17\" \/><\/li>\n                <li style=\"display: none; width: 100%;\" class=\"slide-1213 ms-image \" aria-roledescription=\"slide\" data-date=\"2024-01-04 17:38:52\"><img data-recalc-dims=\"1\" loading=\"lazy\" decoding=\"async\" src=\"https:\/\/i0.wp.com\/foyerdecaridad.cl\/site\/wp-content\/uploads\/2024\/01\/WhatsApp-Image-2023-12-26-at-11.05.23-jpeg.webp?resize=640%2C640&#038;ssl=1\" height=\"640\" width=\"640\" alt=\"\" class=\"slider-597 slide-1213 msDefaultImage\" title=\"WhatsApp Image 2023-12-26 at 11.05.23\" \/><\/li>\n            <\/ul>\n        <\/div>\n        \n    <\/div>\n<\/div>\n\n\n\n<figure class=\"wp-block-gallery has-nested-images columns-default is-cropped wp-block-gallery-1 is-layout-flex wp-block-gallery-is-layout-flex\"><\/figure>\n\n\n\n<figure class=\"wp-block-gallery has-nested-images columns-default is-cropped wp-block-gallery-2 is-layout-flex wp-block-gallery-is-layout-flex\">\n<figure class=\"wp-block-image size-large\"><img data-recalc-dims=\"1\" loading=\"lazy\" decoding=\"async\" width=\"640\" height=\"908\" data-id=\"1686\" src=\"https:\/\/i0.wp.com\/foyerdecaridad.cl\/site\/wp-content\/uploads\/2025\/10\/Screenshot_20251028_062429_WhatsApp-1.jpg?resize=640%2C908&#038;ssl=1\" alt=\"\" class=\"wp-image-1686\" srcset=\"https:\/\/i0.wp.com\/foyerdecaridad.cl\/site\/wp-content\/uploads\/2025\/10\/Screenshot_20251028_062429_WhatsApp-1.jpg?w=720&amp;ssl=1 720w, https:\/\/i0.wp.com\/foyerdecaridad.cl\/site\/wp-content\/uploads\/2025\/10\/Screenshot_20251028_062429_WhatsApp-1.jpg?resize=211%2C300&amp;ssl=1 211w\" sizes=\"auto, (max-width: 640px) 100vw, 640px\" \/><\/figure>\n<\/figure>\n\n\n\n<figure class=\"wp-block-gallery has-nested-images columns-default is-cropped wp-block-gallery-3 is-layout-flex wp-block-gallery-is-layout-flex\">\n<figure class=\"wp-block-image size-full\"><img data-recalc-dims=\"1\" loading=\"lazy\" decoding=\"async\" width=\"640\" height=\"786\" data-id=\"1696\" src=\"https:\/\/i0.wp.com\/foyerdecaridad.cl\/site\/wp-content\/uploads\/2025\/11\/Screenshot_20251103_115220_WhatsApp-2.jpg?resize=640%2C786&#038;ssl=1\" alt=\"\" class=\"wp-image-1696\" srcset=\"https:\/\/i0.wp.com\/foyerdecaridad.cl\/site\/wp-content\/uploads\/2025\/11\/Screenshot_20251103_115220_WhatsApp-2.jpg?w=720&amp;ssl=1 720w, https:\/\/i0.wp.com\/foyerdecaridad.cl\/site\/wp-content\/uploads\/2025\/11\/Screenshot_20251103_115220_WhatsApp-2.jpg?resize=244%2C300&amp;ssl=1 244w\" sizes=\"auto, (max-width: 640px) 100vw, 640px\" \/><\/figure>\n<\/figure>\n\n\n\n<hr class=\"wp-block-separator has-text-color has-alpha-channel-opacity has-background is-style-wide\" style=\"background-color:#f0990e;color:#f0990e\"\/>\n\n\n\n<h2 class=\"wp-block-heading\">Encontrar\u00e1n descanso para sus almas<\/h2>\n\n\n\n<figure class=\"wp-block-image size-full is-resized\"><img loading=\"lazy\" decoding=\"async\" width=\"1350\" height=\"520\" src=\"https:\/\/i0.wp.com\/foyerdecaridad.cl\/site\/wp-content\/uploads\/2023\/09\/FotoNaturalezaRetiros2-1.png?fit=1350%2C520&amp;ssl=1\" alt=\"\" class=\"wp-image-624\" style=\"width:841px;height:252px\" srcset=\"https:\/\/i0.wp.com\/foyerdecaridad.cl\/site\/wp-content\/uploads\/2023\/09\/FotoNaturalezaRetiros2-1.png?w=1350&amp;ssl=1 1350w, https:\/\/i0.wp.com\/foyerdecaridad.cl\/site\/wp-content\/uploads\/2023\/09\/FotoNaturalezaRetiros2-1.png?resize=300%2C116&amp;ssl=1 300w, https:\/\/i0.wp.com\/foyerdecaridad.cl\/site\/wp-content\/uploads\/2023\/09\/FotoNaturalezaRetiros2-1.png?resize=1024%2C394&amp;ssl=1 1024w, https:\/\/i0.wp.com\/foyerdecaridad.cl\/site\/wp-content\/uploads\/2023\/09\/FotoNaturalezaRetiros2-1.png?resize=768%2C296&amp;ssl=1 768w, https:\/\/i0.wp.com\/foyerdecaridad.cl\/site\/wp-content\/uploads\/2023\/09\/FotoNaturalezaRetiros2-1.png?w=1280&amp;ssl=1 1280w\" sizes=\"auto, (max-width: 640px) 100vw, 640px\" \/><\/figure>\n\n\n\n<ul class=\"wp-block-list\">\n<li class=\"has-medium-font-size\">Para creyentes y no creyentes, laicos, religiosos y sacerdotes, j\u00f3venes y adultos.<\/li>\n\n\n\n<li class=\"has-medium-font-size\">Acompa\u00f1ados por la Comunidad.<\/li>\n\n\n\n<li class=\"has-medium-font-size\">Durante 6 d\u00edas se puede disfrutar el sosiego para el cuerpo y el esp\u00edritu.<\/li>\n\n\n\n<li class=\"has-medium-font-size\">En un ambiente de silencio, en contacto con la naturaleza.<\/li>\n\n\n\n<li class=\"has-medium-font-size\">A la luz de la Palabra, ofrecen una visi\u00f3n de conjunto de nuestra fe, descubriendo a trav\u00e9s de las ense\u00f1anzas su belleza y coherencia.<\/li>\n\n\n\n<li class=\"has-medium-font-size\">Experimentando el amor del Padre y la presencia de Mar\u00eda, permiten abrirse a la gracia sanadora del Esp\u00edritu, que regenera y restaura.<\/li>\n\n\n\n<li class=\"has-medium-font-size\">Se vive la hermandad y nace la gana de participar juntos en la construcci\u00f3n de la civilizaci\u00f3n del Amor.<\/li>\n<\/ul>\n\n\n\n<hr class=\"wp-block-separator has-text-color has-alpha-channel-opacity has-background is-style-wide\" style=\"background-color:#f0990e;color:#f0990e\"\/>\n\n\n\n<h2 class=\"wp-block-heading\">El Retiro Fundamental<\/h2>\n\n\n\n<p class=\"has-text-color has-medium-font-size\" style=\"color:#986007\"><strong><em>La \u201cjoya\u201d del Foyer<\/em><\/strong><\/p>\n\n\n\n<div class=\"wp-block-media-text is-stacked-on-mobile\"><figure class=\"wp-block-media-text__media\"><img data-recalc-dims=\"1\" loading=\"lazy\" decoding=\"async\" width=\"640\" height=\"853\" src=\"https:\/\/i0.wp.com\/foyerdecaridad.cl\/site\/wp-content\/uploads\/2023\/09\/Foto7-768x1024.webp?resize=640%2C853&#038;ssl=1\" alt=\"\" class=\"wp-image-423 size-full\" srcset=\"https:\/\/i0.wp.com\/foyerdecaridad.cl\/site\/wp-content\/uploads\/2023\/09\/Foto7-jpeg.webp?resize=768%2C1024&amp;ssl=1 768w, https:\/\/i0.wp.com\/foyerdecaridad.cl\/site\/wp-content\/uploads\/2023\/09\/Foto7-jpeg.webp?resize=225%2C300&amp;ssl=1 225w, https:\/\/i0.wp.com\/foyerdecaridad.cl\/site\/wp-content\/uploads\/2023\/09\/Foto7-jpeg.webp?resize=1152%2C1536&amp;ssl=1 1152w, https:\/\/i0.wp.com\/foyerdecaridad.cl\/site\/wp-content\/uploads\/2023\/09\/Foto7-jpeg.webp?w=1200&amp;ssl=1 1200w\" sizes=\"auto, (max-width: 640px) 100vw, 640px\" \/><\/figure><div class=\"wp-block-media-text__content\">\n<p class=\"has-text-align-center has-medium-font-size\"><strong>Marta a un Ejercitante:<\/strong><\/p>\n\n\n\n<p class=\"has-text-align-center\" style=\"font-size:18px\">\u201cNo tengas miedo.<br>Debe abrir su alma,<br>ensanchar el vaso,<br>porque Dios quiere verter all\u00ed,<br>torrentes de amor.<br>Entonces, \u00a1Ensanchar el vaso!<br>\u00a1Dejarse hacer!<br>\u00a1Dejarse tomar!.<br>No debe tener miedo,<br>No tema nada\u201d.<\/p>\n\n\n\n<p class=\"has-text-align-center\" style=\"font-size:18px\">No tengamos miedo de la acci\u00f3n de Dios en nosotros.<\/p>\n\n\n\n<p class=\"has-text-align-center\" style=\"font-size:18px\">No tengamos miedo de dejarlo<br>penetrar en nosotros como un b\u00e1lsamo<br>bienhechor y \u00c9l nos \u201ctransforma\u201d poco a poco.<\/p>\n<\/div><\/div>\n\n\n\n<hr class=\"wp-block-separator has-text-color has-alpha-channel-opacity has-background is-style-wide\" style=\"background-color:#f0990e;color:#f0990e\"\/>\n\n\n\n<figure class=\"wp-block-video\"><video height=\"1080\" style=\"aspect-ratio: 1920 \/ 1080;\" width=\"1920\" controls preload=\"auto\" src=\"https:\/\/foyerdecaridad.cl\/site\/wp-content\/uploads\/2023\/10\/VideoFoyer6.mp4\"><\/video><\/figure>\n\n\n\n<hr class=\"wp-block-separator has-text-color has-alpha-channel-opacity has-background is-style-wide\" style=\"background-color:#f0990e;color:#f0990e\"\/>\n\n\n\n<h2 class=\"wp-block-heading\">Conoce m\u00e1s sobre el Foyer<\/h2>\n\n\n<ul class=\"wp-block-latest-posts__list is-grid columns-3 wp-block-latest-posts\"><li><div class=\"wp-block-latest-posts__featured-image\"><img loading=\"lazy\" decoding=\"async\" width=\"150\" height=\"150\" src=\"https:\/\/i0.wp.com\/foyerdecaridad.cl\/site\/wp-content\/uploads\/2023\/09\/EntradasFoyer.png?resize=150%2C150&amp;ssl=1\" class=\"attachment-thumbnail size-thumbnail wp-post-image\" alt=\"\" style=\"\" srcset=\"https:\/\/i0.wp.com\/foyerdecaridad.cl\/site\/wp-content\/uploads\/2023\/09\/EntradasFoyer.png?resize=150%2C150&amp;ssl=1 150w, https:\/\/i0.wp.com\/foyerdecaridad.cl\/site\/wp-content\/uploads\/2023\/09\/EntradasFoyer.png?resize=300%2C300&amp;ssl=1 300w, https:\/\/i0.wp.com\/foyerdecaridad.cl\/site\/wp-content\/uploads\/2023\/09\/EntradasFoyer.png?zoom=3&amp;resize=150%2C150&amp;ssl=1 450w\" sizes=\"auto, (max-width: 150px) 100vw, 150px\" \/><\/div><a class=\"wp-block-latest-posts__post-title\" href=\"https:\/\/foyerdecaridad.cl\/site\/2023\/09\/16\/los-foyer-de-charite\/\">LOS FOYER DE CHARIT\u00c9<\/a><div class=\"wp-block-latest-posts__post-excerpt\">Los Foyer en el mundo El Foyer: una novedad para nuestros tiempos La familia de&#8230; <a class=\"wp-block-latest-posts__read-more\" href=\"https:\/\/foyerdecaridad.cl\/site\/2023\/09\/16\/los-foyer-de-charite\/\" rel=\"noopener noreferrer\">Lee m\u00e1s<span class=\"screen-reader-text\">: LOS FOYER DE CHARIT\u00c9<\/span><\/a><\/div><\/li>\n<li><div class=\"wp-block-latest-posts__featured-image\"><img loading=\"lazy\" decoding=\"async\" width=\"150\" height=\"150\" src=\"https:\/\/i0.wp.com\/foyerdecaridad.cl\/site\/wp-content\/uploads\/2023\/09\/EntradaChile.png?resize=150%2C150&amp;ssl=1\" class=\"attachment-thumbnail size-thumbnail wp-post-image\" alt=\"\" style=\"\" srcset=\"https:\/\/i0.wp.com\/foyerdecaridad.cl\/site\/wp-content\/uploads\/2023\/09\/EntradaChile.png?resize=150%2C150&amp;ssl=1 150w, https:\/\/i0.wp.com\/foyerdecaridad.cl\/site\/wp-content\/uploads\/2023\/09\/EntradaChile.png?resize=300%2C300&amp;ssl=1 300w, https:\/\/i0.wp.com\/foyerdecaridad.cl\/site\/wp-content\/uploads\/2023\/09\/EntradaChile.png?zoom=3&amp;resize=150%2C150&amp;ssl=1 450w\" sizes=\"auto, (max-width: 150px) 100vw, 150px\" \/><\/div><a class=\"wp-block-latest-posts__post-title\" href=\"https:\/\/foyerdecaridad.cl\/site\/2023\/09\/16\/el-foyer-de-chile\/\">EL FOYER DE CHILE<\/a><div class=\"wp-block-latest-posts__post-excerpt\">Naci\u00f3 el 13 de octubre de 1972 al llegar Mar\u00eda Teresa Perrone del Foyer de&#8230; <a class=\"wp-block-latest-posts__read-more\" href=\"https:\/\/foyerdecaridad.cl\/site\/2023\/09\/16\/el-foyer-de-chile\/\" rel=\"noopener noreferrer\">Lee m\u00e1s<span class=\"screen-reader-text\">: EL FOYER DE CHILE<\/span><\/a><\/div><\/li>\n<li><div class=\"wp-block-latest-posts__featured-image\"><img loading=\"lazy\" decoding=\"async\" width=\"150\" height=\"150\" src=\"https:\/\/i0.wp.com\/foyerdecaridad.cl\/site\/wp-content\/uploads\/2023\/09\/SerMiembroFoyer.png?resize=150%2C150&amp;ssl=1\" class=\"attachment-thumbnail size-thumbnail wp-post-image\" alt=\"\" style=\"\" srcset=\"https:\/\/i0.wp.com\/foyerdecaridad.cl\/site\/wp-content\/uploads\/2023\/09\/SerMiembroFoyer.png?resize=150%2C150&amp;ssl=1 150w, https:\/\/i0.wp.com\/foyerdecaridad.cl\/site\/wp-content\/uploads\/2023\/09\/SerMiembroFoyer.png?resize=300%2C300&amp;ssl=1 300w, https:\/\/i0.wp.com\/foyerdecaridad.cl\/site\/wp-content\/uploads\/2023\/09\/SerMiembroFoyer.png?zoom=3&amp;resize=150%2C150&amp;ssl=1 450w\" sizes=\"auto, (max-width: 150px) 100vw, 150px\" \/><\/div><a class=\"wp-block-latest-posts__post-title\" href=\"https:\/\/foyerdecaridad.cl\/site\/2023\/09\/16\/ser-miembro-del-foyer\/\">SER MIEMBRO DEL FOYER<\/a><div class=\"wp-block-latest-posts__post-excerpt\">\u00abDebemos ser santos por el ejercicio incesante de la caridad\u00bb (P. Finet). Marta los describi\u00f3&#8230; <a class=\"wp-block-latest-posts__read-more\" href=\"https:\/\/foyerdecaridad.cl\/site\/2023\/09\/16\/ser-miembro-del-foyer\/\" rel=\"noopener noreferrer\">Lee m\u00e1s<span class=\"screen-reader-text\">: SER MIEMBRO DEL FOYER<\/span><\/a><\/div><\/li>\n<\/ul>","protected":false},"excerpt":{"rendered":"<p>La misi\u00f3n de los Foyer Desde 1936, anticipando Vaticano II anunciamos la Buena Nueva de [&hellip;]<\/p>\n","protected":false},"author":2,"featured_media":1675,"parent":0,"menu_order":0,"comment_status":"closed","ping_status":"closed","template":"","meta":{"footnotes":""},"class_list":["post-23","page","type-page","status-publish","has-post-thumbnail","hentry"],"_links":{"self":[{"href":"https:\/\/foyerdecaridad.cl\/site\/wp-json\/wp\/v2\/pages\/23","targetHints":{"allow":["GET"]}}],"collection":[{"href":"https:\/\/foyerdecaridad.cl\/site\/wp-json\/wp\/v2\/pages"}],"about":[{"href":"https:\/\/foyerdecaridad.cl\/site\/wp-json\/wp\/v2\/types\/page"}],"author":[{"embeddable":true,"href":"https:\/\/foyerdecaridad.cl\/site\/wp-json\/wp\/v2\/users\/2"}],"replies":[{"embeddable":true,"href":"https:\/\/foyerdecaridad.cl\/site\/wp-json\/wp\/v2\/comments?post=23"}],"version-history":[{"count":33,"href":"https:\/\/foyerdecaridad.cl\/site\/wp-json\/wp\/v2\/pages\/23\/revisions"}],"predecessor-version":[{"id":1697,"href":"https:\/\/foyerdecaridad.cl\/site\/wp-json\/wp\/v2\/pages\/23\/revisions\/1697"}],"wp:featuredmedia":[{"embeddable":true,"href":"https:\/\/foyerdecaridad.cl\/site\/wp-json\/wp\/v2\/media\/1675"}],"wp:attachment":[{"href":"https:\/\/foyerdecaridad.cl\/site\/wp-json\/wp\/v2\/media?parent=23"}],"curies":[{"name":"wp","href":"https:\/\/api.w.org\/{rel}","templated":true}]}}