{"id":22,"date":"2023-08-22T01:47:44","date_gmt":"2023-08-22T05:47:44","guid":{"rendered":"https:\/\/foyerdecaridad.cl\/site\/home\/"},"modified":"2023-09-28T15:48:50","modified_gmt":"2023-09-28T19:48:50","slug":"inicio","status":"publish","type":"page","link":"https:\/\/foyerdecaridad.cl\/site\/","title":{"rendered":"Inicio"},"content":{"rendered":"\n<h2 class=\"wp-block-heading has-text-align-left\" style=\"text-transform:uppercase\">Descubre la fuente del amor y de la vida en Dios<\/h2>\n\n\n\n<p class=\"has-text-align-left has-text-color has-medium-font-size\" style=\"color:#986007\"><em><strong>\u00bfNecesitas sosiego, paz, conocerte a ti mismo, profundizar tu fe, una pausa para tu coraz\u00f3n y tu esp\u00edritu?<\/strong><\/em><\/p>\n\n\n\n<blockquote class=\"wp-block-quote is-style-default is-layout-flow wp-block-quote-is-layout-flow\">\n<p class=\"has-text-align-left has-medium-font-size\"><mark style=\"background-color:rgba(0, 0, 0, 0)\" class=\"has-inline-color has-black-color\"><strong> Te invitamos a:<\/strong><br><em><strong>\u201cConocer el Foyer de Charit\u00e9 de Tome\u201d<\/strong><\/em><\/mark><br>Encontrar\u00e1s acogida, cari\u00f1o, paz interior, espacio adecuado para retomar fuerzas, en un ambiente de silencio y contacto con la belleza de la naturaleza.<br><\/p>\n<\/blockquote>\n\n\n\n<div class=\"wp-block-media-text is-stacked-on-mobile\"><figure class=\"wp-block-media-text__media\"><img data-recalc-dims=\"1\" loading=\"lazy\" decoding=\"async\" width=\"640\" height=\"454\" src=\"https:\/\/i0.wp.com\/foyerdecaridad.cl\/site\/wp-content\/uploads\/2023\/09\/ImagenDescubreFuenteAmorVidaenDios_Foyer.png?resize=640%2C454&#038;ssl=1\" alt=\"\" class=\"wp-image-321 size-full\" srcset=\"https:\/\/i0.wp.com\/foyerdecaridad.cl\/site\/wp-content\/uploads\/2023\/09\/ImagenDescubreFuenteAmorVidaenDios_Foyer.png?resize=1024%2C726&amp;ssl=1 1024w, https:\/\/i0.wp.com\/foyerdecaridad.cl\/site\/wp-content\/uploads\/2023\/09\/ImagenDescubreFuenteAmorVidaenDios_Foyer.png?resize=300%2C213&amp;ssl=1 300w, https:\/\/i0.wp.com\/foyerdecaridad.cl\/site\/wp-content\/uploads\/2023\/09\/ImagenDescubreFuenteAmorVidaenDios_Foyer.png?resize=768%2C545&amp;ssl=1 768w, https:\/\/i0.wp.com\/foyerdecaridad.cl\/site\/wp-content\/uploads\/2023\/09\/ImagenDescubreFuenteAmorVidaenDios_Foyer.png?resize=1536%2C1090&amp;ssl=1 1536w, https:\/\/i0.wp.com\/foyerdecaridad.cl\/site\/wp-content\/uploads\/2023\/09\/ImagenDescubreFuenteAmorVidaenDios_Foyer.png?w=1748&amp;ssl=1 1748w, https:\/\/i0.wp.com\/foyerdecaridad.cl\/site\/wp-content\/uploads\/2023\/09\/ImagenDescubreFuenteAmorVidaenDios_Foyer.png?w=1280&amp;ssl=1 1280w\" sizes=\"auto, (max-width: 640px) 100vw, 640px\" \/><\/figure><div class=\"wp-block-media-text__content\">\n<p class=\"has-medium-font-size\">El Foyer de Charit\u00e9, es una Obra internacional que naci\u00f3 en Francia en 1936, actualmente est\u00e1 en m\u00e1s de 40 pa\u00edses con 72 Foyers en el mundo y en Chile el \u00fanico Foyer desde m\u00e1s de 50 a\u00f1os en Tom\u00e9, 8va regi\u00f3n.<\/p>\n<\/div><\/div>\n\n\n\n<blockquote class=\"wp-block-quote is-layout-flow wp-block-quote-is-layout-flow\">\n<p class=\"has-text-align-left has-medium-font-size\"><strong><em><mark style=\"background-color:rgba(0, 0, 0, 0)\" class=\"has-inline-color has-black-color\">Nuestro carisma:<\/mark> <\/em><\/strong>Acogida y vida de familia en la unidad.<br><strong><em><mark style=\"background-color:rgba(0, 0, 0, 0)\" class=\"has-inline-color has-black-color\">Nuestra misi\u00f3n:<\/mark> <\/em><\/strong>Evangelizar a trav\u00e9s de los retiros espirituales, para fortalecer tu fe para \u201cReanimar en el mundo el amor que se apaga\u201d <em>(Marta Robin)<\/em>.<br><em><strong><mark style=\"background-color:rgba(0, 0, 0, 0)\" class=\"has-inline-color has-black-color\">Vida<\/mark><\/strong>:<\/em> <em>igual<\/em> al estilo de las <em>primeras comunidades cristianas<\/em> poniendo en com\u00fan lo que somos y tenemos.<\/p>\n<\/blockquote>\n\n\n\n<hr class=\"wp-block-separator has-text-color has-alpha-channel-opacity has-background is-style-wide\" style=\"background-color:#f0990e;color:#f0990e\"\/>\n\n\n\n<h2 class=\"wp-block-heading has-text-align-left\" style=\"text-transform:uppercase\">Marta Robin<\/h2>\n\n\n\n<p class=\"has-text-align-left has-text-color has-medium-font-size\" style=\"color:#986007\"><em><strong>Una historia de amor<\/strong><\/em><\/p>\n\n\n\n<figure class=\"wp-block-image alignwide size-full\"><img loading=\"lazy\" decoding=\"async\" width=\"1350\" height=\"520\" src=\"https:\/\/i0.wp.com\/foyerdecaridad.cl\/site\/wp-content\/uploads\/2023\/09\/MartaInicio.png?fit=1350%2C520&amp;ssl=1\" alt=\"\" class=\"wp-image-867\" srcset=\"https:\/\/i0.wp.com\/foyerdecaridad.cl\/site\/wp-content\/uploads\/2023\/09\/MartaInicio.png?w=1350&amp;ssl=1 1350w, https:\/\/i0.wp.com\/foyerdecaridad.cl\/site\/wp-content\/uploads\/2023\/09\/MartaInicio.png?resize=300%2C116&amp;ssl=1 300w, https:\/\/i0.wp.com\/foyerdecaridad.cl\/site\/wp-content\/uploads\/2023\/09\/MartaInicio.png?resize=1024%2C394&amp;ssl=1 1024w, https:\/\/i0.wp.com\/foyerdecaridad.cl\/site\/wp-content\/uploads\/2023\/09\/MartaInicio.png?resize=768%2C296&amp;ssl=1 768w, https:\/\/i0.wp.com\/foyerdecaridad.cl\/site\/wp-content\/uploads\/2023\/09\/MartaInicio.png?w=1280&amp;ssl=1 1280w\" sizes=\"auto, (max-width: 640px) 100vw, 640px\" \/><\/figure>\n\n\n\n<div class=\"wp-block-columns alignwide are-vertically-aligned-center is-layout-flex wp-container-core-columns-is-layout-9d6595d7 wp-block-columns-is-layout-flex\">\n<div class=\"wp-block-column is-vertically-aligned-center is-layout-flow wp-block-column-is-layout-flow\">\n<p style=\"line-height:2\"><strong><mark style=\"background-color:rgba(0, 0, 0, 0);color:#f0990e\" class=\"has-inline-color\">Su infancia:<\/mark><\/strong><br>Nace el 13\/03\/1902 en Ch\u00e2teauneuf de Galaure (Francia). Fue la Sexta (6ta) hija de pap\u00e1s cat\u00f3licos, no practicantes, modestos campesinos. <\/p>\n\n\n\n<p style=\"line-height:2\"><strong><mark style=\"background-color:rgba(0, 0, 0, 0);color:#f0990e\" class=\"has-inline-color\">Su apostolado:<\/mark><\/strong><br>\u00abAmar y salvar almas\u00bb<\/p>\n\n\n\n<ul class=\"wp-block-list\">\n<li>La ofrenda (Ofrecimiento).<\/li>\n\n\n\n<li>El amor transfigura el dolor.<\/li>\n\n\n\n<li>La acogida en su cuarto (m\u00e1s de 100mil personas).<\/li>\n\n\n\n<li>Escucha + intercesi\u00f3n.<\/li>\n<\/ul>\n<\/div>\n\n\n\n<div class=\"wp-block-column is-vertically-aligned-center is-layout-flow wp-block-column-is-layout-flow\">\n<p style=\"line-height:2\"><strong><mark style=\"background-color:rgba(0, 0, 0, 0);color:#f0990e\" class=\"has-inline-color\">Su enfermedad:<\/mark><\/strong><br>A los 16 a\u00f1os sufre de dolores continuos de cabeza, ojos, espalda y est\u00f3mago, fiebre, v\u00f3mitos. Sacrificios por aislamiento y soledad, mejor\u00edas, reca\u00eddas, estado de coma, hemorragias. <\/p>\n\n\n\n<p style=\"line-height:2\"><strong><mark style=\"background-color:rgba(0, 0, 0, 0);color:#f0990e\" class=\"has-inline-color\">Su misi\u00f3n:<\/mark><\/strong><br>En 1930, uni\u00f3n a Jes\u00fas en su pasi\u00f3n. Recibe los estigmas: Intimidad de amor y sufrimiento con Jes\u00fas. En 1933 recibe y acepta su misi\u00f3n para que nazcan los Foyer.<\/p>\n<\/div>\n\n\n\n<div class=\"wp-block-column is-vertically-aligned-center is-layout-flow wp-block-column-is-layout-flow\"><div class=\"wp-block-image\">\n<figure class=\"aligncenter size-large is-resized\"><img data-recalc-dims=\"1\" loading=\"lazy\" decoding=\"async\" src=\"https:\/\/i0.wp.com\/foyerdecaridad.cl\/site\/wp-content\/uploads\/2023\/09\/CamaMartaBordes.png?resize=346%2C246&#038;ssl=1\" alt=\"\" class=\"wp-image-326\" style=\"width:346px;height:246px\" width=\"346\" height=\"246\" srcset=\"https:\/\/i0.wp.com\/foyerdecaridad.cl\/site\/wp-content\/uploads\/2023\/09\/CamaMartaBordes.png?resize=1024%2C726&amp;ssl=1 1024w, https:\/\/i0.wp.com\/foyerdecaridad.cl\/site\/wp-content\/uploads\/2023\/09\/CamaMartaBordes.png?resize=300%2C213&amp;ssl=1 300w, https:\/\/i0.wp.com\/foyerdecaridad.cl\/site\/wp-content\/uploads\/2023\/09\/CamaMartaBordes.png?resize=768%2C545&amp;ssl=1 768w, https:\/\/i0.wp.com\/foyerdecaridad.cl\/site\/wp-content\/uploads\/2023\/09\/CamaMartaBordes.png?resize=1536%2C1090&amp;ssl=1 1536w, https:\/\/i0.wp.com\/foyerdecaridad.cl\/site\/wp-content\/uploads\/2023\/09\/CamaMartaBordes.png?w=1748&amp;ssl=1 1748w, https:\/\/i0.wp.com\/foyerdecaridad.cl\/site\/wp-content\/uploads\/2023\/09\/CamaMartaBordes.png?w=1280&amp;ssl=1 1280w\" sizes=\"auto, (max-width: 346px) 100vw, 346px\" \/><\/figure>\n<\/div>\n\n\n<div class=\"wp-block-buttons is-content-justification-center is-layout-flex wp-container-core-buttons-is-layout-16018d1d wp-block-buttons-is-layout-flex\">\n<div class=\"wp-block-button has-custom-width wp-block-button__width-50 has-custom-font-size has-medium-font-size\"><a class=\"wp-block-button__link has-white-color has-text-color has-background has-text-align-center wp-element-button\" href=\"https:\/\/foyerdecaridad.cl\/site\/martarobin\/\" style=\"border-radius:50px;background-color:#0a819a\">Leer m\u00e1s<\/a><\/div>\n<\/div>\n<\/div>\n<\/div>\n\n\n\n<hr class=\"wp-block-separator has-text-color has-alpha-channel-opacity has-background is-style-wide\" style=\"background-color:#f0990e;color:#f0990e\"\/>\n\n\n\n<h2 class=\"wp-block-heading has-text-align-left\" style=\"text-transform:uppercase\">\u00abquiero hacer aqu\u00ed algo nuevo\u00bb<\/h2>\n\n\n\n<p class=\"has-text-align-left has-text-color has-medium-font-size\" style=\"color:#986007\"><strong><em>Dijo, <\/em><\/strong><em><strong>Jes\u00fas a Marta, sobre los Foyer de Charit\u00e9<\/strong><\/em><\/p>\n\n\n\n<figure class=\"wp-block-image size-full\"><img loading=\"lazy\" decoding=\"async\" width=\"1200\" height=\"1440\" src=\"https:\/\/i0.wp.com\/foyerdecaridad.cl\/site\/wp-content\/uploads\/2023\/09\/FoyerHacerAlgoNuevo.png?fit=1200%2C1440&amp;ssl=1\" alt=\"\" class=\"wp-image-829\" srcset=\"https:\/\/i0.wp.com\/foyerdecaridad.cl\/site\/wp-content\/uploads\/2023\/09\/FoyerHacerAlgoNuevo.png?w=1200&amp;ssl=1 1200w, https:\/\/i0.wp.com\/foyerdecaridad.cl\/site\/wp-content\/uploads\/2023\/09\/FoyerHacerAlgoNuevo.png?resize=250%2C300&amp;ssl=1 250w, https:\/\/i0.wp.com\/foyerdecaridad.cl\/site\/wp-content\/uploads\/2023\/09\/FoyerHacerAlgoNuevo.png?resize=853%2C1024&amp;ssl=1 853w, https:\/\/i0.wp.com\/foyerdecaridad.cl\/site\/wp-content\/uploads\/2023\/09\/FoyerHacerAlgoNuevo.png?resize=768%2C922&amp;ssl=1 768w\" sizes=\"auto, (max-width: 640px) 100vw, 640px\" \/><\/figure>\n\n\n\n<div class=\"wp-block-group\"><div class=\"wp-block-group__inner-container is-layout-flow wp-block-group-is-layout-flow\">\n<div style=\"height:50px\" aria-hidden=\"true\" class=\"wp-block-spacer\"><\/div>\n\n\n\n<div class=\"wp-block-group alignfull has-text-color has-background\" style=\"color:#000000;background-color:#ffffff\"><div class=\"wp-block-group__inner-container is-layout-flow wp-block-group-is-layout-flow\">\n<h2 class=\"wp-block-heading has-text-align-center has-text-color\" style=\"color:#0a819a\">EL FOYER<\/h2>\n\n\n\n<p class=\"has-text-align-center has-large-font-size\" style=\"line-height:.9\">Una novedad para nuestros tiempos<\/p>\n\n\n\n<h2 class=\"wp-block-heading has-text-align-center has-text-color\" id=\"schedule-a-visit\" style=\"color:#f0990e;font-size:50px;line-height:1.15\"><strong>La familia de Dios en la tierra<\/strong><\/h2>\n\n\n\n<div class=\"wp-block-buttons is-horizontal is-content-justification-center is-layout-flex wp-container-core-buttons-is-layout-499968f5 wp-block-buttons-is-layout-flex\">\n<div class=\"wp-block-button has-custom-width wp-block-button__width-75 has-custom-font-size has-medium-font-size\"><a class=\"wp-block-button__link has-text-color has-background has-text-align-center wp-element-button\" href=\"https:\/\/foyerdecaridad.cl\/site\/2023\/09\/16\/los-foyer-de-charite\/\" style=\"border-radius:50px;color:#ffffff;background-color:#0a819a\">Leer m\u00e1s<\/a><\/div>\n<\/div>\n<\/div><\/div>\n\n\n\n<div style=\"height:80px\" aria-hidden=\"true\" class=\"wp-block-spacer\"><\/div>\n<\/div><\/div>\n\n\n\n<figure class=\"wp-block-image alignwide size-full\"><img loading=\"lazy\" decoding=\"async\" width=\"1350\" height=\"520\" src=\"https:\/\/i0.wp.com\/foyerdecaridad.cl\/site\/wp-content\/uploads\/2023\/09\/NuevasIniciativasInicio.png?fit=1350%2C520&amp;ssl=1\" alt=\"\" class=\"wp-image-869\" srcset=\"https:\/\/i0.wp.com\/foyerdecaridad.cl\/site\/wp-content\/uploads\/2023\/09\/NuevasIniciativasInicio.png?w=1350&amp;ssl=1 1350w, https:\/\/i0.wp.com\/foyerdecaridad.cl\/site\/wp-content\/uploads\/2023\/09\/NuevasIniciativasInicio.png?resize=300%2C116&amp;ssl=1 300w, https:\/\/i0.wp.com\/foyerdecaridad.cl\/site\/wp-content\/uploads\/2023\/09\/NuevasIniciativasInicio.png?resize=1024%2C394&amp;ssl=1 1024w, https:\/\/i0.wp.com\/foyerdecaridad.cl\/site\/wp-content\/uploads\/2023\/09\/NuevasIniciativasInicio.png?resize=768%2C296&amp;ssl=1 768w, https:\/\/i0.wp.com\/foyerdecaridad.cl\/site\/wp-content\/uploads\/2023\/09\/NuevasIniciativasInicio.png?w=1280&amp;ssl=1 1280w\" sizes=\"auto, (max-width: 640px) 100vw, 640px\" \/><\/figure>\n\n\n\n<div class=\"wp-block-group\"><div class=\"wp-block-group__inner-container is-layout-flow wp-block-group-is-layout-flow\">\n<div style=\"height:32px\" aria-hidden=\"true\" class=\"wp-block-spacer\"><\/div>\n\n\n\n<div class=\"wp-block-group alignfull has-text-color has-background\" style=\"color:#000000;background-color:#ffffff\"><div class=\"wp-block-group__inner-container is-layout-flow wp-block-group-is-layout-flow\">\n<h2 class=\"wp-block-heading has-text-align-center\" id=\"schedule-a-visit\" style=\"font-size:50px;line-height:1.15;text-transform:uppercase\"><strong>Somos Foyer de luz, caridad y amor<\/strong><\/h2>\n<\/div><\/div>\n<\/div><\/div>\n\n\n\n<div class=\"wp-block-columns alignwide are-vertically-aligned-center is-layout-flex wp-container-core-columns-is-layout-9d6595d7 wp-block-columns-is-layout-flex\">\n<div class=\"wp-block-column is-vertically-aligned-center is-layout-flow wp-block-column-is-layout-flow\">\n<p class=\"has-text-align-center has-medium-font-size\" style=\"line-height:2\"><strong><mark style=\"background-color:rgba(0, 0, 0, 0);color:#f0990e\" class=\"has-inline-color\">LUZ<\/mark><\/strong><br>Por la ense\u00f1anza que se da, en especial en los retiros de 6 d\u00edas en silencio, entregando el mensaje fundamental de Cristo y de la Iglesia, dando a conocer el amor del Padre.<\/p>\n<\/div>\n\n\n\n<div class=\"wp-block-column is-vertically-aligned-center is-layout-flow wp-block-column-is-layout-flow\">\n<div style=\"height:40px\" aria-hidden=\"true\" class=\"wp-block-spacer\"><\/div>\n\n\n\n<p class=\"has-text-align-center has-medium-font-size\" style=\"line-height:2\"><strong><mark style=\"background-color:rgba(0, 0, 0, 0);color:#f0990e\" class=\"has-inline-color\">CARIDAD Y AMOR<\/mark><\/strong><br>Por nuestra vida en comunidad. Respetando nuestras diferencias, queremos testimoniar que la unidad reencontrada en Cristo es posible, y as\u00ed ser signo de esperanza para el mundo de hoy.<\/p>\n<\/div>\n<\/div>\n\n\n\n<div class=\"wp-block-buttons alignwide is-content-justification-center is-layout-flex wp-container-core-buttons-is-layout-16018d1d wp-block-buttons-is-layout-flex\">\n<div class=\"wp-block-button has-custom-width wp-block-button__width-50 has-custom-font-size has-medium-font-size\"><a class=\"wp-block-button__link has-background has-text-align-center wp-element-button\" href=\"https:\/\/foyerdecaridad.cl\/site\/2023\/09\/16\/el-foyer-de-chile\/\" style=\"background-color:#0a819a\">Leer m\u00e1s<\/a><\/div>\n<\/div>\n\n\n\n<div style=\"height:80px\" aria-hidden=\"true\" class=\"wp-block-spacer\"><\/div>\n\n\n\n<hr class=\"wp-block-separator has-text-color has-alpha-channel-opacity has-background is-style-wide\" style=\"background-color:#f0990e;color:#f0990e\"\/>\n","protected":false},"excerpt":{"rendered":"<p>Descubre la fuente del amor y de la vida en Dios \u00bfNecesitas sosiego, paz, conocerte [&hellip;]<\/p>\n","protected":false},"author":2,"featured_media":0,"parent":0,"menu_order":0,"comment_status":"closed","ping_status":"closed","template":"","meta":{"footnotes":""},"class_list":["post-22","page","type-page","status-publish","hentry"],"_links":{"self":[{"href":"https:\/\/foyerdecaridad.cl\/site\/wp-json\/wp\/v2\/pages\/22","targetHints":{"allow":["GET"]}}],"collection":[{"href":"https:\/\/foyerdecaridad.cl\/site\/wp-json\/wp\/v2\/pages"}],"about":[{"href":"https:\/\/foyerdecaridad.cl\/site\/wp-json\/wp\/v2\/types\/page"}],"author":[{"embeddable":true,"href":"https:\/\/foyerdecaridad.cl\/site\/wp-json\/wp\/v2\/users\/2"}],"replies":[{"embeddable":true,"href":"https:\/\/foyerdecaridad.cl\/site\/wp-json\/wp\/v2\/comments?post=22"}],"version-history":[{"count":199,"href":"https:\/\/foyerdecaridad.cl\/site\/wp-json\/wp\/v2\/pages\/22\/revisions"}],"predecessor-version":[{"id":1257,"href":"https:\/\/foyerdecaridad.cl\/site\/wp-json\/wp\/v2\/pages\/22\/revisions\/1257"}],"wp:attachment":[{"href":"https:\/\/foyerdecaridad.cl\/site\/wp-json\/wp\/v2\/media?parent=22"}],"curies":[{"name":"wp","href":"https:\/\/api.w.org\/{rel}","templated":true}]}}